{"id":5512,"date":"2025-12-30T14:58:28","date_gmt":"2025-12-30T14:58:28","guid":{"rendered":"https:\/\/sie7e24.es\/valquer\/politique-de-confidentialite\/"},"modified":"2026-04-17T11:19:37","modified_gmt":"2026-04-17T11:19:37","slug":"politique-de-confidentialite","status":"publish","type":"page","link":"https:\/\/info.valquer.com\/fr\/politique-de-confidentialite\/","title":{"rendered":"Politique de confidentialit\u00e9"},"content":{"rendered":"<p>[et_pb_section fb_built=\u00a0\u00bb1&Prime; _builder_version=\u00a0\u00bb4.27.5&Prime; _module_preset=\u00a0\u00bbdefault\u00a0\u00bb global_colors_info=\u00a0\u00bb{}\u00a0\u00bb theme_builder_area=\u00a0\u00bbpost_content\u00a0\u00bb][et_pb_row _builder_version=\u00a0\u00bb4.27.5&Prime; _module_preset=\u00a0\u00bbdefault\u00a0\u00bb global_colors_info=\u00a0\u00bb{}\u00a0\u00bb theme_builder_area=\u00a0\u00bbpost_content\u00a0\u00bb][et_pb_column type=\u00a0\u00bb4_4&Prime; _builder_version=\u00a0\u00bb4.27.5&Prime; _module_preset=\u00a0\u00bbdefault\u00a0\u00bb global_colors_info=\u00a0\u00bb{}\u00a0\u00bb theme_builder_area=\u00a0\u00bbpost_content\u00a0\u00bb][et_pb_text _builder_version=\u00a0\u00bb4.27.5&Prime; _module_preset=\u00a0\u00bbdefault\u00a0\u00bb header_text_align=\u00a0\u00bbcenter\u00a0\u00bb header_font_size=\u00a0\u00bb60px\u00a0\u00bb hover_enabled=\u00a0\u00bb0&Prime; global_colors_info=\u00a0\u00bb{}\u00a0\u00bb theme_builder_area=\u00a0\u00bbpost_content\u00a0\u00bb sticky_enabled=\u00a0\u00bb0&Prime;]<\/p>\n<h1>Politique de confidentialit\u00e9<\/h1>\n<p><\/p>\n<p>&nbsp;<\/p>\n<p><\/p>\n<h2>1. Qui sommes-nous ?<\/h2>\n<p><\/p>\n<p>Nous sommes Valquer Laboratorios S.L.U. et nous traitons vos donn\u00e9es personnelles en tant que responsable du traitement. Cela signifie que nous sommes responsables de la mani\u00e8re dont nous utilisons et prot\u00e9geons vos donn\u00e9es.<\/p>\n<p><\/p>\n<h2>2. \u00c0 quoi servent vos donn\u00e9es ?<\/h2>\n<p><\/p>\n<p>Nous utiliserons vos donn\u00e9es, entre autres finalit\u00e9s, pour g\u00e9rer votre inscription en tant qu\u2019utilisateur, g\u00e9rer l\u2019achat de produits, r\u00e9pondre \u00e0 vos questions, ainsi que, si vous le souhaitez, vous envoyer nos communications personnalis\u00e9es.<\/p>\n<p><\/p>\n<h2>3. Pourquoi les utilisons-nous ?<\/h2>\n<p><\/p>\n<p>Nous sommes autoris\u00e9s \u00e0 traiter vos donn\u00e9es pour diff\u00e9rentes raisons. La principale est que nous devons les traiter pour ex\u00e9cuter le contrat que vous acceptez avec nous lorsque vous vous inscrivez et lorsque vous effectuez un achat ou profitez de l\u2019un de nos services ou fonctionnalit\u00e9s. Il existe \u00e9galement d\u2019autres raisons qui nous y autorisent, comme l\u2019int\u00e9r\u00eat de r\u00e9pondre \u00e0 vos demandes ou le consentement que vous nous accordez pour vous envoyer nos newsletters, entre autres.<\/p>\n<p><\/p>\n<h2>4. Avec qui partageons-nous vos donn\u00e9es ?<\/h2>\n<p><\/p>\n<p>Nous partagerons vos donn\u00e9es avec des prestataires de services qui nous aident ou nous assistent, ou avec des collaborateurs externes avec lesquels nous avons conclu un accord, situ\u00e9s au sein ou en dehors de l\u2019Union europ\u00e9enne.<\/p>\n<p><\/p>\n<h2>5. Vos droits<\/h2>\n<p><\/p>\n<p>Vous avez le droit d\u2019acc\u00e9der \u00e0 vos donn\u00e9es personnelles, de les rectifier ou de les supprimer. Dans certains cas, vous disposez \u00e9galement d\u2019autres droits, par exemple celui de vous opposer \u00e0 l\u2019utilisation de vos donn\u00e9es ou de demander leur portabilit\u00e9, comme nous l\u2019expliquons en d\u00e9tail plus loin.<\/p>\n<p><\/p>\n<p>Vous pouvez lire notre Politique de confidentialit\u00e9 compl\u00e8te ci-dessous afin de comprendre en d\u00e9tail l\u2019utilisation que nous ferons de vos donn\u00e9es personnelles et les droits dont vous disposez \u00e0 leur \u00e9gard.<\/p>\n<p><\/p>\n<h2>Avant de commencer :<\/h2>\n<p><\/p>\n<p>Dans cette Politique de confidentialit\u00e9, vous trouverez toutes les informations pertinentes applicables \u00e0 l\u2019utilisation que Valquer Laboratorios S.L.U. fait des donn\u00e9es personnelles de nos clients et utilisateurs qui les utilisent pour interagir avec nous.<br \/>Nous sommes transparents quant \u00e0 ce que nous faisons de vos donn\u00e9es personnelles afin que vous compreniez les implications des traitements que nous effectuons et les droits dont vous disposez \u00e0 l\u2019\u00e9gard de vos donn\u00e9es. \u00c0 cette fin, nous mettons en permanence \u00e0 votre disposition toutes les informations dans cette Politique de confidentialit\u00e9, que vous pouvez consulter \u00e0 tout moment, et vous trouverez \u00e9galement des informations concernant chaque traitement de vos donn\u00e9es personnelles au fur et \u00e0 mesure de vos interactions avec nous.<\/p>\n<p><\/p>\n<h3>Qui est le responsable du traitement de vos donn\u00e9es ?<\/h3>\n<p><\/p>\n<p>Conform\u00e9ment \u00e0 l\u2019article 10 de la Loi 34\/2002, du 11 juillet, relative aux services de la soci\u00e9t\u00e9 de l\u2019information et au commerce \u00e9lectronique, ainsi qu\u2019aux dispositions du R\u00e8glement (UE) 2016\/679 et de la Loi organique 3\/2018 relative \u00e0 la protection des donn\u00e9es personnelles et \u00e0 la garantie des droits num\u00e9riques, nous vous informons que les responsables du traitement de vos donn\u00e9es sont :<br \/>Valquer Laboratorios S.L.U. S.L.U., ci-apr\u00e8s Valquer Laboratorios, avec le CIF n\u00b0 B78094489 et situ\u00e9 \u00e0 Polg. Ind. La Dehesilla, 33, 45440 Villaminaya (Toledo). Courriel : info@valquer.com.<\/p>\n<p><\/p>\n<h3>Dans quel but traitons-nous vos donn\u00e9es personnelles ?<\/h3>\n<p><\/p>\n<p>Selon les produits, services ou fonctionnalit\u00e9s dont vous souhaitez b\u00e9n\u00e9ficier \u00e0 chaque moment, nous devrons traiter certaines donn\u00e9es ou d\u2019autres, qui, en g\u00e9n\u00e9ral, seront, selon le cas, les suivantes :<\/p>\n<p><\/p>\n<ul>\n<li>Vos donn\u00e9es d\u2019identification (par exemple, votre pr\u00e9nom, nom, coordonn\u00e9es, etc.)<\/li>\n<li>Informations \u00e9conomiques et transactionnelles (par exemple, vos donn\u00e9es de paiement ou de carte, des informations concernant vos achats, commandes, retours, etc.) ;<\/li>\n<li>Donn\u00e9es de connexion et de navigation ;<\/li>\n<li>Informations commerciales (par exemple, si vous \u00eates abonn\u00e9 \u00e0 notre newsletter), donn\u00e9es sur vos go\u00fbts et pr\u00e9f\u00e9rences.<\/li>\n<\/ul>\n<p><\/p>\n<p>N\u2019oubliez pas que lorsque nous vous demandons de renseigner vos donn\u00e9es personnelles pour vous donner acc\u00e8s \u00e0 une fonctionnalit\u00e9 ou \u00e0 un service du site, nous indiquerons certains champs comme obligatoires, car ce sont des donn\u00e9es dont nous avons besoin pour pouvoir vous fournir le service ou vous donner acc\u00e8s \u00e0 la fonctionnalit\u00e9 concern\u00e9e. Veuillez noter que si vous d\u00e9cidez de ne pas nous fournir ces donn\u00e9es, il est possible que vous ne puissiez pas finaliser votre inscription en tant qu\u2019utilisateur ou b\u00e9n\u00e9ficier de ces services ou fonctionnalit\u00e9s.<\/p>\n<p><\/p>\n<p>Selon la mani\u00e8re dont vous interagissez avec notre site, nous traiterons vos donn\u00e9es personnelles aux fins suivantes :<\/p>\n<p><\/p>\n<ul>\n<li>G\u00e9rer votre inscription en tant qu\u2019utilisateur du site.<\/li>\n<li>D\u00e9velopper, ex\u00e9cuter et assurer le respect du contrat de vente ou de services que vous avez conclu avec Nous sur le site.<\/li>\n<li>Naviguer sur le site et utiliser nos supports num\u00e9riques : Nous traitons les informations afin de permettre et de faciliter votre acc\u00e8s et votre navigation sur nos supports num\u00e9riques, ainsi que pour vous fournir les services que nous proposons par leur interm\u00e9diaire.<\/li>\n<li>Am\u00e9liorer les services que nous offrons et la s\u00e9curit\u00e9 : Nous utilisons \u00e9galement les informations pour assurer la maintenance, l\u2019am\u00e9lioration et l\u2019efficacit\u00e9 de nos services et supports num\u00e9riques qui nous permettent de d\u00e9velopper de nouvelles fonctionnalit\u00e9s, de prot\u00e9ger la s\u00e9curit\u00e9 de vos donn\u00e9es et de nos supports num\u00e9riques, et de d\u00e9tecter et pr\u00e9venir la fraude dans les transactions.<\/li>\n<\/ul>\n<p><\/p>\n<p>Si vous d\u00e9cidez de vous inscrire en tant qu\u2019utilisateur sur notre site, nous devons traiter vos donn\u00e9es afin de vous identifier en tant qu\u2019utilisateur et de vous donner acc\u00e8s aux diff\u00e9rentes fonctionnalit\u00e9s, produits et services mis \u00e0 votre disposition en tant qu\u2019utilisateur enregistr\u00e9. Vous pouvez supprimer votre compte d\u2019utilisateur enregistr\u00e9 en nous contactant via le Service Client. Cette finalit\u00e9 inclut le traitement de vos donn\u00e9es afin, principalement, de :<\/p>\n<p><\/p>\n<ol>\n<li>Vous contacter au sujet de mises \u00e0 jour ou de communications informatives li\u00e9es aux fonctionnalit\u00e9s, produits ou services souscrits, y compris l\u2019envoi d\u2019enqu\u00eates de satisfaction sur les produits ou services fournis.<\/li>\n<li>G\u00e9rer le paiement des produits que vous achetez, quel que soit le moyen de paiement utilis\u00e9. Par exemple :<\/li>\n<ul>\n<li>Si, lors de l\u2019achat de l\u2019un de nos produits via le Site, vous choisissez d\u2019activer la fonctionnalit\u00e9 d\u2019enregistrement de vos donn\u00e9es de carte pour de futurs achats, nous devons traiter les donn\u00e9es indiqu\u00e9es pour l\u2019activation et le fonctionnement de cette fonctionnalit\u00e9. Le consentement \u00e0 l\u2019activation de cette fonctionnalit\u00e9 permet l\u2019affichage de vos donn\u00e9es de paiement en saisie automatique lors d\u2019achats ult\u00e9rieurs afin que vous n\u2019ayez pas \u00e0 les saisir \u00e0 nouveau \u00e0 chaque nouveau processus, et elles seront consid\u00e9r\u00e9es comme valides et en vigueur pour de futurs achats. Vous pourrez modifier ou supprimer vos cartes \u00e0 tout moment via la section correspondante aux informations de paiement.<\/li>\n<li>Activer les m\u00e9canismes n\u00e9cessaires afin de pr\u00e9venir les fraudes potentielles contre vous et contre Valquer Laboratorios S.L.U. pendant le processus d\u2019achat. Si nous consid\u00e9rons que l\u2019op\u00e9ration peut \u00eatre frauduleuse, ce traitement peut entra\u00eener le blocage de la transaction.<\/li>\n<li>G\u00e9rer d\u2019\u00e9ventuels retours une fois l\u2019achat effectu\u00e9 et g\u00e9rer les demandes d\u2019information sur la disponibilit\u00e9 de nos produits, les r\u00e9servations de produits via le Site, selon que ces options soient disponibles \u00e0 tout moment.<\/li>\n<li>\u00c0 des fins de facturation et pour mettre \u00e0 votre disposition les tickets et factures des achats r\u00e9alis\u00e9s sur le Site.<\/li>\n<li>Vous garantir l\u2019utilisation d\u2019autres fonctionnalit\u00e9s ou services disponibles, tels que l\u2019achat, la gestion et le chat activ\u00e9.<\/li>\n<li>Traiter les demandes ou requ\u00eates que vous effectuez via les canaux du Service Client. Nous ne traitons que les donn\u00e9es personnelles strictement n\u00e9cessaires \u00e0 la gestion ou \u00e0 la r\u00e9solution de votre demande ou requ\u00eate.<\/li>\n<li>\u00c0 des fins de marketing. Cette finalit\u00e9 inclut le traitement de vos donn\u00e9es afin, principalement, de :<\/li>\n<li>Dans la mesure o\u00f9 vous vous abonnez \u00e0 notre Newsletter, nous traiterons vos donn\u00e9es personnelles pour g\u00e9rer votre abonnement, y compris l\u2019envoi d\u2019informations personnalis\u00e9es sur nos produits ou services par diff\u00e9rents moyens. De m\u00eame, nous pourrons vous faire parvenir ces informations via des notifications push si vous les avez activ\u00e9es sur votre appareil mobile.<\/li>\n<li>N\u2019oubliez pas que vous pouvez vous d\u00e9sabonner de la Newsletter \u00e0 tout moment et sans frais via la section \u00ab Newsletter \u00bb de la Plateforme, ainsi que via les indications fournies dans chaque communication.<\/li>\n<li>R\u00e9aliser des actions promotionnelles. En participant \u00e0 une action promotionnelle, vous nous autorisez \u00e0 traiter les donn\u00e9es que vous nous fournissez en fonction de chaque action promotionnelle et \u00e0 les communiquer via diff\u00e9rents supports, tels que les r\u00e9seaux sociaux ou la Plateforme elle-m\u00eame. Pour chaque action promotionnelle \u00e0 laquelle vous participez, vous disposerez des bases l\u00e9gales o\u00f9 nous vous fournirons des informations plus d\u00e9taill\u00e9es sur le traitement de vos donn\u00e9es.<\/li>\n<li>Diffuser sur le Site ou via nos canaux sur les r\u00e9seaux sociaux des photographies ou images que vous avez partag\u00e9es publiquement, \u00e0 condition que vous nous donniez votre consentement pour cela.<\/li>\n<li>Analyse de l\u2019ergonomie (usabilit\u00e9) et de la qualit\u00e9 afin d\u2019am\u00e9liorer nos services.<\/li>\n<\/ul>\n<\/ol>\n<p><\/p>\n<p>Si vous acc\u00e9dez \u00e0 notre Site, nous vous informons que nous traiterons vos donn\u00e9es de navigation \u00e0 des fins d\u2019analyse et de statistiques, c\u2019est-\u00e0-dire pour comprendre la mani\u00e8re dont les utilisateurs interagissent avec notre Site et ainsi pouvoir y apporter des am\u00e9liorations.<br \/>De m\u00eame, nous r\u00e9alisons parfois des actions et enqu\u00eates de satisfaction visant \u00e0 conna\u00eetre le degr\u00e9 de satisfaction de nos clients et utilisateurs et \u00e0 d\u00e9tecter les domaines dans lesquels nous pouvons nous am\u00e9liorer.<\/p>\n<p><\/p>\n<h3>Quelle est la base juridique du traitement de vos donn\u00e9es ?<\/h3>\n<p><\/p>\n<p>La base juridique qui nous permet de traiter vos donn\u00e9es personnelles d\u00e9pend \u00e9galement de la finalit\u00e9 pour laquelle nous les traitons. Et la finalit\u00e9 est :<\/p>\n<p><\/p>\n<p><strong>1. G\u00e9rer votre inscription en tant qu\u2019utilisateur du Site<\/strong><br \/>Le traitement de vos donn\u00e9es est n\u00e9cessaire pour ex\u00e9cuter les conditions qui r\u00e9gissent l\u2019utilisation de la Plateforme. En d\u2019autres termes, pour que vous puissiez vous inscrire en tant qu\u2019utilisateur sur le Site, nous devons traiter vos donn\u00e9es personnelles, faute de quoi nous ne pourrions pas g\u00e9rer votre inscription. Si vous choisissez d\u2019utiliser l\u2019acc\u00e8s ou la connexion via un r\u00e9seau social, la raison pour laquelle nous sommes autoris\u00e9s \u00e0 traiter vos donn\u00e9es est le consentement que vous donnez au moment d\u2019autoriser le transfert de vos donn\u00e9es depuis le r\u00e9seau social.<\/p>\n<p><\/p>\n<p><strong>2. D\u00e9veloppement, ex\u00e9cution et respect du contrat d\u2019achat de nos produits<\/strong><br \/>Le traitement de vos donn\u00e9es est n\u00e9cessaire pour ex\u00e9cuter le contrat de vente ou de prestation de services qui nous lie \u00e0 vous. Il est possible que certains traitements de donn\u00e9es li\u00e9s au processus d\u2019achat ne soient activ\u00e9s que parce que vous le demandez ou que vous nous y autorisez, comme l\u2019enregistrement des donn\u00e9es de paiement (carte) pour de futurs achats ou pour vous informer de la disponibilit\u00e9 de nos produits. Dans ces cas, la base sur laquelle nous traitons vos donn\u00e9es est votre consentement. Nous consid\u00e9rons que nous avons un int\u00e9r\u00eat l\u00e9gitime \u00e0 effectuer les v\u00e9rifications n\u00e9cessaires pour d\u00e9tecter et pr\u00e9venir d\u2019\u00e9ventuelles fraudes lorsque vous effectuez un achat. Nous estimons que le traitement de ces donn\u00e9es est positif pour toutes les parties impliqu\u00e9es lors du paiement d\u2019un achat et, en particulier, pour vous, car il nous permet de mettre en place des mesures pour vous prot\u00e9ger contre des tentatives de fraude r\u00e9alis\u00e9es par des tiers.<\/p>\n<p><\/p>\n<p><strong>3. Service Client<\/strong><br \/>Nous consid\u00e9rons que nous avons un int\u00e9r\u00eat l\u00e9gitime \u00e0 traiter les demandes ou questions que vous nous adressez via les diff\u00e9rents moyens de contact disponibles. Nous estimons que le traitement de ces donn\u00e9es est \u00e9galement b\u00e9n\u00e9fique pour vous, car il nous permet de vous assister correctement et de r\u00e9soudre vos questions. Lorsque vous nous contactez, en particulier, pour la gestion d\u2019incidents li\u00e9s \u00e0 votre commande ou au produit\/service acquis via le Site, le traitement est n\u00e9cessaire \u00e0 l\u2019ex\u00e9cution du contrat de vente. Lorsque votre demande concerne l\u2019exercice des droits dont nous vous informons ci-dessous, ou des r\u00e9clamations relatives \u00e0 nos produits ou services, la base juridique qui nous autorise \u00e0 traiter vos donn\u00e9es est le respect de nos obligations l\u00e9gales.<\/p>\n<p><\/p>\n<p><strong>4. Marketing<\/strong><br \/>La base l\u00e9gale du traitement de vos donn\u00e9es \u00e0 des fins de marketing est le consentement que vous nous accordez, par exemple lorsque vous acceptez de recevoir des informations personnalis\u00e9es via diff\u00e9rents moyens ou lorsque vous acceptez les bases l\u00e9gales pour participer \u00e0 une action promotionnelle.<\/p>\n<p><\/p>\n<p><strong>5. Analyse d\u2019usabilit\u00e9 et de qualit\u00e9<\/strong><br \/>Nous consid\u00e9rons que nous avons un int\u00e9r\u00eat l\u00e9gitime \u00e0 analyser l\u2019ergonomie du Site et le degr\u00e9 de satisfaction des utilisateurs, car nous estimons que le traitement de ces donn\u00e9es est \u00e9galement b\u00e9n\u00e9fique pour vous, puisque l\u2019objectif est d\u2019am\u00e9liorer l\u2019exp\u00e9rience utilisateur et d\u2019offrir un service de meilleure qualit\u00e9.<\/p>\n<p><\/p>\n<h3>Pendant combien de temps conserverons-nous vos donn\u00e9es ?<\/h3>\n<p><\/p>\n<p>La dur\u00e9e de conservation de vos donn\u00e9es d\u00e9pendra des finalit\u00e9s pour lesquelles nous les traitons, comme expliqu\u00e9 ci-dessous :<\/p>\n<p><\/p>\n<p><strong>1. G\u00e9rer votre inscription en tant qu\u2019utilisateur du Site.<\/strong><br \/>Nous traiterons vos donn\u00e9es pendant la dur\u00e9e o\u00f9 vous conserverez la qualit\u00e9 d\u2019utilisateur enregistr\u00e9 (c\u2019est-\u00e0-dire jusqu\u2019\u00e0 ce que vous d\u00e9cidiez de vous d\u00e9sinscrire).<\/p>\n<p><\/p>\n<p><strong>2. D\u00e9veloppement, ex\u00e9cution et respect du contrat de vente relatif \u00e0 l\u2019achat de nos produits.<\/strong><\/p>\n<p><\/p>\n<p>Nous traiterons vos donn\u00e9es pendant le temps n\u00e9cessaire pour g\u00e9rer l\u2019achat des produits que vous avez acquis, y compris d\u2019\u00e9ventuels retours, plaintes ou r\u00e9clamations associ\u00e9es \u00e0 l\u2019achat du produit. Dans certains cas, nous ne traiterons les donn\u00e9es que jusqu\u2019au moment o\u00f9 vous le d\u00e9ciderez, comme c\u2019est le cas des donn\u00e9es de paiement (carte) que vous nous avez demand\u00e9 d\u2019enregistrer pour de futurs achats \u00e9ventuels.<\/p>\n<p><\/p>\n<p><strong>3 Service Client<\/strong><br \/>Nous traiterons vos donn\u00e9es pendant le temps n\u00e9cessaire pour traiter votre demande ou requ\u00eate.<\/p>\n<p><\/p>\n<p><strong>4. Marketing.<\/strong><br \/>Nous traiterons vos donn\u00e9es jusqu\u2019\u00e0 ce que vous vous d\u00e9sabonniez ou annuliez votre abonnement \u00e0 la newsletter. Si vous participez \u00e0 des actions promotionnelles, nous conserverons vos donn\u00e9es pendant un d\u00e9lai de six (6) mois \u00e0 compter de la fin de l\u2019action.<\/p>\n<p><\/p>\n<p>Analyse d\u2019usabilit\u00e9 et de qualit\u00e9.<br \/>Nous traiterons vos donn\u00e9es ponctuellement pendant le temps n\u00e9cessaire \u00e0 la r\u00e9alisation d\u2019une action ou enqu\u00eate de satisfaction sp\u00e9cifique, ou jusqu\u2019\u00e0 l\u2019anonymisation de vos donn\u00e9es de navigation.<\/p>\n<p><\/p>\n<h3>Partagerons-nous vos donn\u00e9es avec des tiers ?<\/h3>\n<p><\/p>\n<p>Nous prot\u00e9geons les informations que nous recueillons en mettant en place les mesures de s\u00e9curit\u00e9 techniques et administratives pr\u00e9vues par les normes l\u00e9gales apr\u00e8s avoir r\u00e9alis\u00e9 l\u2019analyse de risques correspondante, de sorte que les informations soient prot\u00e9g\u00e9es contre l\u2019acc\u00e8s, l\u2019indisponibilit\u00e9, la divulgation ou l\u2019utilisation non autoris\u00e9e.<\/p>\n<p><\/p>\n<p>Votre information personnelle ne peut \u00eatre consult\u00e9e que par nos employ\u00e9s, qui connaissent les usages pour lesquels ils peuvent l\u2019utiliser et leurs limites, par les autorit\u00e9s publiques et judiciaires comp\u00e9tentes lorsqu\u2019elles nous la requi\u00e8rent et que la r\u00e9glementation applicable l\u2019exige, et par d\u2019autres entreprises fournisseurs afin de vous fournir les services que vous nous avez demand\u00e9s.<\/p>\n<p><\/p>\n<p>Chacune de ces entreprises s\u2019engage \u00e0 utiliser vos donn\u00e9es uniquement et exclusivement \u00e0 ces fins et \u00e0 ne les utiliser \u00e0 aucune autre fin, de sorte qu\u2019une fois la prestation termin\u00e9e, elles sont tenues de supprimer les informations obtenues ou de les conserver d\u00fbment bloqu\u00e9es et prot\u00e9g\u00e9es, sans pouvoir les utiliser, tant qu\u2019elles peuvent \u00eatre n\u00e9cessaires au respect d\u2019une obligation l\u00e9gale ou \u00e0 l\u2019exercice ou la d\u00e9fense de r\u00e9clamations contractuelles devant \u00eatre trait\u00e9es.<\/p>\n<p><\/p>\n<p>Dans les cas o\u00f9 ces entreprises se trouvent dans un pays n\u2019offrant pas un niveau de protection des donn\u00e9es similaire au n\u00f4tre, nous nous assurons qu\u2019elles respectent les mesures de s\u00e9curit\u00e9 n\u00e9cessaires et \u00e9quivalentes aux n\u00f4tres, \u00e9tablies par les normes l\u00e9gales applicables. C\u2019est notamment le cas des entreprises situ\u00e9es aux \u00c9tats-Unis, qui seront r\u00e9gies par le Privacy Shield (accord entre l\u2019Europe et les \u00c9tats-Unis).<\/p>\n<p><\/p>\n<h3>Quels sont vos droits lorsque vous nous fournissez vos donn\u00e9es ?<\/h3>\n<p><\/p>\n<p>Nous nous engageons \u00e0 respecter la confidentialit\u00e9 de vos donn\u00e9es personnelles et \u00e0 vous garantir l\u2019exercice de vos droits. Chez Valquer Laboratorios S.L.U., nous avons convenu que vous pouvez exercer ces droits gratuitement en nous envoyant un courriel \u00e0 l\u2019adresse info@valquer.com, en indiquant simplement le motif de votre demande et le droit que vous souhaitez exercer.<\/p>\n<p><\/p>\n<p>Si nous le jugeons n\u00e9cessaire pour vous identifier, nous pourrons vous demander une copie d\u2019un document prouvant votre identit\u00e9.<\/p>\n<p><\/p>\n<p>En particulier, ind\u00e9pendamment de la finalit\u00e9 ou de la base juridique au titre de laquelle nous traitons vos donn\u00e9es, vous avez le droit de :<\/p>\n<p><\/p>\n<ul>\n<li>Nous demander l\u2019acc\u00e8s aux donn\u00e9es que nous d\u00e9tenons \u00e0 votre sujet. Nous vous rappelons qu\u2019en tant qu\u2019utilisateur enregistr\u00e9 sur le Site, vous pouvez \u00e9galement consulter ces informations dans la section correspondante \u00e0 vos donn\u00e9es personnelles.<\/li>\n<li>Nous demander de rectifier les donn\u00e9es que nous d\u00e9tenons d\u00e9j\u00e0. N\u2019oubliez pas qu\u2019en tant qu\u2019utilisateur enregistr\u00e9 sur le Site, vous pouvez \u00e9galement acc\u00e9der \u00e0 la section correspondante des donn\u00e9es personnelles de votre compte afin de modifier ou mettre \u00e0 jour vos donn\u00e9es personnelles. Dans tous les cas, veuillez noter qu\u2019en nous fournissant activement vos donn\u00e9es personnelles par quelque moyen que ce soit, vous garantissez qu\u2019elles sont vraies et exactes et vous vous engagez \u00e0 nous notifier toute modification. Toute perte ou dommage caus\u00e9 au Site, au responsable du Site ou \u00e0 un tiers du fait de la communication d\u2019informations erron\u00e9es, inexactes ou incompl\u00e8tes dans les formulaires d\u2019inscription sera de la responsabilit\u00e9 exclusive de l\u2019utilisateur. Veuillez vous rappeler qu\u2019en r\u00e8gle g\u00e9n\u00e9rale, vous ne devez nous fournir que vos propres donn\u00e9es personnelles, et non celles de tiers, sauf dans les cas autoris\u00e9s par la pr\u00e9sente Politique de confidentialit\u00e9 et de cookies.<\/li>\n<li>Nous demander la suppression de vos donn\u00e9es dans la mesure o\u00f9 elles ne sont plus n\u00e9cessaires \u00e0 la finalit\u00e9 pour laquelle nous devons les traiter, comme indiqu\u00e9 ci-dessus, ou lorsque nous ne disposons plus d\u2019une base l\u00e9gale pour le faire.<\/li>\n<li>Nous demander la limitation du traitement de vos donn\u00e9es, ce qui signifie que, dans certains cas, vous pouvez nous demander de suspendre temporairement le traitement des donn\u00e9es ou de les conserver au-del\u00e0 du temps n\u00e9cessaire lorsque vous pourriez en avoir besoin. Si vous nous avez donn\u00e9 votre consentement au traitement de vos donn\u00e9es \u00e0 quelque fin que ce soit, vous avez \u00e9galement le droit de le retirer \u00e0 tout moment. Lorsque notre base l\u00e9gale de traitement est votre consentement ou l\u2019ex\u00e9cution du contrat, vous aurez \u00e9galement le droit de demander la portabilit\u00e9 de vos donn\u00e9es personnelles. Cela signifie que vous aurez le droit de recevoir les donn\u00e9es<\/li>\n<li>personnelles que vous nous avez fournies dans un format structur\u00e9, couramment utilis\u00e9 et lisible par machine, afin de pouvoir les transmettre directement \u00e0 une autre entit\u00e9, lorsque cela est techniquement possible.<\/li>\n<\/ul>\n<p><\/p>\n<p>D\u2019autre part, lorsque le traitement de vos donn\u00e9es est fond\u00e9 sur notre int\u00e9r\u00eat l\u00e9gitime, vous aurez \u00e9galement le droit de vous opposer au traitement de vos donn\u00e9es.<\/p>\n<p><\/p>\n<p>Enfin, nous vous informons de votre droit de d\u00e9poser une r\u00e9clamation aupr\u00e8s de l\u2019autorit\u00e9 de contr\u00f4le comp\u00e9tente en mati\u00e8re de protection des donn\u00e9es, en particulier aupr\u00e8s de : l\u2019Agence espagnole de protection des donn\u00e9es (AEPD) (<a href=\"https:\/\/www.agpd.es\/portalwebAGPD\/index-ides-idphp.php\" target=\"_blank\" rel=\"noopener\">https:\/\/www.agpd.es\/portalwebAGPD\/index-ides-idphp.php<\/a>).<\/p>\n<p><\/p>\n<h3>Que se passe-t-il si vous nous fournissez des donn\u00e9es de tiers ?<\/h3>\n<p><\/p>\n<p>Si vous nous fournissez des Donn\u00e9es personnelles de tiers, vous garantissez les avoir inform\u00e9s des finalit\u00e9s et de la mani\u00e8re dont nous devons traiter leurs donn\u00e9es personnelles.<\/p>\n<p><\/p>\n<p><strong>CONFIDENTIALIT\u00c9 ET DESTRUCTION DOCUMENTAIRE<\/strong><\/p>\n<p><\/p>\n<p><strong>Secret professionnel.<\/strong><\/p>\n<p><\/p>\n<p>Valquer Laboratorios S.L.U. et les collaborateurs qui travaillent avec nous et qui seraient intervenus d\u2019une quelconque mani\u00e8re dans les services fournis s\u2019engagent \u00e0 ne pas divulguer ni faire usage des informations auxquelles ils ont eu acc\u00e8s du fait de leur profession. Les informations que vous nous fournissez auront, dans tous les cas, un caract\u00e8re confidentiel et ne pourront \u00eatre utilis\u00e9es \u00e0 d\u2019autres fins que celles li\u00e9es aux services contract\u00e9s avec Valquer Laboratorios S.L.U.<\/p>\n<p><\/p>\n<p><strong>Destruction documentaire.<\/strong><\/p>\n<p><\/p>\n<p>Afin de pr\u00e9server et de garantir la confidentialit\u00e9, Valquer Laboratorios S.L.U. s\u2019engage \u00e0 d\u00e9truire toute information confidentielle \u00e0 laquelle elle a eu acc\u00e8s dans le cadre d\u2019une prestation de services lorsqu\u2019elle n\u2019est plus n\u00e9cessaire \u00e0 la finalit\u00e9 pour laquelle elle a \u00e9t\u00e9 collect\u00e9e, sauf s\u2019il existe une obligation l\u00e9gale de conservation. Si vous souhaitez conserver l\u2019original ou une copie de ces informations, vous devrez l\u2019imprimer ou l\u2019enregistrer par vos propres moyens, ou vous rendre au si\u00e8ge de Valquer Laboratorios S.L.U. pour la r\u00e9cup\u00e9rer avant sa destruction.<\/p>\n<p><\/p>\n<p><strong>MODIFICATIONS DE CETTE POLITIQUE DE CONFIDENTIALIT\u00c9<\/strong><\/p>\n<p><\/p>\n<p>Nous nous r\u00e9servons le droit de modifier cette politique de confidentialit\u00e9 \u00e0 tout moment ; veuillez donc la consulter fr\u00e9quemment. Les changements et clarifications entreront en vigueur imm\u00e9diatement apr\u00e8s leur publication sur le site web. Si nous apportons des modifications substantielles \u00e0 cette politique, nous vous en informerons ici afin que vous sachiez quelles informations nous recueillons, comment et dans quelles circonstances, le cas \u00e9ch\u00e9ant, nous les utilisons et\/ou les divulguons.<\/p>\n<p><\/p>\n<p>Si notre boutique est acquise ou fusionn\u00e9e avec une autre entreprise, vos informations pourront \u00eatre transf\u00e9r\u00e9es aux nouveaux propri\u00e9taires afin que nous puissions continuer \u00e0 vous vendre des produits.<\/p>\n<p><\/p>\n<p><strong>KLARNA<\/strong><\/p>\n<p><\/p>\n<p>Afin de vous proposer les moyens de paiement Klarna, au moment du paiement, nous pourrions transmettre \u00e0 Klarna, durant le processus d\u2019achat, vos donn\u00e9es personnelles incluses dans le formulaire de contact et les d\u00e9tails des commandes, afin que Klarna puisse \u00e9valuer si vous r\u00e9pondez aux exigences pour acc\u00e9der \u00e0 ses moyens de paiement et adapter ces moyens de paiement \u00e0 votre profil. Vos donn\u00e9es personnelles sont trait\u00e9es conform\u00e9ment \u00e0 la politique de confidentialit\u00e9 de Klarna.<\/p>\n<p>[\/et_pb_text][\/et_pb_column][\/et_pb_row][\/et_pb_section]<\/p>\n","protected":false},"excerpt":{"rendered":"<p>Politique de confidentialit\u00e9&nbsp;1. Qui sommes-nous ?Nous sommes Valquer Laboratorios S.L.U. et nous traitons vos donn\u00e9es personnelles en tant que responsable du traitement. Cela signifie que nous sommes responsables de la mani\u00e8re dont nous utilisons et prot\u00e9geons vos donn\u00e9es.2. \u00c0 quoi servent vos donn\u00e9es ?Nous utiliserons vos donn\u00e9es, entre autres finalit\u00e9s, pour g\u00e9rer votre inscription en [&hellip;]<\/p>\n","protected":false},"author":1,"featured_media":0,"parent":0,"menu_order":0,"comment_status":"closed","ping_status":"closed","template":"","meta":{"_et_pb_use_builder":"on","_et_pb_old_content":"","_et_gb_content_width":"","footnotes":""},"dipi_cpt_category":[],"class_list":["post-5512","page","type-page","status-publish","hentry"],"yoast_head":"<!-- This site is optimized with the Yoast SEO Premium plugin v26.8 (Yoast SEO v26.8) - https:\/\/yoast.com\/product\/yoast-seo-premium-wordpress\/ -->\n<title>Politique de confidentialit\u00e9 | Valquer\u00ae Laboratorios<\/title>\n<meta name=\"description\" content=\"La politique de confidentialit\u00e9 de Valquer contient des informations sur le traitement des donn\u00e9es personnelles, les droits des utilisateurs et l&#039;utilisation des informations.\" \/>\n<meta name=\"robots\" content=\"index, follow, max-snippet:-1, max-image-preview:large, max-video-preview:-1\" \/>\n<link rel=\"canonical\" href=\"https:\/\/info.valquer.com\/fr\/politique-de-confidentialite\/\" \/>\n<meta property=\"og:locale\" content=\"fr_FR\" \/>\n<meta property=\"og:type\" content=\"article\" \/>\n<meta property=\"og:title\" content=\"Politique de confidentialit\u00e9\" \/>\n<meta property=\"og:description\" content=\"La politique de confidentialit\u00e9 de Valquer contient des informations sur le traitement des donn\u00e9es personnelles, les droits des utilisateurs et l&#039;utilisation des informations.\" \/>\n<meta property=\"og:url\" content=\"https:\/\/info.valquer.com\/fr\/politique-de-confidentialite\/\" \/>\n<meta property=\"og:site_name\" content=\"Valquer\u00ae Laboratorios\" \/>\n<meta property=\"article:publisher\" content=\"https:\/\/www.facebook.com\/valquerlaboratorios\/\" \/>\n<meta property=\"article:modified_time\" content=\"2026-04-17T11:19:37+00:00\" \/>\n<meta property=\"og:image\" content=\"https:\/\/info.valquer.com\/wp-content\/uploads\/2026\/01\/Logo-Valquer.jpg\" \/>\n\t<meta property=\"og:image:width\" content=\"1200\" \/>\n\t<meta property=\"og:image:height\" content=\"675\" \/>\n\t<meta property=\"og:image:type\" content=\"image\/jpeg\" \/>\n<meta name=\"twitter:card\" content=\"summary_large_image\" \/>\n<meta name=\"twitter:label1\" content=\"Dur\u00e9e de lecture estim\u00e9e\" \/>\n\t<meta name=\"twitter:data1\" content=\"20 minutes\" \/>\n<script type=\"application\/ld+json\" class=\"yoast-schema-graph\">{\"@context\":\"https:\/\/schema.org\",\"@graph\":[{\"@type\":\"WebPage\",\"@id\":\"https:\/\/info.valquer.com\/fr\/politique-de-confidentialite\/\",\"url\":\"https:\/\/info.valquer.com\/fr\/politique-de-confidentialite\/\",\"name\":\"Politique de confidentialit\u00e9 | Valquer\u00ae Laboratorios\",\"isPartOf\":{\"@id\":\"https:\/\/info.valquer.com\/fr\/#website\"},\"datePublished\":\"2025-12-30T14:58:28+00:00\",\"dateModified\":\"2026-04-17T11:19:37+00:00\",\"description\":\"La politique de confidentialit\u00e9 de Valquer contient des informations sur le traitement des donn\u00e9es personnelles, les droits des utilisateurs et l'utilisation des informations.\",\"breadcrumb\":{\"@id\":\"https:\/\/info.valquer.com\/fr\/politique-de-confidentialite\/#breadcrumb\"},\"inLanguage\":\"fr-FR\",\"potentialAction\":[{\"@type\":\"ReadAction\",\"target\":[\"https:\/\/info.valquer.com\/fr\/politique-de-confidentialite\/\"]}]},{\"@type\":\"BreadcrumbList\",\"@id\":\"https:\/\/info.valquer.com\/fr\/politique-de-confidentialite\/#breadcrumb\",\"itemListElement\":[{\"@type\":\"ListItem\",\"position\":1,\"name\":\"Portada\",\"item\":\"https:\/\/info.valquer.com\/fr\/\"},{\"@type\":\"ListItem\",\"position\":2,\"name\":\"Politique de confidentialit\u00e9\"}]},{\"@type\":\"WebSite\",\"@id\":\"https:\/\/info.valquer.com\/fr\/#website\",\"url\":\"https:\/\/info.valquer.com\/fr\/\",\"name\":\"Valquer\u00ae Laboratorios\",\"description\":\"Dermocosm\u00e9tica Natural y Sostenible\",\"publisher\":{\"@id\":\"https:\/\/info.valquer.com\/fr\/#organization\"},\"alternateName\":\"Valquer Labs\",\"potentialAction\":[{\"@type\":\"SearchAction\",\"target\":{\"@type\":\"EntryPoint\",\"urlTemplate\":\"https:\/\/info.valquer.com\/fr\/?s={search_term_string}\"},\"query-input\":{\"@type\":\"PropertyValueSpecification\",\"valueRequired\":true,\"valueName\":\"search_term_string\"}}],\"inLanguage\":\"fr-FR\"},{\"@type\":\"Organization\",\"@id\":\"https:\/\/info.valquer.com\/fr\/#organization\",\"name\":\"Valquer\u00ae Laboratorios\",\"alternateName\":\"Valquer Labs\",\"url\":\"https:\/\/info.valquer.com\/fr\/\",\"logo\":{\"@type\":\"ImageObject\",\"inLanguage\":\"fr-FR\",\"@id\":\"https:\/\/info.valquer.com\/fr\/#\/schema\/logo\/image\/\",\"url\":\"https:\/\/info.valquer.com\/wp-content\/uploads\/2026\/01\/Logo-Valquer.jpg\",\"contentUrl\":\"https:\/\/info.valquer.com\/wp-content\/uploads\/2026\/01\/Logo-Valquer.jpg\",\"width\":1200,\"height\":675,\"caption\":\"Valquer\u00ae Laboratorios\"},\"image\":{\"@id\":\"https:\/\/info.valquer.com\/fr\/#\/schema\/logo\/image\/\"},\"sameAs\":[\"https:\/\/www.facebook.com\/valquerlaboratorios\/\",\"https:\/\/www.instagram.com\/valquer_laboratorios\/\",\"https:\/\/www.tiktok.com\/@valquer_laboratorios\",\"https:\/\/www.youtube.com\/user\/laboratoriosvalquer\",\"https:\/\/www.linkedin.com\/company\/laboratorios-valquer\/?originalSubdomain=es\"],\"description\":\"Cosm\u00e9ticos biotecnol\u00f3gicos, naturales y sostenibles. Laboratorio y fabricante de cosm\u00e9ticos desde 1975. Con presencia en m\u00e1s de 65 pa\u00edses y sedes en Espa\u00f1a, Reino Unido y M\u00e9xico. Valquer Laboratorios, investiga, desarrolla y fabrica productos cosm\u00e9ticos biotecnol\u00f3gicos, veganos, naturales, sostenibles y testados dermatol\u00f3gicamente, para terceros.\",\"email\":\"info@valquer.com\",\"telephone\":\"+34 925 91 00 99\",\"legalName\":\"VALQUER LABORATORIOS S.L.U.\",\"foundingDate\":\"1975-07-10\",\"vatID\":\"B78094489\",\"taxID\":\"B78094489\",\"numberOfEmployees\":{\"@type\":\"QuantitativeValue\",\"minValue\":\"51\",\"maxValue\":\"200\"},\"publishingPrinciples\":\"https:\/\/info.valquer.com\/home\/\"}]}<\/script>\n<!-- \/ Yoast SEO Premium plugin. -->","yoast_head_json":{"title":"Politique de confidentialit\u00e9 | Valquer\u00ae Laboratorios","description":"La politique de confidentialit\u00e9 de Valquer contient des informations sur le traitement des donn\u00e9es personnelles, les droits des utilisateurs et l'utilisation des informations.","robots":{"index":"index","follow":"follow","max-snippet":"max-snippet:-1","max-image-preview":"max-image-preview:large","max-video-preview":"max-video-preview:-1"},"canonical":"https:\/\/info.valquer.com\/fr\/politique-de-confidentialite\/","og_locale":"fr_FR","og_type":"article","og_title":"Politique de confidentialit\u00e9","og_description":"La politique de confidentialit\u00e9 de Valquer contient des informations sur le traitement des donn\u00e9es personnelles, les droits des utilisateurs et l'utilisation des informations.","og_url":"https:\/\/info.valquer.com\/fr\/politique-de-confidentialite\/","og_site_name":"Valquer\u00ae Laboratorios","article_publisher":"https:\/\/www.facebook.com\/valquerlaboratorios\/","article_modified_time":"2026-04-17T11:19:37+00:00","og_image":[{"width":1200,"height":675,"url":"https:\/\/info.valquer.com\/wp-content\/uploads\/2026\/01\/Logo-Valquer.jpg","type":"image\/jpeg"}],"twitter_card":"summary_large_image","twitter_misc":{"Dur\u00e9e de lecture estim\u00e9e":"20 minutes"},"schema":{"@context":"https:\/\/schema.org","@graph":[{"@type":"WebPage","@id":"https:\/\/info.valquer.com\/fr\/politique-de-confidentialite\/","url":"https:\/\/info.valquer.com\/fr\/politique-de-confidentialite\/","name":"Politique de confidentialit\u00e9 | Valquer\u00ae Laboratorios","isPartOf":{"@id":"https:\/\/info.valquer.com\/fr\/#website"},"datePublished":"2025-12-30T14:58:28+00:00","dateModified":"2026-04-17T11:19:37+00:00","description":"La politique de confidentialit\u00e9 de Valquer contient des informations sur le traitement des donn\u00e9es personnelles, les droits des utilisateurs et l'utilisation des informations.","breadcrumb":{"@id":"https:\/\/info.valquer.com\/fr\/politique-de-confidentialite\/#breadcrumb"},"inLanguage":"fr-FR","potentialAction":[{"@type":"ReadAction","target":["https:\/\/info.valquer.com\/fr\/politique-de-confidentialite\/"]}]},{"@type":"BreadcrumbList","@id":"https:\/\/info.valquer.com\/fr\/politique-de-confidentialite\/#breadcrumb","itemListElement":[{"@type":"ListItem","position":1,"name":"Portada","item":"https:\/\/info.valquer.com\/fr\/"},{"@type":"ListItem","position":2,"name":"Politique de confidentialit\u00e9"}]},{"@type":"WebSite","@id":"https:\/\/info.valquer.com\/fr\/#website","url":"https:\/\/info.valquer.com\/fr\/","name":"Valquer\u00ae Laboratorios","description":"Dermocosm\u00e9tica Natural y Sostenible","publisher":{"@id":"https:\/\/info.valquer.com\/fr\/#organization"},"alternateName":"Valquer Labs","potentialAction":[{"@type":"SearchAction","target":{"@type":"EntryPoint","urlTemplate":"https:\/\/info.valquer.com\/fr\/?s={search_term_string}"},"query-input":{"@type":"PropertyValueSpecification","valueRequired":true,"valueName":"search_term_string"}}],"inLanguage":"fr-FR"},{"@type":"Organization","@id":"https:\/\/info.valquer.com\/fr\/#organization","name":"Valquer\u00ae Laboratorios","alternateName":"Valquer Labs","url":"https:\/\/info.valquer.com\/fr\/","logo":{"@type":"ImageObject","inLanguage":"fr-FR","@id":"https:\/\/info.valquer.com\/fr\/#\/schema\/logo\/image\/","url":"https:\/\/info.valquer.com\/wp-content\/uploads\/2026\/01\/Logo-Valquer.jpg","contentUrl":"https:\/\/info.valquer.com\/wp-content\/uploads\/2026\/01\/Logo-Valquer.jpg","width":1200,"height":675,"caption":"Valquer\u00ae Laboratorios"},"image":{"@id":"https:\/\/info.valquer.com\/fr\/#\/schema\/logo\/image\/"},"sameAs":["https:\/\/www.facebook.com\/valquerlaboratorios\/","https:\/\/www.instagram.com\/valquer_laboratorios\/","https:\/\/www.tiktok.com\/@valquer_laboratorios","https:\/\/www.youtube.com\/user\/laboratoriosvalquer","https:\/\/www.linkedin.com\/company\/laboratorios-valquer\/?originalSubdomain=es"],"description":"Cosm\u00e9ticos biotecnol\u00f3gicos, naturales y sostenibles. Laboratorio y fabricante de cosm\u00e9ticos desde 1975. Con presencia en m\u00e1s de 65 pa\u00edses y sedes en Espa\u00f1a, Reino Unido y M\u00e9xico. Valquer Laboratorios, investiga, desarrolla y fabrica productos cosm\u00e9ticos biotecnol\u00f3gicos, veganos, naturales, sostenibles y testados dermatol\u00f3gicamente, para terceros.","email":"info@valquer.com","telephone":"+34 925 91 00 99","legalName":"VALQUER LABORATORIOS S.L.U.","foundingDate":"1975-07-10","vatID":"B78094489","taxID":"B78094489","numberOfEmployees":{"@type":"QuantitativeValue","minValue":"51","maxValue":"200"},"publishingPrinciples":"https:\/\/info.valquer.com\/home\/"}]}},"_links":{"self":[{"href":"https:\/\/info.valquer.com\/fr\/wp-json\/wp\/v2\/pages\/5512","targetHints":{"allow":["GET"]}}],"collection":[{"href":"https:\/\/info.valquer.com\/fr\/wp-json\/wp\/v2\/pages"}],"about":[{"href":"https:\/\/info.valquer.com\/fr\/wp-json\/wp\/v2\/types\/page"}],"author":[{"embeddable":true,"href":"https:\/\/info.valquer.com\/fr\/wp-json\/wp\/v2\/users\/1"}],"replies":[{"embeddable":true,"href":"https:\/\/info.valquer.com\/fr\/wp-json\/wp\/v2\/comments?post=5512"}],"version-history":[{"count":3,"href":"https:\/\/info.valquer.com\/fr\/wp-json\/wp\/v2\/pages\/5512\/revisions"}],"predecessor-version":[{"id":11061,"href":"https:\/\/info.valquer.com\/fr\/wp-json\/wp\/v2\/pages\/5512\/revisions\/11061"}],"wp:attachment":[{"href":"https:\/\/info.valquer.com\/fr\/wp-json\/wp\/v2\/media?parent=5512"}],"wp:term":[{"taxonomy":"dipi_cpt_category","embeddable":true,"href":"https:\/\/info.valquer.com\/fr\/wp-json\/wp\/v2\/dipi_cpt_category?post=5512"}],"curies":[{"name":"wp","href":"https:\/\/api.w.org\/{rel}","templated":true}]}}