{"id":5220,"date":"2026-01-07T17:26:32","date_gmt":"2026-01-07T17:26:32","guid":{"rendered":"https:\/\/sie7e24.es\/valquer\/catalogue\/soin-peau\/nettoyage-du-visagenet\/"},"modified":"2026-04-15T05:58:12","modified_gmt":"2026-04-15T05:58:12","slug":"nettoyage-du-visagenet","status":"publish","type":"page","link":"https:\/\/info.valquer.com\/fr\/professionnels\/catalogue\/soin-peau\/nettoyage-du-visagenet\/","title":{"rendered":"Nettoyage du Visagenet"},"content":{"rendered":"<p>[et_pb_section fb_built=\u00a0\u00bb1&Prime; module_class=\u00a0\u00bbHeaderAzulValquer\u00a0\u00bb _builder_version=\u00a0\u00bb4.27.5&Prime; _module_preset=\u00a0\u00bbdefault\u00a0\u00bb background_color=\u00a0\u00bb#051B34&Prime; background_image=\u00a0\u00bbhttps:\/\/info.valquer.com\/wp-content\/uploads\/2026\/01\/Banner_limpieza_facial.webp\u00a0\u00bb custom_padding=\u00a0\u00bb0px||0px||true|false\u00a0\u00bb global_colors_info=\u00a0\u00bb{}\u00a0\u00bb][et_pb_row custom_padding_last_edited=\u00a0\u00bbon|phone\u00a0\u00bb _builder_version=\u00a0\u00bb4.27.5&Prime; _module_preset=\u00a0\u00bbdefault\u00a0\u00bb background_enable_image=\u00a0\u00bboff\u00a0\u00bb width=\u00a0\u00bb100%\u00a0\u00bb max_width=\u00a0\u00bb90%\u00a0\u00bb custom_padding=\u00a0\u00bb196px||196px||true|false\u00a0\u00bb custom_padding_tablet=\u00a0\u00bb196px||196px||true|false\u00a0\u00bb custom_padding_phone=\u00a0\u00bb80px||80px||true|false\u00a0\u00bb global_colors_info=\u00a0\u00bb{}\u00a0\u00bb][et_pb_column type=\u00a0\u00bb4_4&Prime; _builder_version=\u00a0\u00bb4.27.5&Prime; _module_preset=\u00a0\u00bbdefault\u00a0\u00bb global_colors_info=\u00a0\u00bb{}\u00a0\u00bb][et_pb_heading title=\u00a0\u00bbNettoyage du visage\u00a0\u00bb _builder_version=\u00a0\u00bb4.27.5&Prime; _module_preset=\u00a0\u00bbdefault\u00a0\u00bb title_font=\u00a0\u00bbMabry Pro|300|||||||\u00a0\u00bb global_colors_info=\u00a0\u00bb{}\u00a0\u00bb][\/et_pb_heading][\/et_pb_column][\/et_pb_row][\/et_pb_section][et_pb_section fb_built=\u00a0\u00bb1&Prime; _builder_version=\u00a0\u00bb4.27.5&Prime; _module_preset=\u00a0\u00bbdefault\u00a0\u00bb background_color=\u00a0\u00bb#fffbf6&Prime; custom_padding=\u00a0\u00bb0px||40px||false|false\u00a0\u00bb global_colors_info=\u00a0\u00bb{}\u00a0\u00bb][et_pb_row column_structure=\u00a0\u00bb1_2,1_2&Prime; use_custom_gutter=\u00a0\u00bbon\u00a0\u00bb gutter_width=\u00a0\u00bb4&Prime; _builder_version=\u00a0\u00bb4.27.5&Prime; _module_preset=\u00a0\u00bbdefault\u00a0\u00bb custom_padding=\u00a0\u00bb0px||0px||true|false\u00a0\u00bb global_colors_info=\u00a0\u00bb{}\u00a0\u00bb][et_pb_column type=\u00a0\u00bb1_2&Prime; _builder_version=\u00a0\u00bb4.27.5&Prime; _module_preset=\u00a0\u00bbdefault\u00a0\u00bb custom_padding=\u00a0\u00bb80px||||false|false\u00a0\u00bb global_colors_info=\u00a0\u00bb{}\u00a0\u00bb][et_pb_text _builder_version=\u00a0\u00bb4.27.5&Prime; _module_preset=\u00a0\u00bbdefault\u00a0\u00bb custom_margin=\u00a0\u00bb||7px|||\u00a0\u00bb global_colors_info=\u00a0\u00bb{}\u00a0\u00bb]<\/p>\n<h2>Produits cosm\u00e9tiques nettoyants pour le visage<\/h2>\n<p>[\/et_pb_text][et_pb_text _builder_version=\u00a0\u00bb4.27.5&Prime; _module_preset=\u00a0\u00bbdefault\u00a0\u00bb text_font=\u00a0\u00bbMabry Pro||||||||\u00a0\u00bb text_text_color=\u00a0\u00bb#051B34&Prime; text_font_size=\u00a0\u00bb20px\u00a0\u00bb text_line_height=\u00a0\u00bb1.2em\u00a0\u00bb global_colors_info=\u00a0\u00bb{}\u00a0\u00bb]<\/p>\n<p>Produits <strong>cosm\u00e9tiques nettoyants pour le soin de la peau<\/strong> du visage. Nettoyants pour le visage qui pr\u00e9parent la peau \u00e0 un traitement ult\u00e9rieur.<\/p>\n<p><\/p>\n<ul>\n<li>Nettoyants solides pour le visage.<\/li>\n<li>Nettoyants pour le visage.<\/li>\n<li>Nettoyage en profondeur.<\/li>\n<\/ul>\n<p>[\/et_pb_text][\/et_pb_column][et_pb_column type=\u00a0\u00bb1_2&Prime; _builder_version=\u00a0\u00bb4.27.5&Prime; _module_preset=\u00a0\u00bbdefault\u00a0\u00bb global_colors_info=\u00a0\u00bb{}\u00a0\u00bb][et_pb_image src=\u00a0\u00bbhttps:\/\/info.valquer.com\/wp-content\/uploads\/2026\/01\/Principal_limpieza_facial.webp\u00a0\u00bb alt=\u00a0\u00bbchampu-torre\u00a0\u00bb title_text=\u00a0\u00bbPrincipal_limpieza_facial\u00a0\u00bb _builder_version=\u00a0\u00bb4.27.5&Prime; _module_preset=\u00a0\u00bbdefault\u00a0\u00bb global_colors_info=\u00a0\u00bb{}\u00a0\u00bb][\/et_pb_image][\/et_pb_column][\/et_pb_row][\/et_pb_section][et_pb_section fb_built=\u00a0\u00bb1&Prime; _builder_version=\u00a0\u00bb4.27.5&Prime; _module_preset=\u00a0\u00bbdefault\u00a0\u00bb custom_padding=\u00a0\u00bb30px||||false|false\u00a0\u00bb global_colors_info=\u00a0\u00bb{}\u00a0\u00bb][et_pb_row _builder_version=\u00a0\u00bb4.27.5&Prime; _module_preset=\u00a0\u00bbdefault\u00a0\u00bb width=\u00a0\u00bb90%\u00a0\u00bb max_width=\u00a0\u00bb90%\u00a0\u00bb global_colors_info=\u00a0\u00bb{}\u00a0\u00bb][et_pb_column type=\u00a0\u00bb4_4&Prime; _builder_version=\u00a0\u00bb4.27.5&Prime; _module_preset=\u00a0\u00bbdefault\u00a0\u00bb global_colors_info=\u00a0\u00bb{}\u00a0\u00bb][et_pb_text _builder_version=\u00a0\u00bb4.27.5&Prime; _module_preset=\u00a0\u00bbdefault\u00a0\u00bb header_3_font=\u00a0\u00bbMabry Pro|300|||||||\u00a0\u00bb header_3_text_align=\u00a0\u00bbcenter\u00a0\u00bb header_3_font_size=\u00a0\u00bb32px\u00a0\u00bb global_colors_info=\u00a0\u00bb{}\u00a0\u00bb]<\/p>\n<h3 class=\"\">Nettoyants solides pour le visage<\/h3>\n<p>[\/et_pb_text][dipi_carousel columns=\u00a0\u00bb7&Prime; space_between=\u00a0\u00bb0&Prime; container_padding=\u00a0\u00bb0px|30px|0px|30px|true|false\u00a0\u00bb speed=\u00a0\u00bb3000&Prime; loop_wide=\u00a0\u00bbon\u00a0\u00bb autoplay_wide=\u00a0\u00bbon\u00a0\u00bb continues_wide=\u00a0\u00bbon\u00a0\u00bb pause_on_hover_wide=\u00a0\u00bbon\u00a0\u00bb autoplay_speed_wide=\u00a0\u00bb500&Prime; show_lightbox=\u00a0\u00bboff\u00a0\u00bb columns_tablet=\u00a0\u00bb5&Prime; columns_phone=\u00a0\u00bb3&Prime; columns_last_edited=\u00a0\u00bbon|phone\u00a0\u00bb _builder_version=\u00a0\u00bb4.27.5&Prime; _module_preset=\u00a0\u00bbdefault\u00a0\u00bb custom_margin=\u00a0\u00bb0px||0px||true|false\u00a0\u00bb custom_padding=\u00a0\u00bb0px||0px||true|false\u00a0\u00bb global_colors_info=\u00a0\u00bb{}\u00a0\u00bb][dipi_carousel_child label=\u00a0\u00bbicono vegano\u00a0\u00bb img_src=\u00a0\u00bbhttps:\/\/info.valquer.com\/wp-content\/uploads\/2025\/12\/icono-vegano.png\u00a0\u00bb carousel_image_align=\u00a0\u00bbcenter\u00a0\u00bb img_width=\u00a0\u00bb150px\u00a0\u00bb _builder_version=\u00a0\u00bb4.27.5&Prime; _module_preset=\u00a0\u00bbdefault\u00a0\u00bb global_colors_info=\u00a0\u00bb{}\u00a0\u00bb][\/dipi_carousel_child][dipi_carousel_child label=\u00a0\u00bbicono-sulfatos\u00a0\u00bb img_src=\u00a0\u00bbhttps:\/\/info.valquer.com\/wp-content\/uploads\/2025\/12\/icono-sulfatos.png\u00a0\u00bb carousel_image_align=\u00a0\u00bbcenter\u00a0\u00bb img_width=\u00a0\u00bb150px\u00a0\u00bb _builder_version=\u00a0\u00bb4.27.5&Prime; _module_preset=\u00a0\u00bbdefault\u00a0\u00bb global_colors_info=\u00a0\u00bb{}\u00a0\u00bb][\/dipi_carousel_child][dipi_carousel_child label=\u00a0\u00bbicono-free-salt\u00a0\u00bb img_src=\u00a0\u00bbhttps:\/\/info.valquer.com\/wp-content\/uploads\/2025\/12\/icono-free-salt.png\u00a0\u00bb carousel_image_align=\u00a0\u00bbcenter\u00a0\u00bb img_width=\u00a0\u00bb150px\u00a0\u00bb _builder_version=\u00a0\u00bb4.27.5&Prime; _module_preset=\u00a0\u00bbdefault\u00a0\u00bb global_colors_info=\u00a0\u00bb{}\u00a0\u00bb][\/dipi_carousel_child][dipi_carousel_child label=\u00a0\u00bbicono-free-silicones\u00a0\u00bb img_src=\u00a0\u00bbhttps:\/\/info.valquer.com\/wp-content\/uploads\/2025\/12\/icono-free-silicones.png\u00a0\u00bb carousel_image_align=\u00a0\u00bbcenter\u00a0\u00bb img_width=\u00a0\u00bb150px\u00a0\u00bb _builder_version=\u00a0\u00bb4.27.5&Prime; _module_preset=\u00a0\u00bbdefault\u00a0\u00bb global_colors_info=\u00a0\u00bb{}\u00a0\u00bb][\/dipi_carousel_child][\/dipi_carousel][\/et_pb_column][\/et_pb_row][et_pb_row column_structure=\u00a0\u00bb1_2,1_2&Prime; use_custom_gutter=\u00a0\u00bbon\u00a0\u00bb gutter_width=\u00a0\u00bb4&Prime; _builder_version=\u00a0\u00bb4.27.5&Prime; _module_preset=\u00a0\u00bbdefault\u00a0\u00bb custom_margin=\u00a0\u00bb||||false|false\u00a0\u00bb custom_padding=\u00a0\u00bb||||false|false\u00a0\u00bb locked=\u00a0\u00bboff\u00a0\u00bb global_colors_info=\u00a0\u00bb{}\u00a0\u00bb][et_pb_column type=\u00a0\u00bb1_2&Prime; _builder_version=\u00a0\u00bb4.27.5&Prime; _module_preset=\u00a0\u00bbdefault\u00a0\u00bb global_colors_info=\u00a0\u00bb{}\u00a0\u00bb][et_pb_blurb title=\u00a0\u00bb3 en 1 nettoyant solide\u00a0\u00bb image=\u00a0\u00bbhttps:\/\/info.valquer.com\/wp-content\/uploads\/2026\/01\/Producto_limpieza_facial_limpiador_facial_3en1.jpeg\u00a0\u00bb alt=\u00a0\u00bbProducto limpieza facial limpiador facial en\u00a0\u00bb module_class=\u00a0\u00bbproductCard\u00a0\u00bb _builder_version=\u00a0\u00bb4.27.5&Prime; _module_preset=\u00a0\u00bbdefault\u00a0\u00bb header_text_align=\u00a0\u00bbcenter\u00a0\u00bb body_text_align=\u00a0\u00bbcenter\u00a0\u00bb module_alignment=\u00a0\u00bbcenter\u00a0\u00bb link_option_url=\u00a0\u00bbhttps:\/\/www.valquer.com\/fr\/products\/limpiador-facial-solido-3-en-1-sugar-50-g-valquer?variant=53616796565852&Prime; link_option_url_new_window=\u00a0\u00bbon\u00a0\u00bb locked=\u00a0\u00bboff\u00a0\u00bb global_colors_info=\u00a0\u00bb{}\u00a0\u00bb]<\/p>\n<p>Voir en Magasin<\/p>\n<p>[\/et_pb_blurb][\/et_pb_column][et_pb_column type=\u00a0\u00bb1_2&Prime; _builder_version=\u00a0\u00bb4.27.5&Prime; _module_preset=\u00a0\u00bbdefault\u00a0\u00bb global_colors_info=\u00a0\u00bb{}\u00a0\u00bb][et_pb_blurb title=\u00a0\u00bbEau micelaire solide pour tous les types de peau\u00a0\u00bb image=\u00a0\u00bbhttps:\/\/info.valquer.com\/wp-content\/uploads\/2026\/01\/Producto_limpieza_facial_agua_micelar_solida_todo_tipo_de_pieles.jpeg\u00a0\u00bb alt=\u00a0\u00bbProducto limpieza facial agua micelar solida todo tipo de pieles\u00a0\u00bb module_class=\u00a0\u00bbproductCard\u00a0\u00bb _builder_version=\u00a0\u00bb4.27.5&Prime; _module_preset=\u00a0\u00bbdefault\u00a0\u00bb header_text_align=\u00a0\u00bbcenter\u00a0\u00bb body_text_align=\u00a0\u00bbcenter\u00a0\u00bb module_alignment=\u00a0\u00bbcenter\u00a0\u00bb link_option_url=\u00a0\u00bbhttps:\/\/www.valquer.com\/fr\/products\/agua-micelar-solida-ice-todo-tipo-de-pieles-50-g-valquer?variant=53615642280284&Prime; link_option_url_new_window=\u00a0\u00bbon\u00a0\u00bb locked=\u00a0\u00bboff\u00a0\u00bb global_colors_info=\u00a0\u00bb{}\u00a0\u00bb]<\/p>\n<p>Voir en Magasin<\/p>\n<p>[\/et_pb_blurb][\/et_pb_column][\/et_pb_row][et_pb_row _builder_version=\u00a0\u00bb4.27.5&Prime; _module_preset=\u00a0\u00bbdefault\u00a0\u00bb width=\u00a0\u00bb90%\u00a0\u00bb max_width=\u00a0\u00bb90%\u00a0\u00bb locked=\u00a0\u00bboff\u00a0\u00bb global_colors_info=\u00a0\u00bb{}\u00a0\u00bb][et_pb_column type=\u00a0\u00bb4_4&Prime; _builder_version=\u00a0\u00bb4.27.5&Prime; _module_preset=\u00a0\u00bbdefault\u00a0\u00bb global_colors_info=\u00a0\u00bb{}\u00a0\u00bb][et_pb_text _builder_version=\u00a0\u00bb4.27.5&Prime; _module_preset=\u00a0\u00bbdefault\u00a0\u00bb header_3_font=\u00a0\u00bbMabry Pro|300|||||||\u00a0\u00bb header_3_text_align=\u00a0\u00bbcenter\u00a0\u00bb header_3_font_size=\u00a0\u00bb32px\u00a0\u00bb global_colors_info=\u00a0\u00bb{}\u00a0\u00bb]<\/p>\n<h3>Nettoyants pour le visage<\/h3>\n<p>[\/et_pb_text][\/et_pb_column][\/et_pb_row][et_pb_row column_structure=\u00a0\u00bb1_3,1_3,1_3&Prime; _builder_version=\u00a0\u00bb4.27.5&Prime; _module_preset=\u00a0\u00bbdefault\u00a0\u00bb width=\u00a0\u00bb90%\u00a0\u00bb max_width=\u00a0\u00bb90%\u00a0\u00bb custom_margin=\u00a0\u00bb||||false|false\u00a0\u00bb custom_padding=\u00a0\u00bb||||false|false\u00a0\u00bb locked=\u00a0\u00bboff\u00a0\u00bb global_colors_info=\u00a0\u00bb{}\u00a0\u00bb][et_pb_column type=\u00a0\u00bb1_3&Prime; _builder_version=\u00a0\u00bb4.27.5&Prime; _module_preset=\u00a0\u00bbdefault\u00a0\u00bb global_colors_info=\u00a0\u00bb{}\u00a0\u00bb][et_pb_blurb title=\u00a0\u00bbEau micellaire pour les peaux les plus sensitive\u00a0\u00bb image=\u00a0\u00bbhttps:\/\/info.valquer.com\/wp-content\/uploads\/2026\/03\/10105.webp\u00a0\u00bb alt=\u00a0\u00bbagua micelar pieles sensibles\u00a0\u00bb module_class=\u00a0\u00bbproductCard\u00a0\u00bb _builder_version=\u00a0\u00bb4.27.5&Prime; _module_preset=\u00a0\u00bbdefault\u00a0\u00bb header_text_align=\u00a0\u00bbcenter\u00a0\u00bb body_text_align=\u00a0\u00bbcenter\u00a0\u00bb module_alignment=\u00a0\u00bbcenter\u00a0\u00bb link_option_url=\u00a0\u00bbhttps:\/\/www.valquer.com\/fr\/products\/agua-micelar-pieles-sensibles-400-ml?variant=53615637561692&Prime; link_option_url_new_window=\u00a0\u00bbon\u00a0\u00bb locked=\u00a0\u00bboff\u00a0\u00bb global_colors_info=\u00a0\u00bb{}\u00a0\u00bb]<\/p>\n<p>Voir en Magasin<\/p>\n<p>[\/et_pb_blurb][\/et_pb_column][et_pb_column type=\u00a0\u00bb1_3&Prime; _builder_version=\u00a0\u00bb4.27.5&Prime; _module_preset=\u00a0\u00bbdefault\u00a0\u00bb global_colors_info=\u00a0\u00bb{}\u00a0\u00bb][et_pb_blurb title=\u00a0\u00bbLait nettoyant\u00a0\u00bb image=\u00a0\u00bbhttps:\/\/info.valquer.com\/wp-content\/uploads\/2026\/01\/Producto_limpieza_facial_leche_limpiadora.webp\u00a0\u00bb alt=\u00a0\u00bbProducto limpieza facial leche limpiadora\u00a0\u00bb module_class=\u00a0\u00bbproductCard\u00a0\u00bb _builder_version=\u00a0\u00bb4.27.5&Prime; _module_preset=\u00a0\u00bbdefault\u00a0\u00bb header_text_align=\u00a0\u00bbcenter\u00a0\u00bb body_text_align=\u00a0\u00bbcenter\u00a0\u00bb module_alignment=\u00a0\u00bbcenter\u00a0\u00bb link_option_url=\u00a0\u00bbhttps:\/\/www.valquer.com\/fr\/products\/leche-facial-limpiadora?variant=42957312360618&Prime; link_option_url_new_window=\u00a0\u00bbon\u00a0\u00bb locked=\u00a0\u00bboff\u00a0\u00bb global_colors_info=\u00a0\u00bb{}\u00a0\u00bb]<\/p>\n<p>Voir en Magasin<\/p>\n<p>[\/et_pb_blurb][\/et_pb_column][et_pb_column type=\u00a0\u00bb1_3&Prime; _builder_version=\u00a0\u00bb4.27.5&Prime; _module_preset=\u00a0\u00bbdefault\u00a0\u00bb global_colors_info=\u00a0\u00bb{}\u00a0\u00bb][et_pb_blurb title=\u00a0\u00bbDemaquillant des yeux\u00a0\u00bb image=\u00a0\u00bbhttps:\/\/info.valquer.com\/wp-content\/uploads\/2026\/01\/Producto_limpieza_facial_desmaquillante-de-ojos.png\u00a0\u00bb alt=\u00a0\u00bbProducto limpieza facial desmaquillante de ojos\u00a0\u00bb module_class=\u00a0\u00bbproductCard\u00a0\u00bb _builder_version=\u00a0\u00bb4.27.5&Prime; _module_preset=\u00a0\u00bbdefault\u00a0\u00bb header_text_align=\u00a0\u00bbcenter\u00a0\u00bb body_text_align=\u00a0\u00bbcenter\u00a0\u00bb module_alignment=\u00a0\u00bbcenter\u00a0\u00bb link_option_url=\u00a0\u00bbhttps:\/\/www.valquer.com\/fr\/products\/desmaquillante-ojos-hamamelis?variant=53616735453532&Prime; link_option_url_new_window=\u00a0\u00bbon\u00a0\u00bb locked=\u00a0\u00bboff\u00a0\u00bb global_colors_info=\u00a0\u00bb{}\u00a0\u00bb]<\/p>\n<p>Voir en Magasin<\/p>\n<p>[\/et_pb_blurb][\/et_pb_column][\/et_pb_row][et_pb_row column_structure=\u00a0\u00bb1_2,1_2&Prime; use_custom_gutter=\u00a0\u00bbon\u00a0\u00bb gutter_width=\u00a0\u00bb4&Prime; _builder_version=\u00a0\u00bb4.27.5&Prime; _module_preset=\u00a0\u00bbdefault\u00a0\u00bb custom_margin=\u00a0\u00bb||||false|false\u00a0\u00bb custom_padding=\u00a0\u00bb||||false|false\u00a0\u00bb locked=\u00a0\u00bboff\u00a0\u00bb global_colors_info=\u00a0\u00bb{}\u00a0\u00bb][et_pb_column type=\u00a0\u00bb1_2&Prime; _builder_version=\u00a0\u00bb4.27.5&Prime; _module_preset=\u00a0\u00bbdefault\u00a0\u00bb global_colors_info=\u00a0\u00bb{}\u00a0\u00bb][et_pb_blurb title=\u00a0\u00bbLait nettoyant desensibilisant\u00a0\u00bb image=\u00a0\u00bbhttps:\/\/info.valquer.com\/wp-content\/uploads\/2026\/01\/Producto_pieles_sensibles_leche_limpiadora_desensibilizante.jpg\u00a0\u00bb alt=\u00a0\u00bbProducto pieles sensibles leche limpiadora desensibilizante\u00a0\u00bb module_class=\u00a0\u00bbproductCard\u00a0\u00bb _builder_version=\u00a0\u00bb4.27.5&Prime; _module_preset=\u00a0\u00bbdefault\u00a0\u00bb header_text_align=\u00a0\u00bbcenter\u00a0\u00bb body_text_align=\u00a0\u00bbcenter\u00a0\u00bb module_alignment=\u00a0\u00bbcenter\u00a0\u00bb link_option_url=\u00a0\u00bbhttps:\/\/www.valquer.com\/products\/leche-facial-limpiadora-desensibiliante-pieles-sensibles-250-ml-bullon\u00a0\u00bb link_option_url_new_window=\u00a0\u00bbon\u00a0\u00bb locked=\u00a0\u00bboff\u00a0\u00bb global_colors_info=\u00a0\u00bb{}\u00a0\u00bb]<\/p>\n<p>Voir en Magasin<\/p>\n<p>[\/et_pb_blurb][\/et_pb_column][et_pb_column type=\u00a0\u00bb1_2&Prime; _builder_version=\u00a0\u00bb4.27.5&Prime; _module_preset=\u00a0\u00bbdefault\u00a0\u00bb global_colors_info=\u00a0\u00bb{}\u00a0\u00bb][et_pb_blurb title=\u00a0\u00bbTonique d\u00e9sensibilisant lotion\u00a0\u00bb image=\u00a0\u00bbhttps:\/\/info.valquer.com\/wp-content\/uploads\/2026\/01\/Producto_limpieza_facial_locion_desensibilizante_tonificante.jpg\u00a0\u00bb alt=\u00a0\u00bbProducto limpieza facial locion desensibilizante tonificante\u00a0\u00bb module_class=\u00a0\u00bbproductCard\u00a0\u00bb _builder_version=\u00a0\u00bb4.27.5&Prime; _module_preset=\u00a0\u00bbdefault\u00a0\u00bb header_text_align=\u00a0\u00bbcenter\u00a0\u00bb body_text_align=\u00a0\u00bbcenter\u00a0\u00bb module_alignment=\u00a0\u00bbcenter\u00a0\u00bb link_option_url=\u00a0\u00bbvalquer.com\/products\/locion-facial-desensibilizante-pieles-sensibles\u00a0\u00bb link_option_url_new_window=\u00a0\u00bbon\u00a0\u00bb locked=\u00a0\u00bboff\u00a0\u00bb global_colors_info=\u00a0\u00bb{}\u00a0\u00bb]<\/p>\n<p>Voir en Magasin<\/p>\n<p>[\/et_pb_blurb][\/et_pb_column][\/et_pb_row][et_pb_row _builder_version=\u00a0\u00bb4.27.5&Prime; _module_preset=\u00a0\u00bbdefault\u00a0\u00bb width=\u00a0\u00bb90%\u00a0\u00bb max_width=\u00a0\u00bb90%\u00a0\u00bb locked=\u00a0\u00bboff\u00a0\u00bb global_colors_info=\u00a0\u00bb{}\u00a0\u00bb][et_pb_column type=\u00a0\u00bb4_4&Prime; _builder_version=\u00a0\u00bb4.27.5&Prime; _module_preset=\u00a0\u00bbdefault\u00a0\u00bb global_colors_info=\u00a0\u00bb{}\u00a0\u00bb][et_pb_text _builder_version=\u00a0\u00bb4.27.5&Prime; _module_preset=\u00a0\u00bbdefault\u00a0\u00bb header_3_font=\u00a0\u00bbMabry Pro|300|||||||\u00a0\u00bb header_3_text_align=\u00a0\u00bbcenter\u00a0\u00bb header_3_font_size=\u00a0\u00bb32px\u00a0\u00bb global_colors_info=\u00a0\u00bb{}\u00a0\u00bb]<\/p>\n<h3>Nettoyage en profondeur<\/h3>\n<p>[\/et_pb_text][\/et_pb_column][\/et_pb_row][et_pb_row column_structure=\u00a0\u00bb1_3,1_3,1_3&Prime; use_custom_gutter=\u00a0\u00bbon\u00a0\u00bb gutter_width=\u00a0\u00bb4&Prime; _builder_version=\u00a0\u00bb4.27.5&Prime; _module_preset=\u00a0\u00bbdefault\u00a0\u00bb custom_margin=\u00a0\u00bb||||false|false\u00a0\u00bb custom_padding=\u00a0\u00bb||||false|false\u00a0\u00bb locked=\u00a0\u00bboff\u00a0\u00bb global_colors_info=\u00a0\u00bb{}\u00a0\u00bb][et_pb_column type=\u00a0\u00bb1_3&Prime; _builder_version=\u00a0\u00bb4.27.5&Prime; _module_preset=\u00a0\u00bbdefault\u00a0\u00bb global_colors_info=\u00a0\u00bb{}\u00a0\u00bb][et_pb_blurb title=\u00a0\u00bbAmpoules peeling\u00a0\u00bb image=\u00a0\u00bbhttps:\/\/info.valquer.com\/wp-content\/uploads\/2026\/01\/Producto_limpieza_facial_ampollas_peeling.webp\u00a0\u00bb alt=\u00a0\u00bbProducto limpieza facial ampollas peeling\u00a0\u00bb module_class=\u00a0\u00bbproductCard\u00a0\u00bb _builder_version=\u00a0\u00bb4.27.5&Prime; _module_preset=\u00a0\u00bbdefault\u00a0\u00bb header_text_align=\u00a0\u00bbcenter\u00a0\u00bb body_text_align=\u00a0\u00bbcenter\u00a0\u00bb module_alignment=\u00a0\u00bbcenter\u00a0\u00bb link_option_url=\u00a0\u00bbhttps:\/\/www.valquer.com\/fr\/products\/ampollas-peeling-5-x-2-ml?variant=53615660958044&Prime; link_option_url_new_window=\u00a0\u00bbon\u00a0\u00bb locked=\u00a0\u00bboff\u00a0\u00bb global_colors_info=\u00a0\u00bb{}\u00a0\u00bb]<\/p>\n<p>Voir en Magasin<\/p>\n<p>[\/et_pb_blurb][\/et_pb_column][et_pb_column type=\u00a0\u00bb1_3&Prime; _builder_version=\u00a0\u00bb4.27.5&Prime; _module_preset=\u00a0\u00bbdefault\u00a0\u00bb global_colors_info=\u00a0\u00bb{}\u00a0\u00bb][et_pb_blurb title=\u00a0\u00bbPeeling du visage\u00a0\u00bb image=\u00a0\u00bbhttps:\/\/info.valquer.com\/wp-content\/uploads\/2026\/01\/Producto_limpieza_facial_peeling_facial.webp\u00a0\u00bb alt=\u00a0\u00bbProducto limpieza facial peeling facial\u00a0\u00bb module_class=\u00a0\u00bbproductCard\u00a0\u00bb _builder_version=\u00a0\u00bb4.27.5&Prime; _module_preset=\u00a0\u00bbdefault\u00a0\u00bb header_text_align=\u00a0\u00bbcenter\u00a0\u00bb body_text_align=\u00a0\u00bbcenter\u00a0\u00bb module_alignment=\u00a0\u00bbcenter\u00a0\u00bb link_option_url=\u00a0\u00bbhttps:\/\/www.valquer.com\/fr\/products\/peeling-facial-exfoliante-suave?variant=42957315014826&Prime; link_option_url_new_window=\u00a0\u00bbon\u00a0\u00bb locked=\u00a0\u00bboff\u00a0\u00bb global_colors_info=\u00a0\u00bb{}\u00a0\u00bb]<\/p>\n<p>Voir en Magasin<\/p>\n<p>[\/et_pb_blurb][\/et_pb_column][et_pb_column type=\u00a0\u00bb1_3&Prime; _builder_version=\u00a0\u00bb4.27.5&Prime; _module_preset=\u00a0\u00bbdefault\u00a0\u00bb global_colors_info=\u00a0\u00bb{}\u00a0\u00bb][et_pb_blurb title=\u00a0\u00bbMasque visage apaisant\u00a0\u00bb image=\u00a0\u00bbhttps:\/\/info.valquer.com\/wp-content\/uploads\/2026\/01\/Producto_limpieza_facial_mascarilla_facial_calmante.webp\u00a0\u00bb alt=\u00a0\u00bbProducto limpieza facial mascarilla facial calmante\u00a0\u00bb module_class=\u00a0\u00bbproductCard\u00a0\u00bb _builder_version=\u00a0\u00bb4.27.5&Prime; _module_preset=\u00a0\u00bbdefault\u00a0\u00bb header_text_align=\u00a0\u00bbcenter\u00a0\u00bb body_text_align=\u00a0\u00bbcenter\u00a0\u00bb module_alignment=\u00a0\u00bbcenter\u00a0\u00bb link_option_url=\u00a0\u00bbhttps:\/\/www.valquer.com\/fr\/products\/mascarilla-facial-calmante-200-ml-bullon?variant=53616875536732&Prime; link_option_url_new_window=\u00a0\u00bbon\u00a0\u00bb locked=\u00a0\u00bboff\u00a0\u00bb global_colors_info=\u00a0\u00bb{}\u00a0\u00bb]<\/p>\n<p>Voir en Magasin<\/p>\n<p>[\/et_pb_blurb][\/et_pb_column][\/et_pb_row][et_pb_row column_structure=\u00a0\u00bb1_2,1_2&Prime; use_custom_gutter=\u00a0\u00bbon\u00a0\u00bb gutter_width=\u00a0\u00bb4&Prime; _builder_version=\u00a0\u00bb4.27.5&Prime; _module_preset=\u00a0\u00bbdefault\u00a0\u00bb custom_margin=\u00a0\u00bb||||false|false\u00a0\u00bb custom_padding=\u00a0\u00bb||||false|false\u00a0\u00bb locked=\u00a0\u00bboff\u00a0\u00bb global_colors_info=\u00a0\u00bb{}\u00a0\u00bb][et_pb_column type=\u00a0\u00bb1_2&Prime; _builder_version=\u00a0\u00bb4.27.5&Prime; _module_preset=\u00a0\u00bbdefault\u00a0\u00bb global_colors_info=\u00a0\u00bb{}\u00a0\u00bb][et_pb_blurb title=\u00a0\u00bbGel nettoyant purifiant\u00a0\u00bb image=\u00a0\u00bbhttps:\/\/info.valquer.com\/wp-content\/uploads\/2026\/01\/Producto_limpieza_facial_gel_limpiador_purificante.webp\u00a0\u00bb alt=\u00a0\u00bbProducto limpieza facial gel limpiador purificante\u00a0\u00bb module_class=\u00a0\u00bbproductCard\u00a0\u00bb _builder_version=\u00a0\u00bb4.27.5&Prime; _module_preset=\u00a0\u00bbdefault\u00a0\u00bb header_text_align=\u00a0\u00bbcenter\u00a0\u00bb body_text_align=\u00a0\u00bbcenter\u00a0\u00bb module_alignment=\u00a0\u00bbcenter\u00a0\u00bb link_option_url=\u00a0\u00bbhttps:\/\/www.valquer.com\/fr\/products\/gel-limpiador-facial-purificante?variant=53616757145948&Prime; link_option_url_new_window=\u00a0\u00bbon\u00a0\u00bb locked=\u00a0\u00bboff\u00a0\u00bb global_colors_info=\u00a0\u00bb{}\u00a0\u00bb]<\/p>\n<p>Voir en Magasin<\/p>\n<p>[\/et_pb_blurb][\/et_pb_column][et_pb_column type=\u00a0\u00bb1_2&Prime; _builder_version=\u00a0\u00bb4.27.5&Prime; _module_preset=\u00a0\u00bbdefault\u00a0\u00bb global_colors_info=\u00a0\u00bb{}\u00a0\u00bb][et_pb_blurb title=\u00a0\u00bbMasque visage purifiant\u00a0\u00bb image=\u00a0\u00bbhttps:\/\/info.valquer.com\/wp-content\/uploads\/2026\/01\/Producto_limpieza_facial_mascarilla_facial_purificante.webp\u00a0\u00bb alt=\u00a0\u00bbProducto limpieza facial mascarilla facial purificante\u00a0\u00bb module_class=\u00a0\u00bbproductCard\u00a0\u00bb _builder_version=\u00a0\u00bb4.27.5&Prime; _module_preset=\u00a0\u00bbdefault\u00a0\u00bb header_text_align=\u00a0\u00bbcenter\u00a0\u00bb body_text_align=\u00a0\u00bbcenter\u00a0\u00bb module_alignment=\u00a0\u00bbcenter\u00a0\u00bb link_option_url=\u00a0\u00bbhttps:\/\/www.valquer.com\/fr\/products\/mascarilla-facial-purificante?variant=53616891232604&Prime; link_option_url_new_window=\u00a0\u00bbon\u00a0\u00bb locked=\u00a0\u00bboff\u00a0\u00bb global_colors_info=\u00a0\u00bb{}\u00a0\u00bb]<\/p>\n<p>Voir en Magasin<\/p>\n<p>[\/et_pb_blurb][\/et_pb_column][\/et_pb_row][et_pb_row _builder_version=\u00a0\u00bb4.27.5&Prime; _module_preset=\u00a0\u00bbdefault\u00a0\u00bb locked=\u00a0\u00bboff\u00a0\u00bb global_colors_info=\u00a0\u00bb{}\u00a0\u00bb][et_pb_column type=\u00a0\u00bb4_4&Prime; _builder_version=\u00a0\u00bb4.27.5&Prime; _module_preset=\u00a0\u00bbdefault\u00a0\u00bb global_colors_info=\u00a0\u00bb{}\u00a0\u00bb][et_pb_divider color=\u00a0\u00bb#051B34&Prime; divider_position=\u00a0\u00bbcenter\u00a0\u00bb divider_weight=\u00a0\u00bb1px\u00a0\u00bb _builder_version=\u00a0\u00bb4.27.5&Prime; _module_preset=\u00a0\u00bbdefault\u00a0\u00bb width=\u00a0\u00bb70%\u00a0\u00bb max_width=\u00a0\u00bb70%\u00a0\u00bb module_alignment=\u00a0\u00bbcenter\u00a0\u00bb global_colors_info=\u00a0\u00bb{}\u00a0\u00bb][\/et_pb_divider][et_pb_button button_url=\u00a0\u00bbhttps:\/\/www.valquer.com\/fr\/collections\/limpieza-facial\u00a0\u00bb url_new_window=\u00a0\u00bbon\u00a0\u00bb button_text=\u00a0\u00bbCat\u00e9gorie Nettoyage du visage en Magasin\u00a0\u00bb button_alignment=\u00a0\u00bbcenter\u00a0\u00bb _builder_version=\u00a0\u00bb4.27.5&Prime; _module_preset=\u00a0\u00bbdefault\u00a0\u00bb global_colors_info=\u00a0\u00bb{}\u00a0\u00bb][\/et_pb_button][\/et_pb_column][\/et_pb_row][\/et_pb_section][et_pb_section fb_built=\u00a0\u00bb1&Prime; _builder_version=\u00a0\u00bb4.27.5&Prime; _module_preset=\u00a0\u00bbdefault\u00a0\u00bb background_color=\u00a0\u00bb#FFFBF5&Prime; global_colors_info=\u00a0\u00bb{}\u00a0\u00bb][et_pb_row column_structure=\u00a0\u00bb2_5,3_5&Prime; use_custom_gutter=\u00a0\u00bbon\u00a0\u00bb gutter_width=\u00a0\u00bb2&Prime; _builder_version=\u00a0\u00bb4.27.5&Prime; _module_preset=\u00a0\u00bba45db282-3f53-4204-b5e4-3acc2dbdc60a\u00a0\u00bb width=\u00a0\u00bb95%\u00a0\u00bb max_width=\u00a0\u00bb95%\u00a0\u00bb global_colors_info=\u00a0\u00bb{}\u00a0\u00bb][et_pb_column type=\u00a0\u00bb2_5&Prime; _builder_version=\u00a0\u00bb4.27.5&Prime; _module_preset=\u00a0\u00bbdefault\u00a0\u00bb global_colors_info=\u00a0\u00bb{}\u00a0\u00bb][et_pb_text _builder_version=\u00a0\u00bb4.27.5&Prime; _module_preset=\u00a0\u00bbdefault\u00a0\u00bb custom_margin=\u00a0\u00bb||7px|||\u00a0\u00bb locked=\u00a0\u00bboff\u00a0\u00bb global_colors_info=\u00a0\u00bb{}\u00a0\u00bb]<\/p>\n<h2>Routine de nettoyage du visage:<\/h2>\n<p>[\/et_pb_text][et_pb_text _builder_version=\u00a0\u00bb4.27.5&Prime; _module_preset=\u00a0\u00bbdefault\u00a0\u00bb text_font=\u00a0\u00bbMabry Pro||||||||\u00a0\u00bb text_text_color=\u00a0\u00bb#051B34&Prime; text_font_size=\u00a0\u00bb20px\u00a0\u00bb text_line_height=\u00a0\u00bb1.2em\u00a0\u00bb custom_margin=\u00a0\u00bb|||30px|false|false\u00a0\u00bb locked=\u00a0\u00bboff\u00a0\u00bb global_colors_info=\u00a0\u00bb{}\u00a0\u00bb]<\/p>\n<ol>\n<li>Nettoyer la peau avec une eau micellaire et un d\u00e9maquillant pour les yeux.<\/li>\n<li>Tous les 15 jours, exfolier la peau avec les ampoules de peeling ou le peeling visage.\n<\/li>\n<li>Pour un nettoyage plus profond, appliquer le lait d\u00e9maquillant ou le nettoyant profond.\n<\/li>\n<li>Comme pour le gommage, tous les 15 jours, appliquer le masque pendant au moins 10 minutes.<\/li>\n<li>Impr\u00e9gner un coton de la lotion tonique hydratante et l\u2019appliquer sur la peau.\n<\/li>\n<li>Utiliser une ampoule visage en fonction des besoins de la peau : vitamine C, peeling ou flash lifting.\n<\/li>\n<li>Si n\u00e9cessaire, appliquer \u00e9galement un s\u00e9rum adapt\u00e9 aux besoins de la peau.\n<\/li>\n<li>Terminer la routine avec la cr\u00e8me pour le visage qui convient le mieux \u00e0 votre peau.<\/li>\n<\/ol>\n<p><\/p>\n<p>*Si la routine est effectu\u00e9e le matin, utiliser une cr\u00e8me avec protection solaire.<\/p>\n<p>[\/et_pb_text][\/et_pb_column][et_pb_column type=\u00a0\u00bb3_5&Prime; _builder_version=\u00a0\u00bb4.27.5&Prime; _module_preset=\u00a0\u00bbdefault\u00a0\u00bb global_colors_info=\u00a0\u00bb{}\u00a0\u00bb][et_pb_accordion open_toggle_background_color=\u00a0\u00bb#FFFBF5&Prime; closed_toggle_background_color=\u00a0\u00bb#FFFBF5&Prime; toggle_icon=\u00a0\u00bb&#x33;||divi||400&Prime; icon_color=\u00a0\u00bb#051B34&Prime; use_icon_font_size=\u00a0\u00bbon\u00a0\u00bb icon_font_size=\u00a0\u00bb30px\u00a0\u00bb _builder_version=\u00a0\u00bb4.27.5&Prime; _module_preset=\u00a0\u00bbdefault\u00a0\u00bb background_color=\u00a0\u00bbRGBA(255,255,255,0)\u00a0\u00bb global_colors_info=\u00a0\u00bb{}\u00a0\u00bb][et_pb_accordion_item title=\u00a0\u00bbNettoyant facial solide 3 en 1&Prime; open=\u00a0\u00bbon\u00a0\u00bb open_toggle_text_color=\u00a0\u00bb#051B34&Prime; _builder_version=\u00a0\u00bb4.27.5&Prime; _module_preset=\u00a0\u00bbdefault\u00a0\u00bb custom_margin=\u00a0\u00bb0px||0px||true|false\u00a0\u00bb custom_padding=\u00a0\u00bb||||true|false\u00a0\u00bb global_colors_info=\u00a0\u00bb{}\u00a0\u00bb toggle_font=\u00a0\u00bb|600|||||||\u00a0\u00bb]<\/p>\n<p><iframe loading=\"lazy\" title=\"Limpiador facial s\u00f3lido 3 en 1. Exfolia, limpia y tonifica la piel. Como usar\" width=\"1080\" height=\"608\" src=\"https:\/\/www.youtube.com\/embed\/EjUQlSULHTE?feature=oembed\"  allow=\"accelerometer; autoplay; clipboard-write; encrypted-media; gyroscope; picture-in-picture; web-share\" referrerpolicy=\"strict-origin-when-cross-origin\" allowfullscreen><\/iframe><\/p>\n<p>[\/et_pb_accordion_item][et_pb_accordion_item title=\u00a0\u00bbAmpoules pour le visage\u00a0\u00bb open_toggle_text_color=\u00a0\u00bb#051B34&Prime; _builder_version=\u00a0\u00bb4.27.5&Prime; _module_preset=\u00a0\u00bbdefault\u00a0\u00bb custom_margin=\u00a0\u00bb0px||0px||true|false\u00a0\u00bb custom_padding=\u00a0\u00bb||||true|false\u00a0\u00bb global_colors_info=\u00a0\u00bb{}\u00a0\u00bb toggle_font=\u00a0\u00bb|600|||||||\u00a0\u00bb open=\u00a0\u00bboff\u00a0\u00bb]<\/p>\n<p><iframe loading=\"lazy\" title=\"Ampollas Faciales Veganas: Lifting Flash, Vitamina C y Peeling | Valquer\u00ae\" width=\"1080\" height=\"608\" src=\"https:\/\/www.youtube.com\/embed\/wVu30T7hA_8?feature=oembed\"  allow=\"accelerometer; autoplay; clipboard-write; encrypted-media; gyroscope; picture-in-picture; web-share\" referrerpolicy=\"strict-origin-when-cross-origin\" allowfullscreen><\/iframe><\/p>\n<p>[\/et_pb_accordion_item][\/et_pb_accordion][\/et_pb_column][\/et_pb_row][\/et_pb_section][et_pb_section fb_built=\u00a0\u00bb1&Prime; _builder_version=\u00a0\u00bb4.27.5&Prime; _module_preset=\u00a0\u00bbdefault\u00a0\u00bb background_color=\u00a0\u00bb#051B34&Prime; global_colors_info=\u00a0\u00bb{}\u00a0\u00bb][et_pb_row column_structure=\u00a0\u00bb1_2,1_2&Prime; _builder_version=\u00a0\u00bb4.27.5&Prime; _module_preset=\u00a0\u00bba45db282-3f53-4204-b5e4-3acc2dbdc60a\u00a0\u00bb global_colors_info=\u00a0\u00bb{}\u00a0\u00bb][et_pb_column type=\u00a0\u00bb1_2&Prime; _builder_version=\u00a0\u00bb4.27.5&Prime; _module_preset=\u00a0\u00bbdefault\u00a0\u00bb global_colors_info=\u00a0\u00bb{}\u00a0\u00bb][et_pb_text _builder_version=\u00a0\u00bb4.27.5&Prime; _module_preset=\u00a0\u00bbdefault\u00a0\u00bb header_3_font=\u00a0\u00bbMabry Pro|300|||||||\u00a0\u00bb header_3_text_align=\u00a0\u00bbcenter\u00a0\u00bb header_3_font_size=\u00a0\u00bb32px\u00a0\u00bb header_4_text_color=\u00a0\u00bb#ffffff\u00a0\u00bb custom_margin=\u00a0\u00bb||14px|||\u00a0\u00bb locked=\u00a0\u00bboff\u00a0\u00bb global_colors_info=\u00a0\u00bb{}\u00a0\u00bb]<\/p>\n<h4>Mat\u00e9riel \u00e0 t\u00e9l\u00e9charger:<\/h4>\n<p>[\/et_pb_text][et_pb_button button_url=\u00a0\u00bbhttps:\/\/docs.google.com\/document\/d\/1tLDwQAxOotQxgCI_jYDUGJ8ZUBtkFYFS3QMY7DQWKTU\/edit?tab=t.0&Prime; url_new_window=\u00a0\u00bbon\u00a0\u00bb button_text=\u00a0\u00bbCommuniqu\u00e9s de presse Ampoules\u00a0\u00bb button_alignment=\u00a0\u00bbcenter\u00a0\u00bb _builder_version=\u00a0\u00bb4.27.5&Prime; _module_preset=\u00a0\u00bbdefault\u00a0\u00bb custom_button=\u00a0\u00bbon\u00a0\u00bb button_text_size=\u00a0\u00bb17px\u00a0\u00bb button_border_width=\u00a0\u00bb2px\u00a0\u00bb button_border_color=\u00a0\u00bb#ffffff\u00a0\u00bb button_use_icon=\u00a0\u00bboff\u00a0\u00bb background_layout=\u00a0\u00bbdark\u00a0\u00bb custom_margin=\u00a0\u00bb10px||10px||true|false\u00a0\u00bb custom_padding=\u00a0\u00bb10px||10px||true|false\u00a0\u00bb custom_css_main_element=\u00a0\u00bbwidth:100%;\u00a0\u00bb global_colors_info=\u00a0\u00bb{}\u00a0\u00bb button_border_width__hover_enabled=\u00a0\u00bbon|desktop\u00a0\u00bb button_border_width__hover=\u00a0\u00bb2px\u00a0\u00bb button_bg_color__hover_enabled=\u00a0\u00bbon|desktop\u00a0\u00bb button_bg_color__hover=\u00a0\u00bb#ffffff\u00a0\u00bb button_bg_enable_color__hover=\u00a0\u00bbon\u00a0\u00bb button_text_color__hover_enabled=\u00a0\u00bbon|hover\u00a0\u00bb button_text_color__hover=\u00a0\u00bb#051B34&Prime;][\/et_pb_button][et_pb_button button_url=\u00a0\u00bbhttps:\/\/drive.google.com\/drive\/folders\/1WeeswVEbA3PDlwBEqGRh4_IjUkYwkTGU\u00a0\u00bb url_new_window=\u00a0\u00bbon\u00a0\u00bb button_text=\u00a0\u00bbT\u00e9l\u00e9charger des images \u00a0\u00bb button_alignment=\u00a0\u00bbcenter\u00a0\u00bb _builder_version=\u00a0\u00bb4.27.5&Prime; _module_preset=\u00a0\u00bbdefault\u00a0\u00bb custom_button=\u00a0\u00bbon\u00a0\u00bb button_text_size=\u00a0\u00bb17px\u00a0\u00bb button_border_width=\u00a0\u00bb2px\u00a0\u00bb button_border_color=\u00a0\u00bb#ffffff\u00a0\u00bb button_use_icon=\u00a0\u00bboff\u00a0\u00bb background_layout=\u00a0\u00bbdark\u00a0\u00bb custom_margin=\u00a0\u00bb10px||10px||true|false\u00a0\u00bb custom_padding=\u00a0\u00bb10px||10px||true|false\u00a0\u00bb custom_css_main_element=\u00a0\u00bbwidth:100%;\u00a0\u00bb global_colors_info=\u00a0\u00bb{}\u00a0\u00bb button_border_width__hover_enabled=\u00a0\u00bbon|desktop\u00a0\u00bb button_border_width__hover=\u00a0\u00bb2px\u00a0\u00bb button_bg_color__hover_enabled=\u00a0\u00bbon|desktop\u00a0\u00bb button_bg_color__hover=\u00a0\u00bb#ffffff\u00a0\u00bb button_bg_enable_color__hover=\u00a0\u00bbon\u00a0\u00bb button_text_color__hover_enabled=\u00a0\u00bbon|hover\u00a0\u00bb button_text_color__hover=\u00a0\u00bb#051B34&Prime;][\/et_pb_button][\/et_pb_column][et_pb_column type=\u00a0\u00bb1_2&Prime; _builder_version=\u00a0\u00bb4.27.5&Prime; _module_preset=\u00a0\u00bbdefault\u00a0\u00bb global_colors_info=\u00a0\u00bb{}\u00a0\u00bb][et_pb_text _builder_version=\u00a0\u00bb4.27.5&Prime; _module_preset=\u00a0\u00bbdefault\u00a0\u00bb header_3_font=\u00a0\u00bbMabry Pro|300|||||||\u00a0\u00bb header_3_text_align=\u00a0\u00bbcenter\u00a0\u00bb header_3_font_size=\u00a0\u00bb32px\u00a0\u00bb header_4_text_color=\u00a0\u00bb#ffffff\u00a0\u00bb custom_margin=\u00a0\u00bb||14px|||\u00a0\u00bb locked=\u00a0\u00bboff\u00a0\u00bb global_colors_info=\u00a0\u00bb{}\u00a0\u00bb]<\/p>\n<h4>Plus d\u2019informations sur notre blog<\/h4>\n<p>[\/et_pb_text][et_pb_button button_url=\u00a0\u00bbhttps:\/\/blog.valquer.com\/rutina-de-limpieza-facial-natural\u00a0\u00bb url_new_window=\u00a0\u00bbon\u00a0\u00bb button_text=\u00a0\u00bbRoutine de nettoyage du visage\u00a0\u00bb button_alignment=\u00a0\u00bbcenter\u00a0\u00bb _builder_version=\u00a0\u00bb4.27.5&Prime; _module_preset=\u00a0\u00bbdefault\u00a0\u00bb custom_button=\u00a0\u00bbon\u00a0\u00bb button_text_size=\u00a0\u00bb17px\u00a0\u00bb button_border_width=\u00a0\u00bb2px\u00a0\u00bb button_border_color=\u00a0\u00bb#ffffff\u00a0\u00bb button_use_icon=\u00a0\u00bboff\u00a0\u00bb background_layout=\u00a0\u00bbdark\u00a0\u00bb custom_margin=\u00a0\u00bb10px||10px||true|false\u00a0\u00bb custom_padding=\u00a0\u00bb10px||10px||true|false\u00a0\u00bb custom_css_main_element=\u00a0\u00bbwidth:100%;\u00a0\u00bb global_colors_info=\u00a0\u00bb{}\u00a0\u00bb button_border_width__hover_enabled=\u00a0\u00bbon|desktop\u00a0\u00bb button_border_width__hover=\u00a0\u00bb2px\u00a0\u00bb button_bg_color__hover_enabled=\u00a0\u00bbon|desktop\u00a0\u00bb button_bg_color__hover=\u00a0\u00bb#ffffff\u00a0\u00bb button_bg_enable_color__hover=\u00a0\u00bbon\u00a0\u00bb button_text_color__hover_enabled=\u00a0\u00bbon|hover\u00a0\u00bb button_text_color__hover=\u00a0\u00bb#051B34&Prime;][\/et_pb_button][et_pb_button button_url=\u00a0\u00bbhttps:\/\/blog.valquer.com\/novedad-agua-micelar\u00a0\u00bb url_new_window=\u00a0\u00bbon\u00a0\u00bb button_text=\u00a0\u00bbEau micellaire\u00a0: le dernier cri en mati\u00e8re de cosm\u00e9tique nettoyante\u00a0\u00bb button_alignment=\u00a0\u00bbcenter\u00a0\u00bb _builder_version=\u00a0\u00bb4.27.5&Prime; _module_preset=\u00a0\u00bbdefault\u00a0\u00bb custom_button=\u00a0\u00bbon\u00a0\u00bb button_text_size=\u00a0\u00bb17px\u00a0\u00bb button_border_width=\u00a0\u00bb2px\u00a0\u00bb button_border_color=\u00a0\u00bb#ffffff\u00a0\u00bb button_use_icon=\u00a0\u00bboff\u00a0\u00bb background_layout=\u00a0\u00bbdark\u00a0\u00bb custom_margin=\u00a0\u00bb10px||10px||true|false\u00a0\u00bb custom_padding=\u00a0\u00bb10px||10px||true|false\u00a0\u00bb custom_css_main_element=\u00a0\u00bbwidth:100%;\u00a0\u00bb global_colors_info=\u00a0\u00bb{}\u00a0\u00bb button_border_width__hover_enabled=\u00a0\u00bbon|desktop\u00a0\u00bb button_border_width__hover=\u00a0\u00bb2px\u00a0\u00bb button_bg_color__hover_enabled=\u00a0\u00bbon|desktop\u00a0\u00bb button_bg_color__hover=\u00a0\u00bb#ffffff\u00a0\u00bb button_bg_enable_color__hover=\u00a0\u00bbon\u00a0\u00bb button_text_color__hover_enabled=\u00a0\u00bbon|hover\u00a0\u00bb button_text_color__hover=\u00a0\u00bb#051B34&Prime;][\/et_pb_button][\/et_pb_column][\/et_pb_row][\/et_pb_section][et_pb_section fb_built=\u00a0\u00bb1&Prime; _builder_version=\u00a0\u00bb4.27.5&Prime; _module_preset=\u00a0\u00bbdefault\u00a0\u00bb global_colors_info=\u00a0\u00bb{}\u00a0\u00bb][et_pb_row _builder_version=\u00a0\u00bb4.27.5&Prime; _module_preset=\u00a0\u00bba45db282-3f53-4204-b5e4-3acc2dbdc60a\u00a0\u00bb global_colors_info=\u00a0\u00bb{}\u00a0\u00bb][et_pb_column type=\u00a0\u00bb4_4&Prime; _builder_version=\u00a0\u00bb4.27.5&Prime; _module_preset=\u00a0\u00bbdefault\u00a0\u00bb global_colors_info=\u00a0\u00bb{}\u00a0\u00bb][et_pb_text _builder_version=\u00a0\u00bb4.27.5&Prime; _module_preset=\u00a0\u00bbdefault\u00a0\u00bb header_3_font=\u00a0\u00bbMabry Pro|300|||||||\u00a0\u00bb header_3_text_align=\u00a0\u00bbcenter\u00a0\u00bb header_3_font_size=\u00a0\u00bb32px\u00a0\u00bb locked=\u00a0\u00bboff\u00a0\u00bb global_colors_info=\u00a0\u00bb{}\u00a0\u00bb]<\/p>\n<h3>FAQS<\/h3>\n<p>[\/et_pb_text][et_pb_accordion open_toggle_background_color=\u00a0\u00bb#ffffff\u00a0\u00bb closed_toggle_background_color=\u00a0\u00bb#ffffff\u00a0\u00bb toggle_icon=\u00a0\u00bb&#x33;||divi||400&Prime; icon_color=\u00a0\u00bb#051B34&Prime; use_icon_font_size=\u00a0\u00bbon\u00a0\u00bb icon_font_size=\u00a0\u00bb30px\u00a0\u00bb _builder_version=\u00a0\u00bb4.27.5&Prime; _module_preset=\u00a0\u00bbdefault\u00a0\u00bb global_colors_info=\u00a0\u00bb{}\u00a0\u00bb][et_pb_accordion_item title=\u00a0\u00bbQuels produits utiliser pour un nettoyage et un d\u00e9maquillage quotidiens complets?\u00a0\u00bb open=\u00a0\u00bbon\u00a0\u00bb _builder_version=\u00a0\u00bb4.27.5&Prime; _module_preset=\u00a0\u00bbdefault\u00a0\u00bb custom_margin=\u00a0\u00bb0px||0px||true|false\u00a0\u00bb custom_padding=\u00a0\u00bb||||true|false\u00a0\u00bb global_colors_info=\u00a0\u00bb{}\u00a0\u00bb toggle_text_color=\u00a0\u00bb#051B34&Prime; toggle_font=\u00a0\u00bb|600|||||||\u00a0\u00bb toggle_font_size=\u00a0\u00bb20px\u00a0\u00bb]<\/p>\n<p>Pour le nettoyage et le d\u00e9maquillage quotidiens, il est recommand\u00e9 d\u2019utiliser le Lait D\u00e9maquillant, en l\u2019appliquant sur le visage et le cou et en le faisant p\u00e9n\u00e9trer par de l\u00e9gers massages du bout des doigts.<\/p>\n<p><\/p>\n<p>Retirez ensuite le maquillage \u00e0 l\u2019aide d\u2019un coton imbib\u00e9 de Lotion Hydratante Tonifiante ou en rin\u00e7ant \u00e0 l\u2019eau.<\/p>\n<p><\/p>\n<p>Dans le cas des yeux maquill\u00e9s, nettoyer avec le D\u00e9maquillant pour les yeux, car il s\u2019agit d\u2019une zone du visage particuli\u00e8rement sensible. Appliquer en trempant un coton dans la lotion et frotter d\u00e9licatement le contour des yeux, puis rincer \u00e0 l\u2019eau.<\/p>\n<p>[\/et_pb_accordion_item][et_pb_accordion_item title=\u00a0\u00bbQuels sont les produits recommand\u00e9s pour un nettoyage en profondeur?\u00a0\u00bb _builder_version=\u00a0\u00bb4.27.5&Prime; _module_preset=\u00a0\u00bbdefault\u00a0\u00bb custom_margin=\u00a0\u00bb0px||0px||true|false\u00a0\u00bb custom_padding=\u00a0\u00bb||||true|false\u00a0\u00bb global_colors_info=\u00a0\u00bb{}\u00a0\u00bb toggle_text_color=\u00a0\u00bb#051B34&Prime; toggle_font=\u00a0\u00bb|600|||||||\u00a0\u00bb toggle_font_size=\u00a0\u00bb20px\u00a0\u00bb open=\u00a0\u00bboff\u00a0\u00bb]<\/p>\n<p>Le nettoyage en profondeur est recommand\u00e9 en deux \u00e9tapes : dans la premi\u00e8re \u00e9tape, les impuret\u00e9s et les cellules mortes sont \u00e9limin\u00e9es, soit au moyen de micro-granules qui aident \u00e0 les \u00e9liminer par action m\u00e9canique, soit en les absorbant, et la deuxi\u00e8me \u00e9tape sert \u00e0 r\u00e9cup\u00e9rer, en apaisant et en d\u00e9congestionnant la peau.<\/p>\n<p><\/p>\n<p>Il est conseill\u00e9 d\u2019effectuer un traitement de nettoyage en profondeur une fois par semaine.<\/p>\n<p><\/p>\n<p>1\u00e8re \u00e9tape:<\/p>\n<p><\/p>\n<p>Le Peeling aux microgranules tra\u00eenants est appliqu\u00e9 sur le visage et le cou en massant avec des mouvements circulaires pour activer l\u2019action des microgranules, puis retir\u00e9 avec beaucoup d\u2019eau. Ce produit est recommand\u00e9 pour tous les types de peau.<\/p>\n<p><\/p>\n<p>Le Deep Cleanser est une cr\u00e8me sans microgranules qui s\u2019applique sur le visage et le cou, en \u00e9vitant le contour des yeux, en massant avec des mouvements circulaires jusqu\u2019\u00e0 ce que la cr\u00e8me blanchisse et s\u00e8che l\u00e9g\u00e8rement sur la peau. Elle \u00e9limine ainsi les impuret\u00e9s et redonne de l\u2019\u00e9clat \u00e0 la peau. Retirer ensuite avec beaucoup d\u2019eau. Produit recommand\u00e9 pour les peaux normales et mixtes.<\/p>\n<p><\/p>\n<p>2\u00e8me \u00e9tape:<\/p>\n<p><\/p>\n<p>Une fois le peeling ou le nettoyage en profondeur effectu\u00e9, appliquer le Masque Apaisant \u00e0 l\u2019aide d\u2019un pinceau en formant une fine couche sur le visage et le cou en \u00e9vitant le contour des yeux et de la bouche. Exposer pendant 10 minutes en veillant \u00e0 ne pas gesticuler. Retirer le produit sec \u00e0 l\u2019aide d\u2019un coton et rincer abondamment \u00e0 l\u2019eau ti\u00e8de. Produit recommand\u00e9 pour tous les types de peau.<\/p>\n<p>[\/et_pb_accordion_item][et_pb_accordion_item title=\u00a0\u00bbQuelle est la diff\u00e9rence entre l&apos;eau micellaire et le lait d\u00e9maquillant?\u00a0\u00bb _builder_version=\u00a0\u00bb4.27.5&Prime; _module_preset=\u00a0\u00bbdefault\u00a0\u00bb custom_margin=\u00a0\u00bb0px||0px||true|false\u00a0\u00bb custom_padding=\u00a0\u00bb||||true|false\u00a0\u00bb global_colors_info=\u00a0\u00bb{}\u00a0\u00bb toggle_text_color=\u00a0\u00bb#051B34&Prime; toggle_font=\u00a0\u00bb|600|||||||\u00a0\u00bb toggle_font_size=\u00a0\u00bb20px\u00a0\u00bb open=\u00a0\u00bboff\u00a0\u00bb]<\/p>\n<p>L\u2019eau micellaire nettoie le visage en douceur et le lait d\u00e9maquillant en profondeur.<\/p>\n<p>[\/et_pb_accordion_item][et_pb_accordion_item title=\u00a0\u00bbQu&apos;est-ce qu&apos;une ampoule au visage?\u00a0\u00bb _builder_version=\u00a0\u00bb4.27.5&Prime; _module_preset=\u00a0\u00bbdefault\u00a0\u00bb custom_margin=\u00a0\u00bb0px||0px||true|false\u00a0\u00bb custom_padding=\u00a0\u00bb||||true|false\u00a0\u00bb global_colors_info=\u00a0\u00bb{}\u00a0\u00bb toggle_text_color=\u00a0\u00bb#051B34&Prime; toggle_font=\u00a0\u00bb|600|||||||\u00a0\u00bb toggle_font_size=\u00a0\u00bb20px\u00a0\u00bb open=\u00a0\u00bboff\u00a0\u00bb]<\/p>\n<p>Il s\u2019agit de traitements intensifs pour le visage qui contiennent une plus grande concentration d\u2019ingr\u00e9dients actifs que les autres traitements pour le visage.<\/p>\n<p>[\/et_pb_accordion_item][et_pb_accordion_item title=\u00a0\u00bbQuelle est la diff\u00e9rence entre les ampoules et les s\u00e9rums pour le visage?\u00a0\u00bb _builder_version=\u00a0\u00bb4.27.5&Prime; _module_preset=\u00a0\u00bbdefault\u00a0\u00bb custom_margin=\u00a0\u00bb0px||0px||true|false\u00a0\u00bb custom_padding=\u00a0\u00bb||||true|false\u00a0\u00bb global_colors_info=\u00a0\u00bb{}\u00a0\u00bb toggle_text_color=\u00a0\u00bb#051B34&Prime; toggle_font=\u00a0\u00bb|600|||||||\u00a0\u00bb toggle_font_size=\u00a0\u00bb20px\u00a0\u00bb open=\u00a0\u00bboff\u00a0\u00bb]<\/p>\n<p>\u00a0Les principes actifs sont plus concentr\u00e9s dans les ampoules que dans les s\u00e9rums et la texture est plus fluide afin d\u2019atteindre les couches plus profondes de la peau.<\/p>\n<p>[\/et_pb_accordion_item][et_pb_accordion_item title=\u00a0\u00bbPourquoi les ampoules sont-elles pr\u00e9sent\u00e9es sous forme d&apos;unidoses?\u00a0\u00bb _builder_version=\u00a0\u00bb4.27.5&Prime; _module_preset=\u00a0\u00bbdefault\u00a0\u00bb custom_margin=\u00a0\u00bb0px||0px||true|false\u00a0\u00bb custom_padding=\u00a0\u00bb||||true|false\u00a0\u00bb global_colors_info=\u00a0\u00bb{}\u00a0\u00bb toggle_text_color=\u00a0\u00bb#051B34&Prime; toggle_font=\u00a0\u00bb|600|||||||\u00a0\u00bb toggle_font_size=\u00a0\u00bb20px\u00a0\u00bb open=\u00a0\u00bboff\u00a0\u00bb]<\/p>\n<p>Les ampoules sont \u00e0 usage unique afin de conserver le produit intact sans qu\u2019il perde ses propri\u00e9t\u00e9s apr\u00e8s plusieurs utilisations.<\/p>\n<p>[\/et_pb_accordion_item][et_pb_accordion_item title=\u00a0\u00bbQuelle est la diff\u00e9rence entre les ampoules de peeling et le peeling D&apos;BULLON?\u00a0\u00bb _builder_version=\u00a0\u00bb4.27.5&Prime; _module_preset=\u00a0\u00bbdefault\u00a0\u00bb custom_margin=\u00a0\u00bb0px||0px||true|false\u00a0\u00bb custom_padding=\u00a0\u00bb||||true|false\u00a0\u00bb global_colors_info=\u00a0\u00bb{}\u00a0\u00bb toggle_text_color=\u00a0\u00bb#051B34&Prime; toggle_font=\u00a0\u00bb|600|||||||\u00a0\u00bb toggle_font_size=\u00a0\u00bb20px\u00a0\u00bb open=\u00a0\u00bboff\u00a0\u00bb]<\/p>\n<p>Les ampoules de peeling sont des exfoliants chimiques (sans microgranules) et le peeling D \u0301BULLON est un peeling physique (avec microgranules). Les deux sont recommand\u00e9s pour une utilisation toutes les 2 semaines.<\/p>\n<p><\/p>\n<p>*Vous pouvez combiner les deux produits et en utiliser un chaque semaine.<\/p>\n<p>[\/et_pb_accordion_item][et_pb_accordion_item title=\u00a0\u00bbPeut-on utiliser une ampoule et un s\u00e9rum dans la m\u00eame routine?\u00a0\u00bb _builder_version=\u00a0\u00bb4.27.5&Prime; _module_preset=\u00a0\u00bbdefault\u00a0\u00bb custom_margin=\u00a0\u00bb0px||0px||true|false\u00a0\u00bb custom_padding=\u00a0\u00bb||||true|false\u00a0\u00bb global_colors_info=\u00a0\u00bb{}\u00a0\u00bb toggle_text_color=\u00a0\u00bb#051B34&Prime; toggle_font=\u00a0\u00bb|600|||||||\u00a0\u00bb toggle_font_size=\u00a0\u00bb20px\u00a0\u00bb open=\u00a0\u00bboff\u00a0\u00bb]<\/p>\n<p>\u00a0Oui, les deux produits sont compl\u00e9mentaires.<\/p>\n<p>[\/et_pb_accordion_item][et_pb_accordion_item title=\u00a0\u00bbLes ampoules sont-elles ionisables pour l&apos;esth\u00e9tique?\u00a0\u00bb _builder_version=\u00a0\u00bb4.27.5&Prime; _module_preset=\u00a0\u00bbdefault\u00a0\u00bb custom_margin=\u00a0\u00bb0px||0px||true|false\u00a0\u00bb custom_padding=\u00a0\u00bb||||true|false\u00a0\u00bb global_colors_info=\u00a0\u00bb{}\u00a0\u00bb toggle_text_color=\u00a0\u00bb#051B34&Prime; toggle_font=\u00a0\u00bb|600|||||||\u00a0\u00bb toggle_font_size=\u00a0\u00bb20px\u00a0\u00bb open=\u00a0\u00bboff\u00a0\u00bb]<\/p>\n<p>Oui, nos ampoules sont ionisables.<\/p>\n<p>[\/et_pb_accordion_item][\/et_pb_accordion][\/et_pb_column][\/et_pb_row][\/et_pb_section][et_pb_section fb_built=\u00a0\u00bb1&Prime; _builder_version=\u00a0\u00bb4.27.5&Prime; _module_preset=\u00a0\u00bbdefault\u00a0\u00bb background_color=\u00a0\u00bb#051B34&Prime; locked=\u00a0\u00bboff\u00a0\u00bb global_colors_info=\u00a0\u00bb{}\u00a0\u00bb][et_pb_row column_structure=\u00a0\u00bb1_2,1_2&Prime; _builder_version=\u00a0\u00bb4.27.5&Prime; _module_preset=\u00a0\u00bba45db282-3f53-4204-b5e4-3acc2dbdc60a\u00a0\u00bb global_colors_info=\u00a0\u00bb{}\u00a0\u00bb][et_pb_column type=\u00a0\u00bb1_2&Prime; _builder_version=\u00a0\u00bb4.27.5&Prime; _module_preset=\u00a0\u00bbdefault\u00a0\u00bb global_colors_info=\u00a0\u00bb{}\u00a0\u00bb][et_pb_text _builder_version=\u00a0\u00bb4.27.5&Prime; _module_preset=\u00a0\u00bbdefault\u00a0\u00bb header_2_text_color=\u00a0\u00bb#ffffff\u00a0\u00bb header_2_line_height=\u00a0\u00bb1.2em\u00a0\u00bb custom_margin=\u00a0\u00bb||7px|||\u00a0\u00bb locked=\u00a0\u00bboff\u00a0\u00bb global_colors_info=\u00a0\u00bb{}\u00a0\u00bb]<\/p>\n<h2>Profitez des avantages d&rsquo;\u00eatre un professionnel<\/h2>\n<p>[\/et_pb_text][\/et_pb_column][et_pb_column type=\u00a0\u00bb1_2&Prime; _builder_version=\u00a0\u00bb4.27.5&Prime; _module_preset=\u00a0\u00bbdefault\u00a0\u00bb global_colors_info=\u00a0\u00bb{}\u00a0\u00bb][et_pb_text _builder_version=\u00a0\u00bb4.27.5&Prime; _module_preset=\u00a0\u00bbdefault\u00a0\u00bb header_3_font=\u00a0\u00bbMabry Pro|300|||||||\u00a0\u00bb header_3_text_align=\u00a0\u00bbcenter\u00a0\u00bb header_3_font_size=\u00a0\u00bb32px\u00a0\u00bb header_4_text_color=\u00a0\u00bb#ffffff\u00a0\u00bb background_layout=\u00a0\u00bbdark\u00a0\u00bb custom_margin=\u00a0\u00bb||14px|||\u00a0\u00bb locked=\u00a0\u00bboff\u00a0\u00bb global_colors_info=\u00a0\u00bb{}\u00a0\u00bb]<\/p>\n<p>Inscrivez-vous dans notre boutique en ligne ou devenez un professionnel en remplissant notre formulaire de contact pour b\u00e9n\u00e9ficier de r\u00e9ductions exclusives.<\/p>\n<p>[\/et_pb_text][et_pb_button button_url=\u00a0\u00bbhttps:\/\/sie7e24.es\/valquer\/fr\/contactez-nous\/\u00a0\u00bb button_text=\u00a0\u00bbDemander des Informations\u00a0\u00bb button_alignment=\u00a0\u00bbcenter\u00a0\u00bb _builder_version=\u00a0\u00bb4.27.5&Prime; _module_preset=\u00a0\u00bbdefault\u00a0\u00bb custom_button=\u00a0\u00bbon\u00a0\u00bb button_text_size=\u00a0\u00bb17px\u00a0\u00bb button_border_width=\u00a0\u00bb2px\u00a0\u00bb button_border_color=\u00a0\u00bb#ffffff\u00a0\u00bb button_use_icon=\u00a0\u00bboff\u00a0\u00bb background_layout=\u00a0\u00bbdark\u00a0\u00bb custom_margin=\u00a0\u00bb10px||10px||true|false\u00a0\u00bb custom_padding=\u00a0\u00bb10px||10px||true|false\u00a0\u00bb custom_css_main_element=\u00a0\u00bbwidth:100%;\u00a0\u00bb global_colors_info=\u00a0\u00bb{}\u00a0\u00bb button_border_width__hover_enabled=\u00a0\u00bbon|desktop\u00a0\u00bb button_border_width__hover=\u00a0\u00bb2px\u00a0\u00bb button_bg_color__hover_enabled=\u00a0\u00bbon|desktop\u00a0\u00bb button_bg_color__hover=\u00a0\u00bb#ffffff\u00a0\u00bb button_bg_enable_color__hover=\u00a0\u00bbon\u00a0\u00bb button_text_color__hover_enabled=\u00a0\u00bbon|hover\u00a0\u00bb button_text_color__hover=\u00a0\u00bb#051B34&Prime;][\/et_pb_button][et_pb_button button_url=\u00a0\u00bbhttps:\/\/www.valquer.com\/account\/register\u00a0\u00bb button_text=\u00a0\u00bbCr\u00e9er un Compte\u00a0\u00bb button_alignment=\u00a0\u00bbcenter\u00a0\u00bb _builder_version=\u00a0\u00bb4.27.5&Prime; _module_preset=\u00a0\u00bbdefault\u00a0\u00bb custom_button=\u00a0\u00bbon\u00a0\u00bb button_text_size=\u00a0\u00bb17px\u00a0\u00bb button_border_width=\u00a0\u00bb2px\u00a0\u00bb button_border_color=\u00a0\u00bb#ffffff\u00a0\u00bb button_use_icon=\u00a0\u00bboff\u00a0\u00bb background_layout=\u00a0\u00bbdark\u00a0\u00bb custom_margin=\u00a0\u00bb10px||10px||true|false\u00a0\u00bb custom_padding=\u00a0\u00bb10px||10px||true|false\u00a0\u00bb custom_css_main_element=\u00a0\u00bbwidth:100%;\u00a0\u00bb global_colors_info=\u00a0\u00bb{}\u00a0\u00bb button_border_width__hover_enabled=\u00a0\u00bbon|desktop\u00a0\u00bb button_border_width__hover=\u00a0\u00bb2px\u00a0\u00bb button_bg_color__hover_enabled=\u00a0\u00bbon|desktop\u00a0\u00bb button_bg_color__hover=\u00a0\u00bb#ffffff\u00a0\u00bb button_bg_enable_color__hover=\u00a0\u00bbon\u00a0\u00bb button_text_color__hover_enabled=\u00a0\u00bbon|hover\u00a0\u00bb button_text_color__hover=\u00a0\u00bb#051B34&Prime;][\/et_pb_button][\/et_pb_column][\/et_pb_row][\/et_pb_section]<\/p>\n","protected":false},"excerpt":{"rendered":"<p>Produits cosm\u00e9tiques nettoyants pour le visageProduits cosm\u00e9tiques nettoyants pour le soin de la peau du visage. Nettoyants pour le visage qui pr\u00e9parent la peau \u00e0 un traitement ult\u00e9rieur. Nettoyants solides pour le visage. Nettoyants pour le visage. Nettoyage en profondeur. Nettoyants solides pour le visage<div class=\"et_pb_module dipi_carousel dipi_carousel_0\">\n\t\t\t\t\n\t\t\t\t\n\t\t\t\t\n\t\t\t\t\n\t\t\t\t\n\t\t\t\t\n\t\t\t\t<div class=\"et_pb_module_inner\">\n\t\t\t\t\t\n            <div class=\"dipi-carousel-main dipi_loading hide_lightbox hide_lightbox_tablet hide_lightbox_phone\" data-columnsdesktop='\u00bb7&Prime;' data-columnstablet='\u00bb7&Prime;' data-columnsphone='\u00bb7&Prime;' data-spacebetween='\u00bb0&Prime;' data-spacebetween_tablet='\u00bb0&Prime;' data-spacebetween_phone='\u00bb0&Prime;' data-speed='\u00bb3000&Prime;|\u00bb3000&Prime;|\u00bb3000&Prime;' data-navigation='off' data-navigation_t='off' data-navigation_m='off' data-pagination='off' data-pagination_t='off' data-pagination_m='off' data-autoplay_settigns='{\"loop_wide\":\"\\u00bbon\",\"autoplay_wide\":\"\\u00bbon\",\"continues_wide\":\"\\u00bbon\",\"autoplay_reverse_wide\":\"off\",\"pause_on_hover_wide\":\"\\u00bbon\",\"autoplay_speed_wide\":\"\\u00bb500&Prime;\",\"loop_mid\":\"off\",\"autoplay_mid\":\"off\",\"continues_mid\":\"off\",\"autoplay_reverse_mid\":\"off\",\"pause_on_hover_mid\":\"off\",\"autoplay_speed_mid\":\"5000\",\"loop_small\":\"off\",\"autoplay_small\":\"off\",\"continues_small\":\"off\",\"autoplay_reverse_small\":\"off\",\"pause_on_hover_small\":\"off\",\"autoplay_speed_small\":\"5000\"}' data-effect='slide' data-rotate='50' data-dynamicbullets='on' data-ordernumber='0' data-centered='off' data-allow_touch_move='on' data-allow_touch_move_t='on' data-allow_touch_move_p='on' data-shadow='on' data-continues='off' style=\"display:none;\">\n                <div class=\"swiper-container\">\n                    <div class=\"dipi-carousel-wrapper\">\n                        \n                    <\/div>\n                <\/div>\n                <div class=\"swiper-button-next swiper-arrow-button dipi-sbn0 \" data-icon=\"9\"><\/div>\n                <div class=\"swiper-button-prev swiper-arrow-button dipi-sbp0 \" data-icon=\"8\"><\/div>\n                \n                <div class=\"swiper-container-horizontal\">\n                    <div class=\"swiper-pagination dipi-sp0\"><\/div>\n                <\/div>\n            <\/div>\n\t\t\t\t<\/div>\n\t\t\t<\/div><\/p>\n","protected":false},"author":2,"featured_media":5207,"parent":3681,"menu_order":0,"comment_status":"closed","ping_status":"closed","template":"","meta":{"_et_pb_use_builder":"on","_et_pb_old_content":"","_et_gb_content_width":"","footnotes":""},"dipi_cpt_category":[],"class_list":["post-5220","page","type-page","status-publish","has-post-thumbnail","hentry"],"yoast_head":"<!-- This site is optimized with the Yoast SEO Premium plugin v26.8 (Yoast SEO v26.8) - https:\/\/yoast.com\/product\/yoast-seo-premium-wordpress\/ -->\n<title>Nettoyage du Visagenet - Valquer\u00ae Laboratorios<\/title>\n<meta name=\"description\" content=\"D\u00e9couvrez la gamme de nettoyage du visage de Valquer avec des nettoyants visage, de l\u2019eau micellaire, un peeling et des masques pour un nettoyage en profondeur.\" \/>\n<meta name=\"robots\" content=\"index, follow, max-snippet:-1, max-image-preview:large, max-video-preview:-1\" \/>\n<link rel=\"canonical\" href=\"https:\/\/info.valquer.com\/fr\/professionnels\/catalogue\/soin-peau\/nettoyage-du-visagenet\/\" \/>\n<meta property=\"og:locale\" content=\"fr_FR\" \/>\n<meta property=\"og:type\" content=\"article\" \/>\n<meta property=\"og:title\" content=\"Nettoyage du Visagenet\" \/>\n<meta property=\"og:description\" content=\"D\u00e9couvrez la gamme de nettoyage du visage de Valquer avec des nettoyants visage, de l\u2019eau micellaire, un peeling et des masques pour un nettoyage en profondeur.\" \/>\n<meta property=\"og:url\" content=\"https:\/\/info.valquer.com\/fr\/professionnels\/catalogue\/soin-peau\/nettoyage-du-visagenet\/\" \/>\n<meta property=\"og:site_name\" content=\"Valquer\u00ae Laboratorios\" \/>\n<meta property=\"article:publisher\" content=\"https:\/\/www.facebook.com\/valquerlaboratorios\/\" \/>\n<meta property=\"article:modified_time\" content=\"2026-04-15T05:58:12+00:00\" \/>\n<meta property=\"og:image\" content=\"https:\/\/info.valquer.com\/wp-content\/uploads\/2026\/01\/Banner_limpieza_facial.webp\" \/>\n\t<meta property=\"og:image:width\" content=\"1049\" \/>\n\t<meta property=\"og:image:height\" content=\"700\" \/>\n\t<meta property=\"og:image:type\" content=\"image\/webp\" \/>\n<meta name=\"twitter:card\" content=\"summary_large_image\" \/>\n<meta name=\"twitter:label1\" content=\"Dur\u00e9e de lecture estim\u00e9e\" \/>\n\t<meta name=\"twitter:data1\" content=\"23 minutes\" \/>\n<script type=\"application\/ld+json\" class=\"yoast-schema-graph\">{\"@context\":\"https:\/\/schema.org\",\"@graph\":[{\"@type\":\"WebPage\",\"@id\":\"https:\/\/info.valquer.com\/fr\/professionnels\/catalogue\/soin-peau\/nettoyage-du-visagenet\/\",\"url\":\"https:\/\/info.valquer.com\/fr\/professionnels\/catalogue\/soin-peau\/nettoyage-du-visagenet\/\",\"name\":\"Nettoyage du Visagenet - Valquer\u00ae Laboratorios\",\"isPartOf\":{\"@id\":\"https:\/\/info.valquer.com\/fr\/#website\"},\"primaryImageOfPage\":{\"@id\":\"https:\/\/info.valquer.com\/fr\/professionnels\/catalogue\/soin-peau\/nettoyage-du-visagenet\/#primaryimage\"},\"image\":{\"@id\":\"https:\/\/info.valquer.com\/fr\/professionnels\/catalogue\/soin-peau\/nettoyage-du-visagenet\/#primaryimage\"},\"thumbnailUrl\":\"https:\/\/info.valquer.com\/wp-content\/uploads\/2026\/01\/Banner_limpieza_facial.webp\",\"datePublished\":\"2026-01-07T17:26:32+00:00\",\"dateModified\":\"2026-04-15T05:58:12+00:00\",\"description\":\"D\u00e9couvrez la gamme de nettoyage du visage de Valquer avec des nettoyants visage, de l\u2019eau micellaire, un peeling et des masques pour un nettoyage en profondeur.\",\"breadcrumb\":{\"@id\":\"https:\/\/info.valquer.com\/fr\/professionnels\/catalogue\/soin-peau\/nettoyage-du-visagenet\/#breadcrumb\"},\"inLanguage\":\"fr-FR\",\"potentialAction\":[{\"@type\":\"ReadAction\",\"target\":[\"https:\/\/info.valquer.com\/fr\/professionnels\/catalogue\/soin-peau\/nettoyage-du-visagenet\/\"]}]},{\"@type\":\"ImageObject\",\"inLanguage\":\"fr-FR\",\"@id\":\"https:\/\/info.valquer.com\/fr\/professionnels\/catalogue\/soin-peau\/nettoyage-du-visagenet\/#primaryimage\",\"url\":\"https:\/\/info.valquer.com\/wp-content\/uploads\/2026\/01\/Banner_limpieza_facial.webp\",\"contentUrl\":\"https:\/\/info.valquer.com\/wp-content\/uploads\/2026\/01\/Banner_limpieza_facial.webp\",\"width\":1049,\"height\":700,\"caption\":\"Banni\u00e8re nettoyage du visage\"},{\"@type\":\"BreadcrumbList\",\"@id\":\"https:\/\/info.valquer.com\/fr\/professionnels\/catalogue\/soin-peau\/nettoyage-du-visagenet\/#breadcrumb\",\"itemListElement\":[{\"@type\":\"ListItem\",\"position\":1,\"name\":\"Portada\",\"item\":\"https:\/\/info.valquer.com\/fr\/\"},{\"@type\":\"ListItem\",\"position\":2,\"name\":\"Je suis un professionnel\",\"item\":\"https:\/\/info.valquer.com\/fr\/professionnels\/\"},{\"@type\":\"ListItem\",\"position\":3,\"name\":\"CATALOGUE\",\"item\":\"https:\/\/info.valquer.com\/fr\/professionnels\/catalogue\/\"},{\"@type\":\"ListItem\",\"position\":4,\"name\":\"Soin Peau\",\"item\":\"https:\/\/info.valquer.com\/fr\/professionnels\/catalogue\/soin-peau\/\"},{\"@type\":\"ListItem\",\"position\":5,\"name\":\"Nettoyage du Visagenet\"}]},{\"@type\":\"WebSite\",\"@id\":\"https:\/\/info.valquer.com\/fr\/#website\",\"url\":\"https:\/\/info.valquer.com\/fr\/\",\"name\":\"Valquer\u00ae Laboratorios\",\"description\":\"Dermocosm\u00e9tica Natural y Sostenible\",\"publisher\":{\"@id\":\"https:\/\/info.valquer.com\/fr\/#organization\"},\"alternateName\":\"Valquer Labs\",\"potentialAction\":[{\"@type\":\"SearchAction\",\"target\":{\"@type\":\"EntryPoint\",\"urlTemplate\":\"https:\/\/info.valquer.com\/fr\/?s={search_term_string}\"},\"query-input\":{\"@type\":\"PropertyValueSpecification\",\"valueRequired\":true,\"valueName\":\"search_term_string\"}}],\"inLanguage\":\"fr-FR\"},{\"@type\":\"Organization\",\"@id\":\"https:\/\/info.valquer.com\/fr\/#organization\",\"name\":\"Valquer\u00ae Laboratorios\",\"alternateName\":\"Valquer Labs\",\"url\":\"https:\/\/info.valquer.com\/fr\/\",\"logo\":{\"@type\":\"ImageObject\",\"inLanguage\":\"fr-FR\",\"@id\":\"https:\/\/info.valquer.com\/fr\/#\/schema\/logo\/image\/\",\"url\":\"https:\/\/info.valquer.com\/wp-content\/uploads\/2026\/01\/Logo-Valquer.jpg\",\"contentUrl\":\"https:\/\/info.valquer.com\/wp-content\/uploads\/2026\/01\/Logo-Valquer.jpg\",\"width\":1200,\"height\":675,\"caption\":\"Valquer\u00ae Laboratorios\"},\"image\":{\"@id\":\"https:\/\/info.valquer.com\/fr\/#\/schema\/logo\/image\/\"},\"sameAs\":[\"https:\/\/www.facebook.com\/valquerlaboratorios\/\",\"https:\/\/www.instagram.com\/valquer_laboratorios\/\",\"https:\/\/www.tiktok.com\/@valquer_laboratorios\",\"https:\/\/www.youtube.com\/user\/laboratoriosvalquer\",\"https:\/\/www.linkedin.com\/company\/laboratorios-valquer\/?originalSubdomain=es\"],\"description\":\"Cosm\u00e9ticos biotecnol\u00f3gicos, naturales y sostenibles. Laboratorio y fabricante de cosm\u00e9ticos desde 1975. Con presencia en m\u00e1s de 65 pa\u00edses y sedes en Espa\u00f1a, Reino Unido y M\u00e9xico. Valquer Laboratorios, investiga, desarrolla y fabrica productos cosm\u00e9ticos biotecnol\u00f3gicos, veganos, naturales, sostenibles y testados dermatol\u00f3gicamente, para terceros.\",\"email\":\"info@valquer.com\",\"telephone\":\"+34 925 91 00 99\",\"legalName\":\"VALQUER LABORATORIOS S.L.U.\",\"foundingDate\":\"1975-07-10\",\"vatID\":\"B78094489\",\"taxID\":\"B78094489\",\"numberOfEmployees\":{\"@type\":\"QuantitativeValue\",\"minValue\":\"51\",\"maxValue\":\"200\"},\"publishingPrinciples\":\"https:\/\/info.valquer.com\/home\/\"}]}<\/script>\n<!-- \/ Yoast SEO Premium plugin. -->","yoast_head_json":{"title":"Nettoyage du Visagenet - Valquer\u00ae Laboratorios","description":"D\u00e9couvrez la gamme de nettoyage du visage de Valquer avec des nettoyants visage, de l\u2019eau micellaire, un peeling et des masques pour un nettoyage en profondeur.","robots":{"index":"index","follow":"follow","max-snippet":"max-snippet:-1","max-image-preview":"max-image-preview:large","max-video-preview":"max-video-preview:-1"},"canonical":"https:\/\/info.valquer.com\/fr\/professionnels\/catalogue\/soin-peau\/nettoyage-du-visagenet\/","og_locale":"fr_FR","og_type":"article","og_title":"Nettoyage du Visagenet","og_description":"D\u00e9couvrez la gamme de nettoyage du visage de Valquer avec des nettoyants visage, de l\u2019eau micellaire, un peeling et des masques pour un nettoyage en profondeur.","og_url":"https:\/\/info.valquer.com\/fr\/professionnels\/catalogue\/soin-peau\/nettoyage-du-visagenet\/","og_site_name":"Valquer\u00ae Laboratorios","article_publisher":"https:\/\/www.facebook.com\/valquerlaboratorios\/","article_modified_time":"2026-04-15T05:58:12+00:00","og_image":[{"width":1049,"height":700,"url":"https:\/\/info.valquer.com\/wp-content\/uploads\/2026\/01\/Banner_limpieza_facial.webp","type":"image\/webp"}],"twitter_card":"summary_large_image","twitter_misc":{"Dur\u00e9e de lecture estim\u00e9e":"23 minutes"},"schema":{"@context":"https:\/\/schema.org","@graph":[{"@type":"WebPage","@id":"https:\/\/info.valquer.com\/fr\/professionnels\/catalogue\/soin-peau\/nettoyage-du-visagenet\/","url":"https:\/\/info.valquer.com\/fr\/professionnels\/catalogue\/soin-peau\/nettoyage-du-visagenet\/","name":"Nettoyage du Visagenet - Valquer\u00ae Laboratorios","isPartOf":{"@id":"https:\/\/info.valquer.com\/fr\/#website"},"primaryImageOfPage":{"@id":"https:\/\/info.valquer.com\/fr\/professionnels\/catalogue\/soin-peau\/nettoyage-du-visagenet\/#primaryimage"},"image":{"@id":"https:\/\/info.valquer.com\/fr\/professionnels\/catalogue\/soin-peau\/nettoyage-du-visagenet\/#primaryimage"},"thumbnailUrl":"https:\/\/info.valquer.com\/wp-content\/uploads\/2026\/01\/Banner_limpieza_facial.webp","datePublished":"2026-01-07T17:26:32+00:00","dateModified":"2026-04-15T05:58:12+00:00","description":"D\u00e9couvrez la gamme de nettoyage du visage de Valquer avec des nettoyants visage, de l\u2019eau micellaire, un peeling et des masques pour un nettoyage en profondeur.","breadcrumb":{"@id":"https:\/\/info.valquer.com\/fr\/professionnels\/catalogue\/soin-peau\/nettoyage-du-visagenet\/#breadcrumb"},"inLanguage":"fr-FR","potentialAction":[{"@type":"ReadAction","target":["https:\/\/info.valquer.com\/fr\/professionnels\/catalogue\/soin-peau\/nettoyage-du-visagenet\/"]}]},{"@type":"ImageObject","inLanguage":"fr-FR","@id":"https:\/\/info.valquer.com\/fr\/professionnels\/catalogue\/soin-peau\/nettoyage-du-visagenet\/#primaryimage","url":"https:\/\/info.valquer.com\/wp-content\/uploads\/2026\/01\/Banner_limpieza_facial.webp","contentUrl":"https:\/\/info.valquer.com\/wp-content\/uploads\/2026\/01\/Banner_limpieza_facial.webp","width":1049,"height":700,"caption":"Banni\u00e8re nettoyage du visage"},{"@type":"BreadcrumbList","@id":"https:\/\/info.valquer.com\/fr\/professionnels\/catalogue\/soin-peau\/nettoyage-du-visagenet\/#breadcrumb","itemListElement":[{"@type":"ListItem","position":1,"name":"Portada","item":"https:\/\/info.valquer.com\/fr\/"},{"@type":"ListItem","position":2,"name":"Je suis un professionnel","item":"https:\/\/info.valquer.com\/fr\/professionnels\/"},{"@type":"ListItem","position":3,"name":"CATALOGUE","item":"https:\/\/info.valquer.com\/fr\/professionnels\/catalogue\/"},{"@type":"ListItem","position":4,"name":"Soin Peau","item":"https:\/\/info.valquer.com\/fr\/professionnels\/catalogue\/soin-peau\/"},{"@type":"ListItem","position":5,"name":"Nettoyage du Visagenet"}]},{"@type":"WebSite","@id":"https:\/\/info.valquer.com\/fr\/#website","url":"https:\/\/info.valquer.com\/fr\/","name":"Valquer\u00ae Laboratorios","description":"Dermocosm\u00e9tica Natural y Sostenible","publisher":{"@id":"https:\/\/info.valquer.com\/fr\/#organization"},"alternateName":"Valquer Labs","potentialAction":[{"@type":"SearchAction","target":{"@type":"EntryPoint","urlTemplate":"https:\/\/info.valquer.com\/fr\/?s={search_term_string}"},"query-input":{"@type":"PropertyValueSpecification","valueRequired":true,"valueName":"search_term_string"}}],"inLanguage":"fr-FR"},{"@type":"Organization","@id":"https:\/\/info.valquer.com\/fr\/#organization","name":"Valquer\u00ae Laboratorios","alternateName":"Valquer Labs","url":"https:\/\/info.valquer.com\/fr\/","logo":{"@type":"ImageObject","inLanguage":"fr-FR","@id":"https:\/\/info.valquer.com\/fr\/#\/schema\/logo\/image\/","url":"https:\/\/info.valquer.com\/wp-content\/uploads\/2026\/01\/Logo-Valquer.jpg","contentUrl":"https:\/\/info.valquer.com\/wp-content\/uploads\/2026\/01\/Logo-Valquer.jpg","width":1200,"height":675,"caption":"Valquer\u00ae Laboratorios"},"image":{"@id":"https:\/\/info.valquer.com\/fr\/#\/schema\/logo\/image\/"},"sameAs":["https:\/\/www.facebook.com\/valquerlaboratorios\/","https:\/\/www.instagram.com\/valquer_laboratorios\/","https:\/\/www.tiktok.com\/@valquer_laboratorios","https:\/\/www.youtube.com\/user\/laboratoriosvalquer","https:\/\/www.linkedin.com\/company\/laboratorios-valquer\/?originalSubdomain=es"],"description":"Cosm\u00e9ticos biotecnol\u00f3gicos, naturales y sostenibles. Laboratorio y fabricante de cosm\u00e9ticos desde 1975. Con presencia en m\u00e1s de 65 pa\u00edses y sedes en Espa\u00f1a, Reino Unido y M\u00e9xico. Valquer Laboratorios, investiga, desarrolla y fabrica productos cosm\u00e9ticos biotecnol\u00f3gicos, veganos, naturales, sostenibles y testados dermatol\u00f3gicamente, para terceros.","email":"info@valquer.com","telephone":"+34 925 91 00 99","legalName":"VALQUER LABORATORIOS S.L.U.","foundingDate":"1975-07-10","vatID":"B78094489","taxID":"B78094489","numberOfEmployees":{"@type":"QuantitativeValue","minValue":"51","maxValue":"200"},"publishingPrinciples":"https:\/\/info.valquer.com\/home\/"}]}},"_links":{"self":[{"href":"https:\/\/info.valquer.com\/fr\/wp-json\/wp\/v2\/pages\/5220","targetHints":{"allow":["GET"]}}],"collection":[{"href":"https:\/\/info.valquer.com\/fr\/wp-json\/wp\/v2\/pages"}],"about":[{"href":"https:\/\/info.valquer.com\/fr\/wp-json\/wp\/v2\/types\/page"}],"author":[{"embeddable":true,"href":"https:\/\/info.valquer.com\/fr\/wp-json\/wp\/v2\/users\/2"}],"replies":[{"embeddable":true,"href":"https:\/\/info.valquer.com\/fr\/wp-json\/wp\/v2\/comments?post=5220"}],"version-history":[{"count":3,"href":"https:\/\/info.valquer.com\/fr\/wp-json\/wp\/v2\/pages\/5220\/revisions"}],"predecessor-version":[{"id":10733,"href":"https:\/\/info.valquer.com\/fr\/wp-json\/wp\/v2\/pages\/5220\/revisions\/10733"}],"up":[{"embeddable":true,"href":"https:\/\/info.valquer.com\/fr\/wp-json\/wp\/v2\/pages\/3681"}],"wp:featuredmedia":[{"embeddable":true,"href":"https:\/\/info.valquer.com\/fr\/wp-json\/wp\/v2\/media\/5207"}],"wp:attachment":[{"href":"https:\/\/info.valquer.com\/fr\/wp-json\/wp\/v2\/media?parent=5220"}],"wp:term":[{"taxonomy":"dipi_cpt_category","embeddable":true,"href":"https:\/\/info.valquer.com\/fr\/wp-json\/wp\/v2\/dipi_cpt_category?post=5220"}],"curies":[{"name":"wp","href":"https:\/\/api.w.org\/{rel}","templated":true}]}}