{"id":4037,"date":"2026-01-06T17:24:38","date_gmt":"2026-01-06T17:24:38","guid":{"rendered":"https:\/\/sie7e24.es\/valquer\/catalogue\/soin-peau\/creme-solaire-visage\/"},"modified":"2026-04-15T07:10:24","modified_gmt":"2026-04-15T07:10:24","slug":"creme-solaire-visage","status":"publish","type":"page","link":"https:\/\/info.valquer.com\/fr\/professionnels\/catalogue\/soin-peau\/creme-solaire-visage\/","title":{"rendered":"solaire visage"},"content":{"rendered":"<p>[et_pb_section fb_built=\u00a0\u00bb1&Prime; module_class=\u00a0\u00bbHeaderAzulValquer\u00a0\u00bb _builder_version=\u00a0\u00bb4.27.5&Prime; _module_preset=\u00a0\u00bbdefault\u00a0\u00bb background_color=\u00a0\u00bb#051B34&Prime; background_image=\u00a0\u00bbhttps:\/\/info.valquer.com\/wp-content\/uploads\/2026\/01\/Banner_fotoproteccion_piel.png\u00a0\u00bb custom_padding=\u00a0\u00bb0px||0px||true|false\u00a0\u00bb global_colors_info=\u00a0\u00bb{}\u00a0\u00bb][et_pb_row custom_padding_last_edited=\u00a0\u00bbon|phone\u00a0\u00bb _builder_version=\u00a0\u00bb4.27.5&Prime; _module_preset=\u00a0\u00bbdefault\u00a0\u00bb background_enable_image=\u00a0\u00bboff\u00a0\u00bb width=\u00a0\u00bb100%\u00a0\u00bb max_width=\u00a0\u00bb90%\u00a0\u00bb custom_padding=\u00a0\u00bb196px||196px||true|false\u00a0\u00bb custom_padding_tablet=\u00a0\u00bb196px||196px||true|false\u00a0\u00bb custom_padding_phone=\u00a0\u00bb80px||80px||true|false\u00a0\u00bb global_colors_info=\u00a0\u00bb{}\u00a0\u00bb][et_pb_column type=\u00a0\u00bb4_4&Prime; _builder_version=\u00a0\u00bb4.27.5&Prime; _module_preset=\u00a0\u00bbdefault\u00a0\u00bb global_colors_info=\u00a0\u00bb{}\u00a0\u00bb][et_pb_heading title=\u00a0\u00bbSolaire Facial\u00a0\u00bb _builder_version=\u00a0\u00bb4.27.5&Prime; _module_preset=\u00a0\u00bbdefault\u00a0\u00bb title_font=\u00a0\u00bbMabry Pro|300|||||||\u00a0\u00bb global_colors_info=\u00a0\u00bb{}\u00a0\u00bb][\/et_pb_heading][\/et_pb_column][\/et_pb_row][\/et_pb_section][et_pb_section fb_built=\u00a0\u00bb1&Prime; _builder_version=\u00a0\u00bb4.27.5&Prime; _module_preset=\u00a0\u00bbdefault\u00a0\u00bb background_color=\u00a0\u00bb#fffbf6&Prime; custom_padding=\u00a0\u00bb0px||40px||false|false\u00a0\u00bb global_colors_info=\u00a0\u00bb{}\u00a0\u00bb][et_pb_row column_structure=\u00a0\u00bb1_2,1_2&Prime; use_custom_gutter=\u00a0\u00bbon\u00a0\u00bb gutter_width=\u00a0\u00bb4&Prime; _builder_version=\u00a0\u00bb4.27.5&Prime; _module_preset=\u00a0\u00bba45db282-3f53-4204-b5e4-3acc2dbdc60a\u00a0\u00bb custom_padding=\u00a0\u00bb0px||0px||true|false\u00a0\u00bb global_colors_info=\u00a0\u00bb{}\u00a0\u00bb][et_pb_column type=\u00a0\u00bb1_2&Prime; _builder_version=\u00a0\u00bb4.27.5&Prime; _module_preset=\u00a0\u00bbdefault\u00a0\u00bb custom_padding=\u00a0\u00bb80px||||false|false\u00a0\u00bb global_colors_info=\u00a0\u00bb{}\u00a0\u00bb][et_pb_text _builder_version=\u00a0\u00bb4.27.5&Prime; _module_preset=\u00a0\u00bbdefault\u00a0\u00bb custom_margin=\u00a0\u00bb||7px|||\u00a0\u00bb global_colors_info=\u00a0\u00bb{}\u00a0\u00bb]<\/p>\n<h2>Solaire pour le visage<\/h2>\n<p>[\/et_pb_text][et_pb_text _builder_version=\u00a0\u00bb4.27.5&Prime; _module_preset=\u00a0\u00bbdefault\u00a0\u00bb text_font=\u00a0\u00bbMabry Pro||||||||\u00a0\u00bb text_text_color=\u00a0\u00bb#051B34&Prime; text_font_size=\u00a0\u00bb20px\u00a0\u00bb text_line_height=\u00a0\u00bb1.2em\u00a0\u00bb global_colors_info=\u00a0\u00bb{}\u00a0\u00bb]<\/p>\n<p>\u00a0D\u00e9couvrez l\u2019excellence des soins solaires avec notre gamme exclusive de Solaire pour le visage, sp\u00e9cialement con\u00e7ue pour embellir et prot\u00e9ger votre peau contre l\u2019exposition au soleil. Avec des produits nouveaux comme notre Invisible Protection et le nourrissant Hydra Sunscreen, chaque application devient un acte d\u2019amour-propre et de d\u00e9fense intelligente contre le vieillissement et les dommages environnementaux.<\/p>\n<p>[\/et_pb_text][\/et_pb_column][et_pb_column type=\u00a0\u00bb1_2&Prime; _builder_version=\u00a0\u00bb4.27.5&Prime; _module_preset=\u00a0\u00bbdefault\u00a0\u00bb global_colors_info=\u00a0\u00bb{}\u00a0\u00bb][et_pb_image src=\u00a0\u00bbhttps:\/\/info.valquer.com\/wp-content\/uploads\/2026\/01\/Principal_fotoproteccion_piel.jpeg\u00a0\u00bb alt=\u00a0\u00bbchampu-torre\u00a0\u00bb title_text=\u00a0\u00bbxr:d:DAGB6ekSiN4:3,j:5306790574029258795,t:24040909&Prime; force_fullwidth=\u00a0\u00bbon\u00a0\u00bb _builder_version=\u00a0\u00bb4.27.5&Prime; _module_preset=\u00a0\u00bbdefault\u00a0\u00bb global_colors_info=\u00a0\u00bb{}\u00a0\u00bb][\/et_pb_image][\/et_pb_column][\/et_pb_row][\/et_pb_section][et_pb_section fb_built=\u00a0\u00bb1&Prime; _builder_version=\u00a0\u00bb4.27.5&Prime; _module_preset=\u00a0\u00bbdefault\u00a0\u00bb background_color=\u00a0\u00bb#051B34&Prime; global_colors_info=\u00a0\u00bb{}\u00a0\u00bb][et_pb_row column_structure=\u00a0\u00bb1_2,1_2&Prime; use_custom_gutter=\u00a0\u00bbon\u00a0\u00bb gutter_width=\u00a0\u00bb2&Prime; _builder_version=\u00a0\u00bb4.27.5&Prime; _module_preset=\u00a0\u00bba45db282-3f53-4204-b5e4-3acc2dbdc60a\u00a0\u00bb global_colors_info=\u00a0\u00bb{}\u00a0\u00bb][et_pb_column type=\u00a0\u00bb1_2&Prime; _builder_version=\u00a0\u00bb4.27.5&Prime; _module_preset=\u00a0\u00bbdefault\u00a0\u00bb global_colors_info=\u00a0\u00bb{}\u00a0\u00bb][et_pb_image src=\u00a0\u00bbhttps:\/\/info.valquer.com\/wp-content\/uploads\/2026\/01\/beauty-defense-1024&#215;255-1-750&#215;187.png\u00a0\u00bb alt=\u00a0\u00bbbeauty defense\u00a0\u00bb title_text=\u00a0\u00bbbeauty-defense-1024&#215;255&Prime; _builder_version=\u00a0\u00bb4.27.5&Prime; _module_preset=\u00a0\u00bbdefault\u00a0\u00bb global_colors_info=\u00a0\u00bb{}\u00a0\u00bb][\/et_pb_image][\/et_pb_column][et_pb_column type=\u00a0\u00bb1_2&Prime; _builder_version=\u00a0\u00bb4.27.5&Prime; _module_preset=\u00a0\u00bbdefault\u00a0\u00bb global_colors_info=\u00a0\u00bb{}\u00a0\u00bb][et_pb_image src=\u00a0\u00bbhttps:\/\/info.valquer.com\/wp-content\/uploads\/2026\/01\/protegete-1024&#215;68-1.png\u00a0\u00bb alt=\u00a0\u00bbProt\u00e9gez-vous\u00a0\u00bb title_text=\u00a0\u00bbprotegete-1024&#215;68&Prime; _builder_version=\u00a0\u00bb4.27.5&Prime; _module_preset=\u00a0\u00bbdefault\u00a0\u00bb custom_padding=\u00a0\u00bb10%||||false|false\u00a0\u00bb locked=\u00a0\u00bboff\u00a0\u00bb global_colors_info=\u00a0\u00bb{}\u00a0\u00bb][\/et_pb_image][\/et_pb_column][\/et_pb_row][\/et_pb_section][et_pb_section fb_built=\u00a0\u00bb1&Prime; _builder_version=\u00a0\u00bb4.27.5&Prime; _module_preset=\u00a0\u00bbdefault\u00a0\u00bb custom_padding=\u00a0\u00bb30px||||false|false\u00a0\u00bb global_colors_info=\u00a0\u00bb{}\u00a0\u00bb][et_pb_row _builder_version=\u00a0\u00bb4.27.5&Prime; _module_preset=\u00a0\u00bbdefault\u00a0\u00bb width=\u00a0\u00bb90%\u00a0\u00bb max_width=\u00a0\u00bb90%\u00a0\u00bb global_colors_info=\u00a0\u00bb{}\u00a0\u00bb][et_pb_column type=\u00a0\u00bb4_4&Prime; _builder_version=\u00a0\u00bb4.27.5&Prime; _module_preset=\u00a0\u00bbdefault\u00a0\u00bb global_colors_info=\u00a0\u00bb{}\u00a0\u00bb][et_pb_text _builder_version=\u00a0\u00bb4.27.5&Prime; _module_preset=\u00a0\u00bbdefault\u00a0\u00bb header_3_font=\u00a0\u00bbMabry Pro|300|||||||\u00a0\u00bb header_3_text_align=\u00a0\u00bbcenter\u00a0\u00bb header_3_font_size=\u00a0\u00bb32px\u00a0\u00bb global_colors_info=\u00a0\u00bb{}\u00a0\u00bb]<\/p>\n<h3 class=\"\"><strong>NOUVELLE Protection Invisible<\/strong><br \/>Protecteur Facial Invisible SPF 50+<\/h3>\n<p>[\/et_pb_text][\/et_pb_column][\/et_pb_row][\/et_pb_section][et_pb_section fb_built=\u00a0\u00bb1&Prime; prev_background_color=\u00a0\u00bb#ffffff\u00a0\u00bb next_background_color=\u00a0\u00bb#ffffff\u00a0\u00bb _builder_version=\u00a0\u00bb4.27.5&Prime; _module_preset=\u00a0\u00bbdefault\u00a0\u00bb use_background_color_gradient=\u00a0\u00bbon\u00a0\u00bb background_color_gradient_direction=\u00a0\u00bb130deg\u00a0\u00bb background_color_gradient_stops=\u00a0\u00bb#ec8442 30%|#fddd80 30%\u00a0\u00bb custom_padding=\u00a0\u00bb10px||10px||true|false\u00a0\u00bb top_divider_style=\u00a0\u00bbmountains\u00a0\u00bb top_divider_repeat=\u00a0\u00bb2x\u00a0\u00bb top_divider_flip=\u00a0\u00bbhorizontal\u00a0\u00bb top_divider_height_tablet=\u00a0\u00bb\u00a0\u00bb top_divider_height_phone=\u00a0\u00bb50px\u00a0\u00bb top_divider_height_last_edited=\u00a0\u00bbon|phone\u00a0\u00bb top_divider_repeat_tablet=\u00a0\u00bb\u00a0\u00bb top_divider_repeat_phone=\u00a0\u00bb1x\u00a0\u00bb top_divider_repeat_last_edited=\u00a0\u00bbon|phone\u00a0\u00bb bottom_divider_style=\u00a0\u00bbmountains\u00a0\u00bb bottom_divider_repeat=\u00a0\u00bb2x\u00a0\u00bb bottom_divider_flip=\u00a0\u00bbhorizontal|vertical\u00a0\u00bb bottom_divider_height_tablet=\u00a0\u00bb\u00a0\u00bb bottom_divider_height_phone=\u00a0\u00bb50px\u00a0\u00bb bottom_divider_height_last_edited=\u00a0\u00bbon|tablet\u00a0\u00bb bottom_divider_repeat_tablet=\u00a0\u00bb\u00a0\u00bb bottom_divider_repeat_phone=\u00a0\u00bb1x\u00a0\u00bb bottom_divider_repeat_last_edited=\u00a0\u00bbon|phone\u00a0\u00bb global_colors_info=\u00a0\u00bb{}\u00a0\u00bb][et_pb_row column_structure=\u00a0\u00bb1_2,1_2&Prime; use_custom_gutter=\u00a0\u00bbon\u00a0\u00bb gutter_width=\u00a0\u00bb2&Prime; _builder_version=\u00a0\u00bb4.27.5&Prime; _module_preset=\u00a0\u00bba45db282-3f53-4204-b5e4-3acc2dbdc60a\u00a0\u00bb global_colors_info=\u00a0\u00bb{}\u00a0\u00bb custom_css_main_element_last_edited=\u00a0\u00bboff|tablet\u00a0\u00bb][et_pb_column type=\u00a0\u00bb1_2&Prime; _builder_version=\u00a0\u00bb4.27.5&Prime; _module_preset=\u00a0\u00bbdefault\u00a0\u00bb custom_css_main_element=\u00a0\u00bb||\u00a0\u00bb global_colors_info=\u00a0\u00bb{}\u00a0\u00bb][et_pb_image src=\u00a0\u00bbhttps:\/\/info.valquer.com\/wp-content\/uploads\/2026\/01\/Principal3_fotoproteccion_piel-1024&#215;1024.webp\u00a0\u00bb alt=\u00a0\u00bbPhotoprotection principale de la peau\u00a0\u00bb title_text=\u00a0\u00bbPrincipal3_fotoproteccion_piel\u00a0\u00bb align=\u00a0\u00bbcenter\u00a0\u00bb _builder_version=\u00a0\u00bb4.27.5&Prime; _module_preset=\u00a0\u00bbdefault\u00a0\u00bb width_tablet=\u00a0\u00bb80%\u00a0\u00bb width_phone=\u00a0\u00bb\u00a0\u00bb width_last_edited=\u00a0\u00bbon|tablet\u00a0\u00bb max_width_tablet=\u00a0\u00bb80%\u00a0\u00bb max_width_phone=\u00a0\u00bb\u00a0\u00bb max_width_last_edited=\u00a0\u00bbon|tablet\u00a0\u00bb module_alignment=\u00a0\u00bbcenter\u00a0\u00bb border_radii=\u00a0\u00bbon|500px|500px|500px|500px\u00a0\u00bb box_shadow_style=\u00a0\u00bbpreset1&Prime; box_shadow_blur=\u00a0\u00bb10px\u00a0\u00bb global_colors_info=\u00a0\u00bb{}\u00a0\u00bb][\/et_pb_image][\/et_pb_column][et_pb_column type=\u00a0\u00bb1_2&Prime; _builder_version=\u00a0\u00bb4.27.5&Prime; _module_preset=\u00a0\u00bbdefault\u00a0\u00bb global_colors_info=\u00a0\u00bb{}\u00a0\u00bb][et_pb_text _builder_version=\u00a0\u00bb4.27.5&Prime; _module_preset=\u00a0\u00bbdefault\u00a0\u00bb header_3_font=\u00a0\u00bbMabry Pro||||||||\u00a0\u00bb header_3_text_align=\u00a0\u00bbleft\u00a0\u00bb header_3_font_size=\u00a0\u00bb32px\u00a0\u00bb width=\u00a0\u00bb90%\u00a0\u00bb width_last_edited=\u00a0\u00bboff|tablet\u00a0\u00bb max_width=\u00a0\u00bb90%\u00a0\u00bb max_width_last_edited=\u00a0\u00bboff|tablet\u00a0\u00bb module_alignment=\u00a0\u00bbcenter\u00a0\u00bb custom_margin=\u00a0\u00bb5vw||||false|false\u00a0\u00bb custom_margin_tablet=\u00a0\u00bb10px||10vw||false|false\u00a0\u00bb custom_margin_phone=\u00a0\u00bb||15vw||false|false\u00a0\u00bb custom_margin_last_edited=\u00a0\u00bbon|tablet\u00a0\u00bb custom_padding=\u00a0\u00bb||||false|false\u00a0\u00bb header_3_text_align_tablet=\u00a0\u00bb\u00a0\u00bb header_3_text_align_phone=\u00a0\u00bbcenter\u00a0\u00bb header_3_text_align_last_edited=\u00a0\u00bbon|tablet\u00a0\u00bb locked=\u00a0\u00bboff\u00a0\u00bb global_colors_info=\u00a0\u00bb{}\u00a0\u00bb]<\/p>\n<h3>S\u00e9rum Facial Invisible Protection SPF 50+ Anti-\u00e2ge et Hydratant<\/h3>\n<p><\/p>\n<p>Transformez <strong>Invisible Protection<\/strong>, notre s\u00e9rum facial \u00e0 haute protection, en votre meilleur alli\u00e9 au quotidien. Prot\u00e9gez-vous contre les rayons UVB, UVA et HEV (lumi\u00e8re bleue \u00e0 haute \u00e9nergie), avec une <em><strong>Vous obtiendrez une peau douce et hydrat\u00e9e,<\/strong><\/em> sans sensation grasse.<\/p>\n<p><\/p>\n<p>Sa formule est id\u00e9ale pour tous les types de peau, et en plus, gr\u00e2ce \u00e0 sa texture l\u00e9g\u00e8re et \u00e0 sa r\u00e9sistance \u00e0 l\u2019eau et \u00e0 la transpiration, elle en fait un indispensable pour les sportifs.<\/p>\n<p><\/p>\n<p>Invisible Protection est bien plus qu\u2019une simple cr\u00e8me solaire pour le visage, car elle se distingue par ses propri\u00e9t\u00e9s apaisantes, renfor\u00e7antes et hydratantes gr\u00e2ce \u00e0 l\u2019action de l\u2019algue Laminaria Ochroleuca.<\/p>\n<p><\/p>\n<p>De plus, il aide \u00e0 pr\u00e9venir les premiers signes de vieillissement, gr\u00e2ce \u00e0 son action antioxydante due \u00e0 sa formule contenant des vitamines C et E.<\/p>\n<p>[\/et_pb_text][\/et_pb_column][\/et_pb_row][\/et_pb_section][et_pb_section fb_built=\u00a0\u00bb1&Prime; _builder_version=\u00a0\u00bb4.27.5&Prime; _module_preset=\u00a0\u00bbdefault\u00a0\u00bb custom_padding=\u00a0\u00bb30px||||false|false\u00a0\u00bb global_colors_info=\u00a0\u00bb{}\u00a0\u00bb][et_pb_row _builder_version=\u00a0\u00bb4.27.5&Prime; _module_preset=\u00a0\u00bbdefault\u00a0\u00bb width=\u00a0\u00bb90%\u00a0\u00bb max_width=\u00a0\u00bb90%\u00a0\u00bb global_colors_info=\u00a0\u00bb{}\u00a0\u00bb][et_pb_column type=\u00a0\u00bb4_4&Prime; _builder_version=\u00a0\u00bb4.27.5&Prime; _module_preset=\u00a0\u00bbdefault\u00a0\u00bb global_colors_info=\u00a0\u00bb{}\u00a0\u00bb][dipi_carousel columns=\u00a0\u00bb7&Prime; space_between=\u00a0\u00bb0&Prime; container_padding=\u00a0\u00bb0px|30px|0px|30px|true|false\u00a0\u00bb speed=\u00a0\u00bb3000&Prime; loop_wide=\u00a0\u00bbon\u00a0\u00bb autoplay_wide=\u00a0\u00bbon\u00a0\u00bb continues_wide=\u00a0\u00bbon\u00a0\u00bb pause_on_hover_wide=\u00a0\u00bbon\u00a0\u00bb autoplay_speed_wide=\u00a0\u00bb500&Prime; show_lightbox=\u00a0\u00bboff\u00a0\u00bb columns_tablet=\u00a0\u00bb5&Prime; columns_phone=\u00a0\u00bb3&Prime; columns_last_edited=\u00a0\u00bbon|phone\u00a0\u00bb _builder_version=\u00a0\u00bb4.27.5&Prime; _module_preset=\u00a0\u00bbdefault\u00a0\u00bb custom_margin=\u00a0\u00bb0px||0px||true|false\u00a0\u00bb custom_padding=\u00a0\u00bb0px||0px||true|false\u00a0\u00bb global_colors_info=\u00a0\u00bb{}\u00a0\u00bb][dipi_carousel_child label=\u00a0\u00bbicono eco friendly\u00a0\u00bb img_src=\u00a0\u00bbhttps:\/\/info.valquer.com\/wp-content\/uploads\/2026\/01\/icono-eco-friendly.png\u00a0\u00bb carousel_image_align=\u00a0\u00bbcenter\u00a0\u00bb img_width=\u00a0\u00bb150px\u00a0\u00bb _builder_version=\u00a0\u00bb4.27.5&Prime; _module_preset=\u00a0\u00bbdefault\u00a0\u00bb global_colors_info=\u00a0\u00bb{}\u00a0\u00bb][\/dipi_carousel_child][dipi_carousel_child label=\u00a0\u00bbicono vegano\u00a0\u00bb img_src=\u00a0\u00bbhttps:\/\/info.valquer.com\/wp-content\/uploads\/2025\/12\/icono-vegano.png\u00a0\u00bb carousel_image_align=\u00a0\u00bbcenter\u00a0\u00bb img_width=\u00a0\u00bb150px\u00a0\u00bb _builder_version=\u00a0\u00bb4.27.5&Prime; _module_preset=\u00a0\u00bbdefault\u00a0\u00bb global_colors_info=\u00a0\u00bb{}\u00a0\u00bb][\/dipi_carousel_child][dipi_carousel_child label=\u00a0\u00bbicono-dermo-tested\u00a0\u00bb img_src=\u00a0\u00bbhttps:\/\/info.valquer.com\/wp-content\/uploads\/2025\/12\/icono-dermo-tested.png\u00a0\u00bb carousel_image_align=\u00a0\u00bbcenter\u00a0\u00bb img_width=\u00a0\u00bb150px\u00a0\u00bb _builder_version=\u00a0\u00bb4.27.5&Prime; _module_preset=\u00a0\u00bbdefault\u00a0\u00bb global_colors_info=\u00a0\u00bb{}\u00a0\u00bb][\/dipi_carousel_child][dipi_carousel_child label=\u00a0\u00bbicono-uv protection\u00a0\u00bb img_src=\u00a0\u00bbhttps:\/\/info.valquer.com\/wp-content\/uploads\/2026\/01\/icono-uv-protection.png\u00a0\u00bb carousel_image_align=\u00a0\u00bbcenter\u00a0\u00bb img_width=\u00a0\u00bb150px\u00a0\u00bb _builder_version=\u00a0\u00bb4.27.5&Prime; _module_preset=\u00a0\u00bbdefault\u00a0\u00bb global_colors_info=\u00a0\u00bb{}\u00a0\u00bb][\/dipi_carousel_child][\/dipi_carousel][\/et_pb_column][\/et_pb_row][et_pb_row column_structure=\u00a0\u00bb1_3,1_3,1_3&Prime; use_custom_gutter=\u00a0\u00bbon\u00a0\u00bb gutter_width=\u00a0\u00bb4&Prime; _builder_version=\u00a0\u00bb4.27.5&Prime; _module_preset=\u00a0\u00bbdefault\u00a0\u00bb custom_margin=\u00a0\u00bb||||false|false\u00a0\u00bb custom_padding=\u00a0\u00bb||||false|false\u00a0\u00bb locked=\u00a0\u00bboff\u00a0\u00bb global_colors_info=\u00a0\u00bb{}\u00a0\u00bb][et_pb_column type=\u00a0\u00bb1_3&Prime; _builder_version=\u00a0\u00bb4.27.5&Prime; _module_preset=\u00a0\u00bbdefault\u00a0\u00bb global_colors_info=\u00a0\u00bb{}\u00a0\u00bb][\/et_pb_column][et_pb_column type=\u00a0\u00bb1_3&Prime; _builder_version=\u00a0\u00bb4.27.5&Prime; _module_preset=\u00a0\u00bbdefault\u00a0\u00bb global_colors_info=\u00a0\u00bb{}\u00a0\u00bb][et_pb_blurb title=\u00a0\u00bbInvisible Protection\u00a0\u00bb image=\u00a0\u00bbhttps:\/\/info.valquer.com\/wp-content\/uploads\/2026\/02\/unnamed-file-2.jpg\u00a0\u00bb alt=\u00a0\u00bbProtection solaire invisible\u00a0\u00bb module_class=\u00a0\u00bbproductCard\u00a0\u00bb _builder_version=\u00a0\u00bb4.27.5&Prime; _module_preset=\u00a0\u00bbdefault\u00a0\u00bb header_text_align=\u00a0\u00bbcenter\u00a0\u00bb body_text_align=\u00a0\u00bbcenter\u00a0\u00bb module_alignment=\u00a0\u00bbcenter\u00a0\u00bb link_option_url=\u00a0\u00bbhttps:\/\/www.valquer.com\/fr\/products\/protector-facial-invisible-protection?variant=53616505684316&Prime; link_option_url_new_window=\u00a0\u00bbon\u00a0\u00bb locked=\u00a0\u00bboff\u00a0\u00bb global_colors_info=\u00a0\u00bb{}\u00a0\u00bb]<\/p>\n<p>Voir en Magasin<\/p>\n<p>[\/et_pb_blurb][\/et_pb_column][et_pb_column type=\u00a0\u00bb1_3&Prime; _builder_version=\u00a0\u00bb4.27.5&Prime; _module_preset=\u00a0\u00bbdefault\u00a0\u00bb global_colors_info=\u00a0\u00bb{}\u00a0\u00bb][\/et_pb_column][\/et_pb_row][et_pb_row _builder_version=\u00a0\u00bb4.27.5&Prime; _module_preset=\u00a0\u00bbdefault\u00a0\u00bb locked=\u00a0\u00bboff\u00a0\u00bb global_colors_info=\u00a0\u00bb{}\u00a0\u00bb][et_pb_column type=\u00a0\u00bb4_4&Prime; _builder_version=\u00a0\u00bb4.27.5&Prime; _module_preset=\u00a0\u00bbdefault\u00a0\u00bb global_colors_info=\u00a0\u00bb{}\u00a0\u00bb][et_pb_divider color=\u00a0\u00bb#051B34&Prime; divider_position=\u00a0\u00bbcenter\u00a0\u00bb divider_weight=\u00a0\u00bb1px\u00a0\u00bb _builder_version=\u00a0\u00bb4.27.5&Prime; _module_preset=\u00a0\u00bbdefault\u00a0\u00bb width=\u00a0\u00bb70%\u00a0\u00bb max_width=\u00a0\u00bb70%\u00a0\u00bb module_alignment=\u00a0\u00bbcenter\u00a0\u00bb global_colors_info=\u00a0\u00bb{}\u00a0\u00bb][\/et_pb_divider][et_pb_button button_url=\u00a0\u00bbhttps:\/\/www.valquer.com\/fr\/collections\/solar-facial\u00a0\u00bb url_new_window=\u00a0\u00bbon\u00a0\u00bb button_text=\u00a0\u00bbCat\u00e9gorie faciale solaire en Magasin\u00a0\u00bb button_alignment=\u00a0\u00bbcenter\u00a0\u00bb _builder_version=\u00a0\u00bb4.27.5&Prime; _module_preset=\u00a0\u00bbdefault\u00a0\u00bb global_colors_info=\u00a0\u00bb{}\u00a0\u00bb][\/et_pb_button][\/et_pb_column][\/et_pb_row][\/et_pb_section][et_pb_section fb_built=\u00a0\u00bb1&Prime; _builder_version=\u00a0\u00bb4.27.5&Prime; _module_preset=\u00a0\u00bbdefault\u00a0\u00bb background_color=\u00a0\u00bb#FFFBF5&Prime; global_colors_info=\u00a0\u00bb{}\u00a0\u00bb][et_pb_row column_structure=\u00a0\u00bb2_5,3_5&Prime; use_custom_gutter=\u00a0\u00bbon\u00a0\u00bb gutter_width=\u00a0\u00bb2&Prime; _builder_version=\u00a0\u00bb4.27.5&Prime; _module_preset=\u00a0\u00bba45db282-3f53-4204-b5e4-3acc2dbdc60a\u00a0\u00bb width=\u00a0\u00bb95%\u00a0\u00bb max_width=\u00a0\u00bb95%\u00a0\u00bb global_colors_info=\u00a0\u00bb{}\u00a0\u00bb][et_pb_column type=\u00a0\u00bb2_5&Prime; _builder_version=\u00a0\u00bb4.27.5&Prime; _module_preset=\u00a0\u00bbdefault\u00a0\u00bb global_colors_info=\u00a0\u00bb{}\u00a0\u00bb][et_pb_text _builder_version=\u00a0\u00bb4.27.5&Prime; _module_preset=\u00a0\u00bbdefault\u00a0\u00bb custom_margin=\u00a0\u00bb||7px|||\u00a0\u00bb locked=\u00a0\u00bboff\u00a0\u00bb global_colors_info=\u00a0\u00bb{}\u00a0\u00bb]<\/p>\n<h2>\u00a0Mode d&#8217;emploi:<\/h2>\n<p>[\/et_pb_text][et_pb_text _builder_version=\u00a0\u00bb4.27.5&Prime; _module_preset=\u00a0\u00bbdefault\u00a0\u00bb text_font=\u00a0\u00bbMabry Pro||||||||\u00a0\u00bb text_text_color=\u00a0\u00bb#051B34&Prime; text_font_size=\u00a0\u00bb20px\u00a0\u00bb text_line_height=\u00a0\u00bb1.2em\u00a0\u00bb custom_margin=\u00a0\u00bb|||30px|false|false\u00a0\u00bb locked=\u00a0\u00bboff\u00a0\u00bb global_colors_info=\u00a0\u00bb{}\u00a0\u00bb]<\/p>\n<ol>\n<li>Secouez avant usage.<\/li>\n<li>Appliquer g\u00e9n\u00e9reusement sur une peau s\u00e8che au moins 20 minutes avant l\u2019exposition au soleil.<\/li>\n<\/ol>\n<p><\/p>\n<p>Nous vous conseillons de r\u00e9appliquer fr\u00e9quemment pour maintenir la protection, surtout apr\u00e8s la baignade, la transpiration ou s\u2019\u00eatre essuy\u00e9 avec une serviette; et \u00e9vitez le contact avec les yeux et une surexposition au soleil.<\/p>\n<p>[\/et_pb_text][\/et_pb_column][et_pb_column type=\u00a0\u00bb3_5&Prime; _builder_version=\u00a0\u00bb4.27.5&Prime; _module_preset=\u00a0\u00bbdefault\u00a0\u00bb global_colors_info=\u00a0\u00bb{}\u00a0\u00bb][et_pb_accordion open_toggle_background_color=\u00a0\u00bb#FFFBF5&Prime; closed_toggle_background_color=\u00a0\u00bb#FFFBF5&Prime; toggle_icon=\u00a0\u00bb&#x33;||divi||400&Prime; icon_color=\u00a0\u00bb#051B34&Prime; use_icon_font_size=\u00a0\u00bbon\u00a0\u00bb icon_font_size=\u00a0\u00bb30px\u00a0\u00bb _builder_version=\u00a0\u00bb4.27.5&Prime; _module_preset=\u00a0\u00bbdefault\u00a0\u00bb background_color=\u00a0\u00bbRGBA(255,255,255,0)\u00a0\u00bb global_colors_info=\u00a0\u00bb{}\u00a0\u00bb][et_pb_accordion_item open=\u00a0\u00bbon\u00a0\u00bb open_toggle_text_color=\u00a0\u00bb#051B34&Prime; _builder_version=\u00a0\u00bb4.27.5&Prime; _module_preset=\u00a0\u00bbdefault\u00a0\u00bb custom_margin=\u00a0\u00bb0px||0px||true|false\u00a0\u00bb custom_padding=\u00a0\u00bb||||true|false\u00a0\u00bb global_colors_info=\u00a0\u00bb{}\u00a0\u00bb toggle_font=\u00a0\u00bb|600|||||||\u00a0\u00bb]<\/p>\n<p><iframe loading=\"lazy\" title=\"Serum Facial Invisible Protection SPF 50+ Antiedad e Hidratante\" width=\"1080\" height=\"608\" src=\"https:\/\/www.youtube.com\/embed\/6DkzIu019Mc?feature=oembed\"  allow=\"accelerometer; autoplay; clipboard-write; encrypted-media; gyroscope; picture-in-picture; web-share\" referrerpolicy=\"strict-origin-when-cross-origin\" allowfullscreen><\/iframe><\/p>\n<p>[\/et_pb_accordion_item][\/et_pb_accordion][\/et_pb_column][\/et_pb_row][\/et_pb_section][et_pb_section fb_built=\u00a0\u00bb1&Prime; _builder_version=\u00a0\u00bb4.27.5&Prime; _module_preset=\u00a0\u00bbdefault\u00a0\u00bb background_color=\u00a0\u00bb#FFFBF5&Prime; locked=\u00a0\u00bboff\u00a0\u00bb global_colors_info=\u00a0\u00bb{}\u00a0\u00bb][et_pb_row use_custom_gutter=\u00a0\u00bbon\u00a0\u00bb gutter_width=\u00a0\u00bb2&Prime; _builder_version=\u00a0\u00bb4.27.5&Prime; _module_preset=\u00a0\u00bba45db282-3f53-4204-b5e4-3acc2dbdc60a\u00a0\u00bb background_color=\u00a0\u00bb#91BEC1&Prime; width=\u00a0\u00bb100%\u00a0\u00bb max_width=\u00a0\u00bb633%\u00a0\u00bb global_colors_info=\u00a0\u00bb{}\u00a0\u00bb][et_pb_column type=\u00a0\u00bb4_4&Prime; _builder_version=\u00a0\u00bb4.27.5&Prime; _module_preset=\u00a0\u00bbdefault\u00a0\u00bb global_colors_info=\u00a0\u00bb{}\u00a0\u00bb][et_pb_image src=\u00a0\u00bbhttps:\/\/info.valquer.com\/wp-content\/uploads\/2026\/01\/mas-que-proteccion-solar-facial.png\u00a0\u00bb alt=\u00a0\u00bbPlus qu\u2019une protection solaire pour le visage\u00a0\u00bb title_text=\u00a0\u00bbmas-que-proteccion-solar-facial\u00a0\u00bb align=\u00a0\u00bbcenter\u00a0\u00bb _builder_version=\u00a0\u00bb4.27.5&Prime; _module_preset=\u00a0\u00bbdefault\u00a0\u00bb background_color=\u00a0\u00bb#91BEC1&Prime; global_colors_info=\u00a0\u00bb{}\u00a0\u00bb][\/et_pb_image][\/et_pb_column][\/et_pb_row][et_pb_row _builder_version=\u00a0\u00bb4.27.5&Prime; _module_preset=\u00a0\u00bbdefault\u00a0\u00bb width=\u00a0\u00bb90%\u00a0\u00bb max_width=\u00a0\u00bb90%\u00a0\u00bb locked=\u00a0\u00bboff\u00a0\u00bb global_colors_info=\u00a0\u00bb{}\u00a0\u00bb][et_pb_column type=\u00a0\u00bb4_4&Prime; _builder_version=\u00a0\u00bb4.27.5&Prime; _module_preset=\u00a0\u00bbdefault\u00a0\u00bb global_colors_info=\u00a0\u00bb{}\u00a0\u00bb][et_pb_text _builder_version=\u00a0\u00bb4.27.5&Prime; _module_preset=\u00a0\u00bbdefault\u00a0\u00bb header_3_font=\u00a0\u00bbMabry Pro|300|||||||\u00a0\u00bb header_3_text_align=\u00a0\u00bbcenter\u00a0\u00bb header_3_font_size=\u00a0\u00bb32px\u00a0\u00bb global_colors_info=\u00a0\u00bb{}\u00a0\u00bb]<\/p>\n<h3 class=\"\"><strong>NOUVELLE Hydra Sunscreen<\/strong> Cr\u00e8me Solaire Visage SPF 50+<\/h3>\n<p>[\/et_pb_text][\/et_pb_column][\/et_pb_row][\/et_pb_section][et_pb_section fb_built=\u00a0\u00bb1&Prime; prev_background_color=\u00a0\u00bb#FFFBF5&Prime; next_background_color=\u00a0\u00bb#ffffff\u00a0\u00bb _builder_version=\u00a0\u00bb4.27.5&Prime; _module_preset=\u00a0\u00bbdefault\u00a0\u00bb background_color=\u00a0\u00bb#FFFBF5&Prime; use_background_color_gradient=\u00a0\u00bbon\u00a0\u00bb background_color_gradient_direction=\u00a0\u00bb130deg\u00a0\u00bb background_color_gradient_stops=\u00a0\u00bb#d0c9d4 30%|#fddd80 30%\u00a0\u00bb custom_padding=\u00a0\u00bb10px||10px||true|false\u00a0\u00bb top_divider_style=\u00a0\u00bbmountains\u00a0\u00bb top_divider_repeat=\u00a0\u00bb2x\u00a0\u00bb top_divider_flip=\u00a0\u00bbhorizontal\u00a0\u00bb top_divider_height_tablet=\u00a0\u00bb\u00a0\u00bb top_divider_height_phone=\u00a0\u00bb50px\u00a0\u00bb top_divider_height_last_edited=\u00a0\u00bbon|phone\u00a0\u00bb top_divider_repeat_tablet=\u00a0\u00bb\u00a0\u00bb top_divider_repeat_phone=\u00a0\u00bb1x\u00a0\u00bb top_divider_repeat_last_edited=\u00a0\u00bbon|phone\u00a0\u00bb bottom_divider_style=\u00a0\u00bbmountains\u00a0\u00bb bottom_divider_repeat=\u00a0\u00bb2x\u00a0\u00bb bottom_divider_flip=\u00a0\u00bbhorizontal|vertical\u00a0\u00bb bottom_divider_height_tablet=\u00a0\u00bb\u00a0\u00bb bottom_divider_height_phone=\u00a0\u00bb50px\u00a0\u00bb bottom_divider_height_last_edited=\u00a0\u00bbon|tablet\u00a0\u00bb bottom_divider_repeat_tablet=\u00a0\u00bb\u00a0\u00bb bottom_divider_repeat_phone=\u00a0\u00bb1x\u00a0\u00bb bottom_divider_repeat_last_edited=\u00a0\u00bbon|phone\u00a0\u00bb locked=\u00a0\u00bboff\u00a0\u00bb global_colors_info=\u00a0\u00bb{}\u00a0\u00bb][et_pb_row column_structure=\u00a0\u00bb1_2,1_2&Prime; use_custom_gutter=\u00a0\u00bbon\u00a0\u00bb gutter_width=\u00a0\u00bb2&Prime; _builder_version=\u00a0\u00bb4.27.5&Prime; _module_preset=\u00a0\u00bba45db282-3f53-4204-b5e4-3acc2dbdc60a\u00a0\u00bb global_colors_info=\u00a0\u00bb{}\u00a0\u00bb custom_css_main_element_last_edited=\u00a0\u00bboff|tablet\u00a0\u00bb][et_pb_column type=\u00a0\u00bb1_2&Prime; _builder_version=\u00a0\u00bb4.27.5&Prime; _module_preset=\u00a0\u00bbdefault\u00a0\u00bb custom_css_main_element=\u00a0\u00bb||\u00a0\u00bb global_colors_info=\u00a0\u00bb{}\u00a0\u00bb][et_pb_text _builder_version=\u00a0\u00bb4.27.5&Prime; _module_preset=\u00a0\u00bbdefault\u00a0\u00bb header_3_font=\u00a0\u00bbMabry Pro||||||||\u00a0\u00bb header_3_text_align=\u00a0\u00bbleft\u00a0\u00bb header_3_font_size=\u00a0\u00bb32px\u00a0\u00bb width=\u00a0\u00bb90%\u00a0\u00bb width_last_edited=\u00a0\u00bboff|tablet\u00a0\u00bb max_width=\u00a0\u00bb90%\u00a0\u00bb max_width_last_edited=\u00a0\u00bboff|tablet\u00a0\u00bb module_alignment=\u00a0\u00bbcenter\u00a0\u00bb custom_margin=\u00a0\u00bb5vw||||false|false\u00a0\u00bb custom_margin_tablet=\u00a0\u00bb10px||10vw||false|false\u00a0\u00bb custom_margin_phone=\u00a0\u00bb||15vw||false|false\u00a0\u00bb custom_margin_last_edited=\u00a0\u00bbon|tablet\u00a0\u00bb custom_padding=\u00a0\u00bb||||false|false\u00a0\u00bb header_3_text_align_tablet=\u00a0\u00bb\u00a0\u00bb header_3_text_align_phone=\u00a0\u00bbcenter\u00a0\u00bb header_3_text_align_last_edited=\u00a0\u00bbon|tablet\u00a0\u00bb locked=\u00a0\u00bboff\u00a0\u00bb global_colors_info=\u00a0\u00bb{}\u00a0\u00bb]<\/p>\n<h3>Cr\u00e8me Solaire Hydra SPF 50+ Protection 360\u00b0 et Hydratante pour le visage<\/h3>\n<p><\/p>\n<p>Prenez soin et prot\u00e9gez votre visage chaque jour avec la cr\u00e8me solaire Hydra Sunscreen qui offre une protection compl\u00e8te \u00e0 360 degr\u00e9s contre les rayons UVB, UVA, IR et HER (lumi\u00e8re bleue). Sa texture l\u00e9g\u00e8re, non grasse, en fait une cr\u00e8me parfaite pour une utilisation quotidienne. De plus, elle est rapidement absorb\u00e9e et ne laisse pas de r\u00e9sidus blancs, ce qui la rend parfaite pour tous les types de peau. La formule innovante de Hydra Sunscreen apporte confort, hydratation et pr\u00e9vient le photo-vieillissement, gr\u00e2ce \u00e0 sa formulation \u00e0 base d\u2019acide hyaluronique de poids mol\u00e9culaire \u00e9lev\u00e9 et a une activit\u00e9 antioxydante gr\u00e2ce aux vitamines C et E. De plus, elle contient de la Carnosine, un actif anti-\u00e2ge \u00e0 360 degr\u00e9s. Il s\u2019agit d\u2019un dipeptide biomim\u00e9tique qui r\u00e9duit les rides et am\u00e9liore la fermet\u00e9 tout en stimulant la production de collag\u00e8ne.<\/p>\n<p>[\/et_pb_text][\/et_pb_column][et_pb_column type=\u00a0\u00bb1_2&Prime; _builder_version=\u00a0\u00bb4.27.5&Prime; _module_preset=\u00a0\u00bbdefault\u00a0\u00bb global_colors_info=\u00a0\u00bb{}\u00a0\u00bb][et_pb_image src=\u00a0\u00bbhttps:\/\/info.valquer.com\/wp-content\/uploads\/2026\/01\/hydrasunscreen.webp\u00a0\u00bb alt=\u00a0\u00bbhydrasunscreen\u00a0\u00bb title_text=\u00a0\u00bbhydrasunscreen\u00a0\u00bb align=\u00a0\u00bbcenter\u00a0\u00bb _builder_version=\u00a0\u00bb4.27.5&Prime; _module_preset=\u00a0\u00bbdefault\u00a0\u00bb width_tablet=\u00a0\u00bb80%\u00a0\u00bb width_phone=\u00a0\u00bb\u00a0\u00bb width_last_edited=\u00a0\u00bbon|tablet\u00a0\u00bb max_width_tablet=\u00a0\u00bb80%\u00a0\u00bb max_width_phone=\u00a0\u00bb\u00a0\u00bb max_width_last_edited=\u00a0\u00bbon|tablet\u00a0\u00bb module_alignment=\u00a0\u00bbcenter\u00a0\u00bb border_radii=\u00a0\u00bbon|500px|500px|500px|500px\u00a0\u00bb box_shadow_style=\u00a0\u00bbpreset1&Prime; box_shadow_blur=\u00a0\u00bb10px\u00a0\u00bb locked=\u00a0\u00bboff\u00a0\u00bb global_colors_info=\u00a0\u00bb{}\u00a0\u00bb][\/et_pb_image][\/et_pb_column][\/et_pb_row][\/et_pb_section][et_pb_section fb_built=\u00a0\u00bb1&Prime; _builder_version=\u00a0\u00bb4.27.5&Prime; _module_preset=\u00a0\u00bbdefault\u00a0\u00bb custom_padding=\u00a0\u00bb30px||||false|false\u00a0\u00bb locked=\u00a0\u00bboff\u00a0\u00bb global_colors_info=\u00a0\u00bb{}\u00a0\u00bb][et_pb_row _builder_version=\u00a0\u00bb4.27.5&Prime; _module_preset=\u00a0\u00bbdefault\u00a0\u00bb width=\u00a0\u00bb90%\u00a0\u00bb max_width=\u00a0\u00bb90%\u00a0\u00bb global_colors_info=\u00a0\u00bb{}\u00a0\u00bb][et_pb_column type=\u00a0\u00bb4_4&Prime; _builder_version=\u00a0\u00bb4.27.5&Prime; _module_preset=\u00a0\u00bbdefault\u00a0\u00bb global_colors_info=\u00a0\u00bb{}\u00a0\u00bb][dipi_carousel columns=\u00a0\u00bb7&Prime; space_between=\u00a0\u00bb0&Prime; container_padding=\u00a0\u00bb0px|30px|0px|30px|true|false\u00a0\u00bb speed=\u00a0\u00bb3000&Prime; loop_wide=\u00a0\u00bbon\u00a0\u00bb autoplay_wide=\u00a0\u00bbon\u00a0\u00bb continues_wide=\u00a0\u00bbon\u00a0\u00bb pause_on_hover_wide=\u00a0\u00bbon\u00a0\u00bb autoplay_speed_wide=\u00a0\u00bb500&Prime; show_lightbox=\u00a0\u00bboff\u00a0\u00bb columns_tablet=\u00a0\u00bb5&Prime; columns_phone=\u00a0\u00bb3&Prime; columns_last_edited=\u00a0\u00bbon|phone\u00a0\u00bb _builder_version=\u00a0\u00bb4.27.5&Prime; _module_preset=\u00a0\u00bbdefault\u00a0\u00bb custom_margin=\u00a0\u00bb0px||0px||true|false\u00a0\u00bb custom_padding=\u00a0\u00bb0px||0px||true|false\u00a0\u00bb global_colors_info=\u00a0\u00bb{}\u00a0\u00bb][dipi_carousel_child label=\u00a0\u00bbicono eco friendly\u00a0\u00bb img_src=\u00a0\u00bbhttps:\/\/info.valquer.com\/wp-content\/uploads\/2026\/01\/icono-eco-friendly.png\u00a0\u00bb carousel_image_align=\u00a0\u00bbcenter\u00a0\u00bb img_width=\u00a0\u00bb150px\u00a0\u00bb _builder_version=\u00a0\u00bb4.27.5&Prime; _module_preset=\u00a0\u00bbdefault\u00a0\u00bb global_colors_info=\u00a0\u00bb{}\u00a0\u00bb][\/dipi_carousel_child][dipi_carousel_child label=\u00a0\u00bbicono vegano\u00a0\u00bb img_src=\u00a0\u00bbhttps:\/\/info.valquer.com\/wp-content\/uploads\/2025\/12\/icono-vegano.png\u00a0\u00bb carousel_image_align=\u00a0\u00bbcenter\u00a0\u00bb img_width=\u00a0\u00bb150px\u00a0\u00bb _builder_version=\u00a0\u00bb4.27.5&Prime; _module_preset=\u00a0\u00bbdefault\u00a0\u00bb global_colors_info=\u00a0\u00bb{}\u00a0\u00bb][\/dipi_carousel_child][dipi_carousel_child label=\u00a0\u00bbicono-dermo-tested\u00a0\u00bb img_src=\u00a0\u00bbhttps:\/\/info.valquer.com\/wp-content\/uploads\/2025\/12\/icono-dermo-tested.png\u00a0\u00bb carousel_image_align=\u00a0\u00bbcenter\u00a0\u00bb img_width=\u00a0\u00bb150px\u00a0\u00bb _builder_version=\u00a0\u00bb4.27.5&Prime; _module_preset=\u00a0\u00bbdefault\u00a0\u00bb global_colors_info=\u00a0\u00bb{}\u00a0\u00bb][\/dipi_carousel_child][dipi_carousel_child label=\u00a0\u00bbicono-uv protection\u00a0\u00bb img_src=\u00a0\u00bbhttps:\/\/info.valquer.com\/wp-content\/uploads\/2026\/01\/icono-uv-protection.png\u00a0\u00bb carousel_image_align=\u00a0\u00bbcenter\u00a0\u00bb img_width=\u00a0\u00bb150px\u00a0\u00bb _builder_version=\u00a0\u00bb4.27.5&Prime; _module_preset=\u00a0\u00bbdefault\u00a0\u00bb global_colors_info=\u00a0\u00bb{}\u00a0\u00bb][\/dipi_carousel_child][\/dipi_carousel][\/et_pb_column][\/et_pb_row][et_pb_row column_structure=\u00a0\u00bb1_3,1_3,1_3&Prime; use_custom_gutter=\u00a0\u00bbon\u00a0\u00bb gutter_width=\u00a0\u00bb4&Prime; _builder_version=\u00a0\u00bb4.27.5&Prime; _module_preset=\u00a0\u00bbdefault\u00a0\u00bb custom_margin=\u00a0\u00bb||||false|false\u00a0\u00bb custom_padding=\u00a0\u00bb||||false|false\u00a0\u00bb locked=\u00a0\u00bboff\u00a0\u00bb global_colors_info=\u00a0\u00bb{}\u00a0\u00bb][et_pb_column type=\u00a0\u00bb1_3&Prime; _builder_version=\u00a0\u00bb4.27.5&Prime; _module_preset=\u00a0\u00bbdefault\u00a0\u00bb global_colors_info=\u00a0\u00bb{}\u00a0\u00bb][\/et_pb_column][et_pb_column type=\u00a0\u00bb1_3&Prime; _builder_version=\u00a0\u00bb4.27.5&Prime; _module_preset=\u00a0\u00bbdefault\u00a0\u00bb global_colors_info=\u00a0\u00bb{}\u00a0\u00bb][et_pb_blurb title=\u00a0\u00bbHydra Sunscreen\u00a0\u00bb image=\u00a0\u00bbhttps:\/\/info.valquer.com\/wp-content\/uploads\/2026\/02\/unnamed-file-3.jpg\u00a0\u00bb alt=\u00a0\u00bbCr\u00e8me solaire pour le visage\u00a0\u00bb module_class=\u00a0\u00bbproductCard\u00a0\u00bb _builder_version=\u00a0\u00bb4.27.5&Prime; _module_preset=\u00a0\u00bbdefault\u00a0\u00bb header_text_align=\u00a0\u00bbcenter\u00a0\u00bb body_text_align=\u00a0\u00bbcenter\u00a0\u00bb module_alignment=\u00a0\u00bbcenter\u00a0\u00bb link_option_url=\u00a0\u00bbhttps:\/\/www.valquer.com\/fr\/products\/crema-solar-facial-hydra-sunscreen\u00a0\u00bb link_option_url_new_window=\u00a0\u00bbon\u00a0\u00bb locked=\u00a0\u00bboff\u00a0\u00bb global_colors_info=\u00a0\u00bb{}\u00a0\u00bb]<\/p>\n<p>Voir en Magasin<\/p>\n<p>[\/et_pb_blurb][\/et_pb_column][et_pb_column type=\u00a0\u00bb1_3&Prime; _builder_version=\u00a0\u00bb4.27.5&Prime; _module_preset=\u00a0\u00bbdefault\u00a0\u00bb global_colors_info=\u00a0\u00bb{}\u00a0\u00bb][\/et_pb_column][\/et_pb_row][et_pb_row _builder_version=\u00a0\u00bb4.27.5&Prime; _module_preset=\u00a0\u00bbdefault\u00a0\u00bb locked=\u00a0\u00bboff\u00a0\u00bb global_colors_info=\u00a0\u00bb{}\u00a0\u00bb][et_pb_column type=\u00a0\u00bb4_4&Prime; _builder_version=\u00a0\u00bb4.27.5&Prime; _module_preset=\u00a0\u00bbdefault\u00a0\u00bb global_colors_info=\u00a0\u00bb{}\u00a0\u00bb][et_pb_divider color=\u00a0\u00bb#051B34&Prime; divider_position=\u00a0\u00bbcenter\u00a0\u00bb divider_weight=\u00a0\u00bb1px\u00a0\u00bb _builder_version=\u00a0\u00bb4.27.5&Prime; _module_preset=\u00a0\u00bbdefault\u00a0\u00bb width=\u00a0\u00bb70%\u00a0\u00bb max_width=\u00a0\u00bb70%\u00a0\u00bb module_alignment=\u00a0\u00bbcenter\u00a0\u00bb global_colors_info=\u00a0\u00bb{}\u00a0\u00bb][\/et_pb_divider][et_pb_button button_url=\u00a0\u00bbhttps:\/\/www.valquer.com\/fr\/collections\/solar-facial\u00a0\u00bb url_new_window=\u00a0\u00bbon\u00a0\u00bb button_text=\u00a0\u00bbCat\u00e9gorie faciale solaire en Magasin\u00a0\u00bb button_alignment=\u00a0\u00bbcenter\u00a0\u00bb _builder_version=\u00a0\u00bb4.27.5&Prime; _module_preset=\u00a0\u00bbdefault\u00a0\u00bb global_colors_info=\u00a0\u00bb{}\u00a0\u00bb][\/et_pb_button][\/et_pb_column][\/et_pb_row][\/et_pb_section][et_pb_section fb_built=\u00a0\u00bb1&Prime; _builder_version=\u00a0\u00bb4.27.5&Prime; _module_preset=\u00a0\u00bbdefault\u00a0\u00bb background_color=\u00a0\u00bb#FFFBF5&Prime; locked=\u00a0\u00bboff\u00a0\u00bb global_colors_info=\u00a0\u00bb{}\u00a0\u00bb][et_pb_row column_structure=\u00a0\u00bb2_5,3_5&Prime; use_custom_gutter=\u00a0\u00bbon\u00a0\u00bb gutter_width=\u00a0\u00bb2&Prime; _builder_version=\u00a0\u00bb4.27.5&Prime; _module_preset=\u00a0\u00bba45db282-3f53-4204-b5e4-3acc2dbdc60a\u00a0\u00bb width=\u00a0\u00bb95%\u00a0\u00bb max_width=\u00a0\u00bb95%\u00a0\u00bb global_colors_info=\u00a0\u00bb{}\u00a0\u00bb][et_pb_column type=\u00a0\u00bb2_5&Prime; _builder_version=\u00a0\u00bb4.27.5&Prime; _module_preset=\u00a0\u00bbdefault\u00a0\u00bb global_colors_info=\u00a0\u00bb{}\u00a0\u00bb][et_pb_text _builder_version=\u00a0\u00bb4.27.5&Prime; _module_preset=\u00a0\u00bbdefault\u00a0\u00bb custom_margin=\u00a0\u00bb||7px|||\u00a0\u00bb locked=\u00a0\u00bboff\u00a0\u00bb global_colors_info=\u00a0\u00bb{}\u00a0\u00bb]<\/p>\n<h2>\u00a0Mode d&#8217;emploi:<\/h2>\n<p>[\/et_pb_text][et_pb_text _builder_version=\u00a0\u00bb4.27.5&Prime; _module_preset=\u00a0\u00bbdefault\u00a0\u00bb text_font=\u00a0\u00bbMabry Pro||||||||\u00a0\u00bb text_text_color=\u00a0\u00bb#051B34&Prime; text_font_size=\u00a0\u00bb20px\u00a0\u00bb text_line_height=\u00a0\u00bb1.2em\u00a0\u00bb custom_margin=\u00a0\u00bb|||30px|false|false\u00a0\u00bb locked=\u00a0\u00bboff\u00a0\u00bb global_colors_info=\u00a0\u00bb{}\u00a0\u00bb]<\/p>\n<ol>\n<li>\u00a0ASecouez avant usage.<\/li>\n<li>Appliquer g\u00e9n\u00e9reusement sur une peau s\u00e8che au moins 20 minutes avant l\u2019exposition au soleil.<\/li>\n<\/ol>\n<p><\/p>\n<p>Nous vous conseillons de r\u00e9appliquer fr\u00e9quemment pour maintenir la protection, surtout apr\u00e8s la baignade, la transpiration ou s\u2019\u00eatre essuy\u00e9 avec une serviette; et \u00e9vitez le contact avec les yeux et une surexposition au soleil.<\/p>\n<p>[\/et_pb_text][\/et_pb_column][et_pb_column type=\u00a0\u00bb3_5&Prime; _builder_version=\u00a0\u00bb4.27.5&Prime; _module_preset=\u00a0\u00bbdefault\u00a0\u00bb global_colors_info=\u00a0\u00bb{}\u00a0\u00bb][et_pb_accordion open_toggle_background_color=\u00a0\u00bb#FFFBF5&Prime; closed_toggle_background_color=\u00a0\u00bb#FFFBF5&Prime; toggle_icon=\u00a0\u00bb&#x33;||divi||400&Prime; icon_color=\u00a0\u00bb#051B34&Prime; use_icon_font_size=\u00a0\u00bbon\u00a0\u00bb icon_font_size=\u00a0\u00bb30px\u00a0\u00bb _builder_version=\u00a0\u00bb4.27.5&Prime; _module_preset=\u00a0\u00bbdefault\u00a0\u00bb background_color=\u00a0\u00bbRGBA(255,255,255,0)\u00a0\u00bb global_colors_info=\u00a0\u00bb{}\u00a0\u00bb][et_pb_accordion_item open=\u00a0\u00bbon\u00a0\u00bb open_toggle_text_color=\u00a0\u00bb#051B34&Prime; _builder_version=\u00a0\u00bb4.27.5&Prime; _module_preset=\u00a0\u00bbdefault\u00a0\u00bb custom_margin=\u00a0\u00bb0px||0px||true|false\u00a0\u00bb custom_padding=\u00a0\u00bb||||true|false\u00a0\u00bb global_colors_info=\u00a0\u00bb{}\u00a0\u00bb toggle_font=\u00a0\u00bb|600|||||||\u00a0\u00bb]<\/p>\n<p><iframe loading=\"lazy\" title=\"Crema Facial Hydra Sunscreen SPF 50+ Hidratante y Antiedad\" width=\"1080\" height=\"608\" src=\"https:\/\/www.youtube.com\/embed\/5MomAVq9BS8?feature=oembed\"  allow=\"accelerometer; autoplay; clipboard-write; encrypted-media; gyroscope; picture-in-picture; web-share\" referrerpolicy=\"strict-origin-when-cross-origin\" allowfullscreen><\/iframe><\/p>\n<p>[\/et_pb_accordion_item][\/et_pb_accordion][\/et_pb_column][\/et_pb_row][\/et_pb_section][et_pb_section fb_built=\u00a0\u00bb1&Prime; _builder_version=\u00a0\u00bb4.27.5&Prime; _module_preset=\u00a0\u00bbdefault\u00a0\u00bb background_color=\u00a0\u00bb#051B34&Prime; global_colors_info=\u00a0\u00bb{}\u00a0\u00bb][et_pb_row column_structure=\u00a0\u00bb1_2,1_2&Prime; _builder_version=\u00a0\u00bb4.27.5&Prime; _module_preset=\u00a0\u00bba45db282-3f53-4204-b5e4-3acc2dbdc60a\u00a0\u00bb global_colors_info=\u00a0\u00bb{}\u00a0\u00bb][et_pb_column type=\u00a0\u00bb1_2&Prime; _builder_version=\u00a0\u00bb4.27.5&Prime; _module_preset=\u00a0\u00bbdefault\u00a0\u00bb global_colors_info=\u00a0\u00bb{}\u00a0\u00bb][et_pb_text _builder_version=\u00a0\u00bb4.27.5&Prime; _module_preset=\u00a0\u00bbdefault\u00a0\u00bb header_3_font=\u00a0\u00bbMabry Pro|300|||||||\u00a0\u00bb header_3_text_align=\u00a0\u00bbcenter\u00a0\u00bb header_3_font_size=\u00a0\u00bb32px\u00a0\u00bb header_4_text_color=\u00a0\u00bb#ffffff\u00a0\u00bb custom_margin=\u00a0\u00bb||14px|||\u00a0\u00bb locked=\u00a0\u00bboff\u00a0\u00bb global_colors_info=\u00a0\u00bb{}\u00a0\u00bb]<\/p>\n<h4>Mat\u00e9riel \u00e0 t\u00e9l\u00e9charger:<\/h4>\n<p>[\/et_pb_text][et_pb_button button_url=\u00a0\u00bbhttps:\/\/drive.google.com\/file\/d\/1GIdnhx5xaaJSA8zUXfSzkhQjj-ZLbjqM\/view?usp=sharing\u00a0\u00bb url_new_window=\u00a0\u00bbon\u00a0\u00bb button_text=\u00a0\u00bbCommuniqu\u00e9s de Presse\u00a0\u00bb button_alignment=\u00a0\u00bbcenter\u00a0\u00bb _builder_version=\u00a0\u00bb4.27.5&Prime; _module_preset=\u00a0\u00bbdefault\u00a0\u00bb custom_button=\u00a0\u00bbon\u00a0\u00bb button_text_size=\u00a0\u00bb17px\u00a0\u00bb button_border_width=\u00a0\u00bb2px\u00a0\u00bb button_border_color=\u00a0\u00bb#ffffff\u00a0\u00bb button_use_icon=\u00a0\u00bboff\u00a0\u00bb background_layout=\u00a0\u00bbdark\u00a0\u00bb custom_margin=\u00a0\u00bb10px||10px||true|false\u00a0\u00bb custom_padding=\u00a0\u00bb10px||10px||true|false\u00a0\u00bb custom_css_main_element=\u00a0\u00bbwidth:100%;\u00a0\u00bb global_colors_info=\u00a0\u00bb{}\u00a0\u00bb button_border_width__hover_enabled=\u00a0\u00bbon|desktop\u00a0\u00bb button_border_width__hover=\u00a0\u00bb2px\u00a0\u00bb button_bg_color__hover_enabled=\u00a0\u00bbon|desktop\u00a0\u00bb button_bg_color__hover=\u00a0\u00bb#ffffff\u00a0\u00bb button_bg_enable_color__hover=\u00a0\u00bbon\u00a0\u00bb button_text_color__hover_enabled=\u00a0\u00bbon|hover\u00a0\u00bb button_text_color__hover=\u00a0\u00bb#051B34&Prime;][\/et_pb_button][et_pb_button button_url=\u00a0\u00bbhttps:\/\/drive.google.com\/drive\/folders\/1B8-Ju9W97Pht-5nFKK_7yIQv8yc_LbZY\u00a0\u00bb url_new_window=\u00a0\u00bbon\u00a0\u00bb button_text=\u00a0\u00bbT\u00e9l\u00e9charger des images\u00a0\u00bb button_alignment=\u00a0\u00bbcenter\u00a0\u00bb _builder_version=\u00a0\u00bb4.27.5&Prime; _module_preset=\u00a0\u00bbdefault\u00a0\u00bb custom_button=\u00a0\u00bbon\u00a0\u00bb button_text_size=\u00a0\u00bb17px\u00a0\u00bb button_border_width=\u00a0\u00bb2px\u00a0\u00bb button_border_color=\u00a0\u00bb#ffffff\u00a0\u00bb button_use_icon=\u00a0\u00bboff\u00a0\u00bb background_layout=\u00a0\u00bbdark\u00a0\u00bb custom_margin=\u00a0\u00bb10px||10px||true|false\u00a0\u00bb custom_padding=\u00a0\u00bb10px||10px||true|false\u00a0\u00bb custom_css_main_element=\u00a0\u00bbwidth:100%;\u00a0\u00bb global_colors_info=\u00a0\u00bb{}\u00a0\u00bb button_border_width__hover_enabled=\u00a0\u00bbon|desktop\u00a0\u00bb button_border_width__hover=\u00a0\u00bb2px\u00a0\u00bb button_bg_color__hover_enabled=\u00a0\u00bbon|desktop\u00a0\u00bb button_bg_color__hover=\u00a0\u00bb#ffffff\u00a0\u00bb button_bg_enable_color__hover=\u00a0\u00bbon\u00a0\u00bb button_text_color__hover_enabled=\u00a0\u00bbon|hover\u00a0\u00bb button_text_color__hover=\u00a0\u00bb#051B34&Prime;][\/et_pb_button][et_pb_button button_url=\u00a0\u00bbhttps:\/\/drive.google.com\/file\/d\/1pFLniOAonA96EqHnbjL3M4ol_0MI_BhQ\/view?usp=drive_link\u00a0\u00bb url_new_window=\u00a0\u00bbon\u00a0\u00bb button_text=\u00a0\u00bbInformations suppl\u00e9mentaires \u2013 Protection invisible\u00a0\u00bb button_alignment=\u00a0\u00bbcenter\u00a0\u00bb _builder_version=\u00a0\u00bb4.27.5&Prime; _module_preset=\u00a0\u00bbdefault\u00a0\u00bb custom_button=\u00a0\u00bbon\u00a0\u00bb button_text_size=\u00a0\u00bb17px\u00a0\u00bb button_border_width=\u00a0\u00bb2px\u00a0\u00bb button_border_color=\u00a0\u00bb#ffffff\u00a0\u00bb button_use_icon=\u00a0\u00bboff\u00a0\u00bb background_layout=\u00a0\u00bbdark\u00a0\u00bb custom_margin=\u00a0\u00bb10px||10px||true|false\u00a0\u00bb custom_padding=\u00a0\u00bb10px||10px||true|false\u00a0\u00bb custom_css_main_element=\u00a0\u00bbwidth:100%;\u00a0\u00bb global_colors_info=\u00a0\u00bb{}\u00a0\u00bb button_border_width__hover_enabled=\u00a0\u00bbon|desktop\u00a0\u00bb button_border_width__hover=\u00a0\u00bb2px\u00a0\u00bb button_bg_color__hover_enabled=\u00a0\u00bbon|desktop\u00a0\u00bb button_bg_color__hover=\u00a0\u00bb#ffffff\u00a0\u00bb button_bg_enable_color__hover=\u00a0\u00bbon\u00a0\u00bb button_text_color__hover_enabled=\u00a0\u00bbon|hover\u00a0\u00bb button_text_color__hover=\u00a0\u00bb#051B34&Prime;][\/et_pb_button][et_pb_button button_url=\u00a0\u00bbhttps:\/\/drive.google.com\/file\/d\/1pXccX6ncWO6UDPEZP9Es_A6_EYcPoflM\/view?usp=drive_link\u00a0\u00bb url_new_window=\u00a0\u00bbon\u00a0\u00bb button_text=\u00a0\u00bbInformations Suppl\u00e9mentaires sur Hydra Sunscreen\u00a0\u00bb button_alignment=\u00a0\u00bbcenter\u00a0\u00bb _builder_version=\u00a0\u00bb4.27.5&Prime; _module_preset=\u00a0\u00bbdefault\u00a0\u00bb custom_button=\u00a0\u00bbon\u00a0\u00bb button_text_size=\u00a0\u00bb17px\u00a0\u00bb button_border_width=\u00a0\u00bb2px\u00a0\u00bb button_border_color=\u00a0\u00bb#ffffff\u00a0\u00bb button_use_icon=\u00a0\u00bboff\u00a0\u00bb background_layout=\u00a0\u00bbdark\u00a0\u00bb custom_margin=\u00a0\u00bb10px||10px||true|false\u00a0\u00bb custom_padding=\u00a0\u00bb10px||10px||true|false\u00a0\u00bb custom_css_main_element=\u00a0\u00bbwidth:100%;\u00a0\u00bb global_colors_info=\u00a0\u00bb{}\u00a0\u00bb button_border_width__hover_enabled=\u00a0\u00bbon|desktop\u00a0\u00bb button_border_width__hover=\u00a0\u00bb2px\u00a0\u00bb button_bg_color__hover_enabled=\u00a0\u00bbon|desktop\u00a0\u00bb button_bg_color__hover=\u00a0\u00bb#ffffff\u00a0\u00bb button_bg_enable_color__hover=\u00a0\u00bbon\u00a0\u00bb button_text_color__hover_enabled=\u00a0\u00bbon|hover\u00a0\u00bb button_text_color__hover=\u00a0\u00bb#051B34&Prime;][\/et_pb_button][\/et_pb_column][et_pb_column type=\u00a0\u00bb1_2&Prime; _builder_version=\u00a0\u00bb4.27.5&Prime; _module_preset=\u00a0\u00bbdefault\u00a0\u00bb global_colors_info=\u00a0\u00bb{}\u00a0\u00bb][et_pb_text _builder_version=\u00a0\u00bb4.27.5&Prime; _module_preset=\u00a0\u00bbdefault\u00a0\u00bb header_3_font=\u00a0\u00bbMabry Pro|300|||||||\u00a0\u00bb header_3_text_align=\u00a0\u00bbcenter\u00a0\u00bb header_3_font_size=\u00a0\u00bb32px\u00a0\u00bb header_4_text_color=\u00a0\u00bb#ffffff\u00a0\u00bb custom_margin=\u00a0\u00bb||14px|||\u00a0\u00bb locked=\u00a0\u00bboff\u00a0\u00bb global_colors_info=\u00a0\u00bb{}\u00a0\u00bb]<\/p>\n<h4>Pour en savoir plus, consultez notre blog\u00a0:<\/h4>\n<p>[\/et_pb_text][et_pb_button button_url=\u00a0\u00bbhttps:\/\/blog.valquer.com\/spf-diario\u00a0\u00bb url_new_window=\u00a0\u00bbon\u00a0\u00bb button_text=\u00a0\u00bbProtection Solaire Quotidienne, oui ou non?\u00a0\u00bb button_alignment=\u00a0\u00bbcenter\u00a0\u00bb _builder_version=\u00a0\u00bb4.27.5&Prime; _module_preset=\u00a0\u00bbdefault\u00a0\u00bb custom_button=\u00a0\u00bbon\u00a0\u00bb button_text_size=\u00a0\u00bb17px\u00a0\u00bb button_border_width=\u00a0\u00bb2px\u00a0\u00bb button_border_color=\u00a0\u00bb#ffffff\u00a0\u00bb button_use_icon=\u00a0\u00bboff\u00a0\u00bb background_layout=\u00a0\u00bbdark\u00a0\u00bb custom_margin=\u00a0\u00bb10px||10px||true|false\u00a0\u00bb custom_padding=\u00a0\u00bb10px||10px||true|false\u00a0\u00bb custom_css_main_element=\u00a0\u00bbwidth:100%;\u00a0\u00bb global_colors_info=\u00a0\u00bb{}\u00a0\u00bb button_border_width__hover_enabled=\u00a0\u00bbon|desktop\u00a0\u00bb button_border_width__hover=\u00a0\u00bb2px\u00a0\u00bb button_bg_color__hover_enabled=\u00a0\u00bbon|desktop\u00a0\u00bb button_bg_color__hover=\u00a0\u00bb#ffffff\u00a0\u00bb button_bg_enable_color__hover=\u00a0\u00bbon\u00a0\u00bb button_text_color__hover_enabled=\u00a0\u00bbon|hover\u00a0\u00bb button_text_color__hover=\u00a0\u00bb#051B34&Prime;][\/et_pb_button][et_pb_button button_url=\u00a0\u00bbhttps:\/\/blog.valquer.com\/crema-solar\u00a0\u00bb url_new_window=\u00a0\u00bbon\u00a0\u00bb button_text=\u00a0\u00bbNouveaux \u00e9crans solaires qui r\u00e9volutionnent la peau : Invisible Protection et Hydra Sunscreen\u00a0\u00bb button_alignment=\u00a0\u00bbcenter\u00a0\u00bb _builder_version=\u00a0\u00bb4.27.5&Prime; _module_preset=\u00a0\u00bbdefault\u00a0\u00bb custom_button=\u00a0\u00bbon\u00a0\u00bb button_text_size=\u00a0\u00bb17px\u00a0\u00bb button_border_width=\u00a0\u00bb2px\u00a0\u00bb button_border_color=\u00a0\u00bb#ffffff\u00a0\u00bb button_use_icon=\u00a0\u00bboff\u00a0\u00bb background_layout=\u00a0\u00bbdark\u00a0\u00bb custom_margin=\u00a0\u00bb10px||10px||true|false\u00a0\u00bb custom_padding=\u00a0\u00bb10px||10px||true|false\u00a0\u00bb custom_css_main_element=\u00a0\u00bbwidth:100%;\u00a0\u00bb global_colors_info=\u00a0\u00bb{}\u00a0\u00bb button_border_width__hover_enabled=\u00a0\u00bbon|desktop\u00a0\u00bb button_border_width__hover=\u00a0\u00bb2px\u00a0\u00bb button_bg_color__hover_enabled=\u00a0\u00bbon|desktop\u00a0\u00bb button_bg_color__hover=\u00a0\u00bb#ffffff\u00a0\u00bb button_bg_enable_color__hover=\u00a0\u00bbon\u00a0\u00bb button_text_color__hover_enabled=\u00a0\u00bbon|hover\u00a0\u00bb button_text_color__hover=\u00a0\u00bb#051B34&Prime;][\/et_pb_button][\/et_pb_column][\/et_pb_row][\/et_pb_section][et_pb_section fb_built=\u00a0\u00bb1&Prime; _builder_version=\u00a0\u00bb4.27.5&Prime; _module_preset=\u00a0\u00bbdefault\u00a0\u00bb global_colors_info=\u00a0\u00bb{}\u00a0\u00bb][et_pb_row _builder_version=\u00a0\u00bb4.27.5&Prime; _module_preset=\u00a0\u00bba45db282-3f53-4204-b5e4-3acc2dbdc60a\u00a0\u00bb global_colors_info=\u00a0\u00bb{}\u00a0\u00bb][et_pb_column type=\u00a0\u00bb4_4&Prime; _builder_version=\u00a0\u00bb4.27.5&Prime; _module_preset=\u00a0\u00bbdefault\u00a0\u00bb global_colors_info=\u00a0\u00bb{}\u00a0\u00bb][et_pb_text _builder_version=\u00a0\u00bb4.27.5&Prime; _module_preset=\u00a0\u00bbdefault\u00a0\u00bb header_3_font=\u00a0\u00bbMabry Pro|300|||||||\u00a0\u00bb header_3_text_align=\u00a0\u00bbcenter\u00a0\u00bb header_3_font_size=\u00a0\u00bb32px\u00a0\u00bb locked=\u00a0\u00bboff\u00a0\u00bb global_colors_info=\u00a0\u00bb{}\u00a0\u00bb]<\/p>\n<h3>FAQS<\/h3>\n<p>[\/et_pb_text][et_pb_accordion open_toggle_background_color=\u00a0\u00bb#ffffff\u00a0\u00bb closed_toggle_background_color=\u00a0\u00bb#ffffff\u00a0\u00bb toggle_icon=\u00a0\u00bb&#x33;||divi||400&Prime; icon_color=\u00a0\u00bb#051B34&Prime; use_icon_font_size=\u00a0\u00bbon\u00a0\u00bb icon_font_size=\u00a0\u00bb30px\u00a0\u00bb _builder_version=\u00a0\u00bb4.27.5&Prime; _module_preset=\u00a0\u00bbdefault\u00a0\u00bb hover_enabled=\u00a0\u00bb0&Prime; global_colors_info=\u00a0\u00bb{}\u00a0\u00bb sticky_enabled=\u00a0\u00bb0&Prime;][et_pb_accordion_item title=\u00a0\u00bbPourquoi est-il important de l&apos;appliquer plusieurs fois?\u00a0\u00bb open=\u00a0\u00bbon\u00a0\u00bb _builder_version=\u00a0\u00bb4.27.5&Prime; _module_preset=\u00a0\u00bbdefault\u00a0\u00bb custom_margin=\u00a0\u00bb0px||0px||true|false\u00a0\u00bb custom_padding=\u00a0\u00bb||||true|false\u00a0\u00bb hover_enabled=\u00a0\u00bb0&Prime; global_colors_info=\u00a0\u00bb{}\u00a0\u00bb toggle_text_color=\u00a0\u00bb#051B34&Prime; toggle_font=\u00a0\u00bb|600|||||||\u00a0\u00bb toggle_font_size=\u00a0\u00bb20px\u00a0\u00bb sticky_enabled=\u00a0\u00bb0&Prime;]<\/p>\n<p>Il doit \u00eatre appliqu\u00e9 30 minutes avant l\u2019exposition au soleil et toujours en quantit\u00e9 g\u00e9n\u00e9reuse. La transpiration, la baignade en mer ou en piscine, le contact avec la serviette et le sable, ou la pratique de sport peuvent \u00e9liminer le produit. Il est donc important de r\u00e9appliquer la protection solaire afin de maintenir une protection optimale.<\/p>\n<p>[\/et_pb_accordion_item][et_pb_accordion_item title=\u00a0\u00bbQuels sont les b\u00e9n\u00e9fices d\u2019Invisible Protection?\u00a0\u00bb _builder_version=\u00a0\u00bb4.27.5&Prime; _module_preset=\u00a0\u00bbdefault\u00a0\u00bb custom_margin=\u00a0\u00bb0px||0px||true|false\u00a0\u00bb custom_padding=\u00a0\u00bb||||true|false\u00a0\u00bb hover_enabled=\u00a0\u00bb0&Prime; global_colors_info=\u00a0\u00bb{}\u00a0\u00bb toggle_text_color=\u00a0\u00bb#051B34&Prime; toggle_font=\u00a0\u00bb|600|||||||\u00a0\u00bb toggle_font_size=\u00a0\u00bb20px\u00a0\u00bb open=\u00a0\u00bboff\u00a0\u00bb sticky_enabled=\u00a0\u00bb0&Prime;]<\/p>\n<div class=\"accordion__item faq-simple__item js-accordion-item is-active\">\n<div id=\"content-faq_item_Cbpg94\" class=\"accordion__content accordion__content--animate faq-simple__item-content js-accordion-content\" role=\"region\" aria-labelledby=\"control-faq_item_Cbpg94\">\n<div class=\"faq-simple__item-inner js-accordion-inner section-rte\">\n<p><span class=\"metafield-multi_line_text_field\">En plus de la haute protection qu\u2019il offre (SPF 50+), sa texture ultra-l\u00e9g\u00e8re et invisible en fera votre meilleur alli\u00e9 au quotidien. Il poss\u00e8de \u00e9galement une action hydratante, apaisante et anti-\u00e2ge.<\/span><\/p>\n<\/div>\n<p><\/div>\n<p><\/div>\n<p>[\/et_pb_accordion_item][et_pb_accordion_item title=\u00a0\u00bb\u00c0 quel moment est-ce utilis\u00e9 dans la routine?\u00a0\u00bb _builder_version=\u00a0\u00bb4.27.5&Prime; _module_preset=\u00a0\u00bbdefault\u00a0\u00bb custom_margin=\u00a0\u00bb0px||0px||true|false\u00a0\u00bb custom_padding=\u00a0\u00bb||||true|false\u00a0\u00bb hover_enabled=\u00a0\u00bb0&Prime; global_colors_info=\u00a0\u00bb{}\u00a0\u00bb toggle_text_color=\u00a0\u00bb#051B34&Prime; toggle_font=\u00a0\u00bb|600|||||||\u00a0\u00bb toggle_font_size=\u00a0\u00bb20px\u00a0\u00bb open=\u00a0\u00bboff\u00a0\u00bb sticky_enabled=\u00a0\u00bb0&Prime;]<\/p>\n<div class=\"accordion__item faq-simple__item js-accordion-item is-active\">\n<div id=\"content-faq_item_Cbpg94\" class=\"accordion__content accordion__content--animate faq-simple__item-content js-accordion-content\" role=\"region\" aria-labelledby=\"control-faq_item_Cbpg94\">\n<div class=\"faq-simple__item-inner js-accordion-inner section-rte\">\n<div class=\"accordion__item faq-simple__item js-accordion-item is-active\">\n<div id=\"content-faq_item_KcWG6h\" class=\"accordion__content accordion__content--animate faq-simple__item-content js-accordion-content\" role=\"region\" aria-labelledby=\"control-faq_item_KcWG6h\">\n<div class=\"faq-simple__item-inner js-accordion-inner section-rte\">\n<p><span class=\"metafield-multi_line_text_field\">La protection solaire doit \u00eatre utilis\u00e9e comme derni\u00e8re \u00e9tape de la routine du visage, apr\u00e8s la cr\u00e8me hydratante. Si vous le souhaitez, elle peut \u00e9galement \u00eatre utilis\u00e9e comme base avant le maquillage. Sa texture l\u00e9g\u00e8re et soyeuse en fait un produit parfait pour diff\u00e9rents moments de la routine. Utilisez-la comme vous pr\u00e9f\u00e9rez !<\/span><\/p>\n<\/div>\n<p><\/div>\n<p><\/div>\n<p><\/p>\n<div class=\"accordion__item faq-simple__item js-accordion-item\">\n<h3 class=\"accordion__title faq-simple__item-title\">\u00a0<\/h3>\n<\/div>\n<p><\/div>\n<p><\/div>\n<p><\/div>\n<p>[\/et_pb_accordion_item][et_pb_accordion_item title=\u00a0\u00bbEst-ce que cela rend la peau grasse?\u00a0\u00bb _builder_version=\u00a0\u00bb4.27.5&Prime; _module_preset=\u00a0\u00bbdefault\u00a0\u00bb custom_margin=\u00a0\u00bb0px||0px||true|false\u00a0\u00bb custom_padding=\u00a0\u00bb||||true|false\u00a0\u00bb hover_enabled=\u00a0\u00bb0&Prime; global_colors_info=\u00a0\u00bb{}\u00a0\u00bb toggle_text_color=\u00a0\u00bb#051B34&Prime; toggle_font=\u00a0\u00bb|600|||||||\u00a0\u00bb toggle_font_size=\u00a0\u00bb20px\u00a0\u00bb open=\u00a0\u00bboff\u00a0\u00bb sticky_enabled=\u00a0\u00bb0&Prime;]<\/p>\n<div class=\"accordion__item faq-simple__item js-accordion-item is-active\">\n<div id=\"content-faq_item_Cbpg94\" class=\"accordion__content accordion__content--animate faq-simple__item-content js-accordion-content\" role=\"region\" aria-labelledby=\"control-faq_item_Cbpg94\">\n<div class=\"faq-simple__item-inner js-accordion-inner section-rte\">\n<div class=\"accordion__item faq-simple__item js-accordion-item is-active\">\n<div id=\"content-faq_item_KcWG6h\" class=\"accordion__content accordion__content--animate faq-simple__item-content js-accordion-content\" role=\"region\" aria-labelledby=\"control-faq_item_KcWG6h\">\n<div class=\"faq-simple__item-inner js-accordion-inner section-rte\">\n<p>Rien du tout ! Au contraire, gr\u00e2ce \u00e0 sa texture unique, soyeuse et invisible, vous aurez l\u2019impression de ne rien avoir appliqu\u00e9. Il n\u2019est ni gras ni collant.<\/p>\n<\/div>\n<p><\/div>\n<p><\/div>\n<p><\/p>\n<div class=\"accordion__item faq-simple__item js-accordion-item\">\n<h3 class=\"accordion__title faq-simple__item-title\">\u00a0<\/h3>\n<\/div>\n<p><\/div>\n<p><\/div>\n<p><\/div>\n<p>[\/et_pb_accordion_item][et_pb_accordion_item title=\u00a0\u00bbQuelle protection offre-t-il?\u00a0\u00bb _builder_version=\u00a0\u00bb4.27.5&Prime; _module_preset=\u00a0\u00bbdefault\u00a0\u00bb custom_margin=\u00a0\u00bb0px||0px||true|false\u00a0\u00bb custom_padding=\u00a0\u00bb||||true|false\u00a0\u00bb hover_enabled=\u00a0\u00bb0&Prime; global_colors_info=\u00a0\u00bb{}\u00a0\u00bb toggle_text_color=\u00a0\u00bb#051B34&Prime; toggle_font=\u00a0\u00bb|600|||||||\u00a0\u00bb toggle_font_size=\u00a0\u00bb20px\u00a0\u00bb open=\u00a0\u00bboff\u00a0\u00bb sticky_enabled=\u00a0\u00bb0&Prime;]<\/p>\n<div class=\"accordion__item faq-simple__item js-accordion-item is-active\">\n<div id=\"content-faq_item_Cbpg94\" class=\"accordion__content accordion__content--animate faq-simple__item-content js-accordion-content\" role=\"region\" aria-labelledby=\"control-faq_item_Cbpg94\">\n<div class=\"faq-simple__item-inner js-accordion-inner section-rte\">\n<div class=\"accordion__item faq-simple__item js-accordion-item is-active\">\n<div id=\"content-faq_item_KcWG6h\" class=\"accordion__content accordion__content--animate faq-simple__item-content js-accordion-content\" role=\"region\" aria-labelledby=\"control-faq_item_KcWG6h\">\n<div class=\"faq-simple__item-inner js-accordion-inner section-rte\">\n<p>Le SPF (Sun Protection Factor) du s\u00e9rum invisible est de 50+, le niveau de protection le plus \u00e9lev\u00e9. De plus, il prot\u00e8ge contre les rayons UVA et la lumi\u00e8re bleue.<\/p>\n<\/div>\n<p><\/div>\n<p><\/div>\n<p><\/p>\n<div class=\"accordion__item faq-simple__item js-accordion-item\">\n<h3 class=\"accordion__title faq-simple__item-title\">\u00a0<\/h3>\n<\/div>\n<p><\/div>\n<p><\/div>\n<p><\/div>\n<p>[\/et_pb_accordion_item][et_pb_accordion_item title=\u00a0\u00bbQuels sont les avantages de Hydra Sunscreen?\u00a0\u00bb _builder_version=\u00a0\u00bb4.27.5&Prime; _module_preset=\u00a0\u00bbdefault\u00a0\u00bb custom_margin=\u00a0\u00bb0px||0px||true|false\u00a0\u00bb custom_padding=\u00a0\u00bb||||true|false\u00a0\u00bb global_colors_info=\u00a0\u00bb{}\u00a0\u00bb toggle_text_color=\u00a0\u00bb#051B34&Prime; toggle_font=\u00a0\u00bb|600|||||||\u00a0\u00bb toggle_font_size=\u00a0\u00bb20px\u00a0\u00bb open=\u00a0\u00bboff\u00a0\u00bb]<\/p>\n<p>En plus de la haute protection qu\u2019il offre (SPF 50+), il contient de l\u2019acide hyaluronique qui hydrate le visage, de la Carnosine, un peptide anti-\u00e2ge, et il a \u00e9galement une activit\u00e9 antioxydante gr\u00e2ce aux vitamines C et E.\u00a0<\/p>\n<p>[\/et_pb_accordion_item][et_pb_accordion_item title=\u00a0\u00bb\u00c0 quel moment est-ce utilis\u00e9 dans la routine?\u00a0\u00bb _builder_version=\u00a0\u00bb4.27.5&Prime; _module_preset=\u00a0\u00bbdefault\u00a0\u00bb custom_margin=\u00a0\u00bb0px||0px||true|false\u00a0\u00bb custom_padding=\u00a0\u00bb||||true|false\u00a0\u00bb hover_enabled=\u00a0\u00bb0&Prime; global_colors_info=\u00a0\u00bb{}\u00a0\u00bb toggle_text_color=\u00a0\u00bb#051B34&Prime; toggle_font=\u00a0\u00bb|600|||||||\u00a0\u00bb toggle_font_size=\u00a0\u00bb20px\u00a0\u00bb open=\u00a0\u00bboff\u00a0\u00bb sticky_enabled=\u00a0\u00bb0&Prime;]<\/p>\n<p>La cr\u00e8me solaire doit \u00eatre utilis\u00e9e comme derni\u00e8re \u00e9tape de la routine faciale, apr\u00e8s la cr\u00e8me hydratante. Si d\u00e9sir\u00e9, elle peut \u00e9galement \u00eatre utilis\u00e9e avant le maquillage.<\/p>\n<p>[\/et_pb_accordion_item][et_pb_accordion_item title=\u00a0\u00bbEst-ce que cela rend la peau grasse?\u00a0\u00bb _builder_version=\u00a0\u00bb4.27.5&Prime; _module_preset=\u00a0\u00bbdefault\u00a0\u00bb custom_margin=\u00a0\u00bb0px||0px||true|false\u00a0\u00bb custom_padding=\u00a0\u00bb||||true|false\u00a0\u00bb hover_enabled=\u00a0\u00bb0&Prime; global_colors_info=\u00a0\u00bb{}\u00a0\u00bb toggle_text_color=\u00a0\u00bb#051B34&Prime; toggle_font=\u00a0\u00bb|600|||||||\u00a0\u00bb toggle_font_size=\u00a0\u00bb20px\u00a0\u00bb open=\u00a0\u00bboff\u00a0\u00bb sticky_enabled=\u00a0\u00bb0&Prime;]<\/p>\n<p>Non ! Il s\u2019agit d\u2019une cr\u00e8me l\u00e9g\u00e8re, \u00e0 la texture non grasse et non collante, qui s\u2019absorbe rapidement sans laisser de r\u00e9sidus blancs sur la peau.<\/p>\n<p>[\/et_pb_accordion_item][et_pb_accordion_item title=\u00a0\u00bbQuelle protection offre-t-il?\u00a0\u00bb _builder_version=\u00a0\u00bb4.27.5&Prime; _module_preset=\u00a0\u00bbdefault\u00a0\u00bb custom_margin=\u00a0\u00bb0px||0px||true|false\u00a0\u00bb custom_padding=\u00a0\u00bb||||true|false\u00a0\u00bb hover_enabled=\u00a0\u00bb0&Prime; global_colors_info=\u00a0\u00bb{}\u00a0\u00bb toggle_text_color=\u00a0\u00bb#051B34&Prime; toggle_font=\u00a0\u00bb|600|||||||\u00a0\u00bb toggle_font_size=\u00a0\u00bb20px\u00a0\u00bb open=\u00a0\u00bboff\u00a0\u00bb sticky_enabled=\u00a0\u00bb0&Prime;]<\/p>\n<p>Le SPF (Sun Protection Factor) du s\u00e9rum invisible est de 50+, le niveau de protection le plus \u00e9lev\u00e9. De plus, il offre une protection \u00e0 360\u00ba, c\u2019est-\u00e0-dire qu\u2019il prot\u00e8ge contre l\u2019ensemble du spectre lumineux : UVB, UVA, IR et VL.<\/p>\n<p>[\/et_pb_accordion_item][et_pb_accordion_item title=\u00a0\u00bbTout le monde peut-il l&apos;utiliser?\u00a0\u00bb _builder_version=\u00a0\u00bb4.27.5&Prime; _module_preset=\u00a0\u00bbdefault\u00a0\u00bb custom_margin=\u00a0\u00bb0px||0px||true|false\u00a0\u00bb custom_padding=\u00a0\u00bb||||true|false\u00a0\u00bb global_colors_info=\u00a0\u00bb{}\u00a0\u00bb toggle_text_color=\u00a0\u00bb#051B34&Prime; toggle_font=\u00a0\u00bb|600|||||||\u00a0\u00bb toggle_font_size=\u00a0\u00bb20px\u00a0\u00bb open=\u00a0\u00bboff\u00a0\u00bb]<\/p>\n<p>Oui, Hydra Sunscreen est parfait pour tous les types de peau.<\/p>\n<p>[\/et_pb_accordion_item][et_pb_accordion_item title=\u00a0\u00bbEst-il r\u00e9sistant \u00e0 l&apos;eau et \u00e0 la transpiration?\u00a0\u00bb _builder_version=\u00a0\u00bb4.27.5&Prime; _module_preset=\u00a0\u00bbdefault\u00a0\u00bb custom_margin=\u00a0\u00bb0px||0px||true|false\u00a0\u00bb custom_padding=\u00a0\u00bb||||true|false\u00a0\u00bb global_colors_info=\u00a0\u00bb{}\u00a0\u00bb toggle_text_color=\u00a0\u00bb#051B34&Prime; toggle_font=\u00a0\u00bb|600|||||||\u00a0\u00bb toggle_font_size=\u00a0\u00bb20px\u00a0\u00bb open=\u00a0\u00bboff\u00a0\u00bb]<\/p>\n<p>Non, donc pour maintenir son efficacit\u00e9, il est recommand\u00e9 de le r\u00e9appliquer fr\u00e9quemment, surtout apr\u00e8s le bain, la transpiration ou l\u2019utilisation de la serviette.<\/p>\n<p>[\/et_pb_accordion_item][et_pb_accordion_item title=\u00a0\u00bbQu&apos;est-ce que l&apos;actif Carnosine?\u00a0\u00bb _builder_version=\u00a0\u00bb4.27.5&Prime; _module_preset=\u00a0\u00bbdefault\u00a0\u00bb custom_margin=\u00a0\u00bb0px||0px||true|false\u00a0\u00bb custom_padding=\u00a0\u00bb||||true|false\u00a0\u00bb global_colors_info=\u00a0\u00bb{}\u00a0\u00bb toggle_text_color=\u00a0\u00bb#051B34&Prime; toggle_font=\u00a0\u00bb|600|||||||\u00a0\u00bb toggle_font_size=\u00a0\u00bb20px\u00a0\u00bb open=\u00a0\u00bboff\u00a0\u00bb]<\/p>\n<p>Il s\u2019agit d\u2019un dipeptide biomim\u00e9tique naturellement pr\u00e9sent dans la peau. Il a de nombreux avantages, car non seulement il prot\u00e8ge la peau de tout le spectre de lumi\u00e8re visible, mais il lutte \u00e9galement contre le vieillissement : il r\u00e9duit les signes visibles de l\u2019\u00e2ge, pr\u00e9serve et restaure le collag\u00e8ne, et am\u00e9liore la fermet\u00e9 et l\u2019\u00e9lasticit\u00e9.<\/p>\n<p>[\/et_pb_accordion_item][\/et_pb_accordion][\/et_pb_column][\/et_pb_row][\/et_pb_section][et_pb_section fb_built=\u00a0\u00bb1&Prime; _builder_version=\u00a0\u00bb4.27.5&Prime; _module_preset=\u00a0\u00bbdefault\u00a0\u00bb background_color=\u00a0\u00bb#051B34&Prime; locked=\u00a0\u00bboff\u00a0\u00bb global_colors_info=\u00a0\u00bb{}\u00a0\u00bb][et_pb_row column_structure=\u00a0\u00bb1_2,1_2&Prime; _builder_version=\u00a0\u00bb4.27.5&Prime; _module_preset=\u00a0\u00bba45db282-3f53-4204-b5e4-3acc2dbdc60a\u00a0\u00bb global_colors_info=\u00a0\u00bb{}\u00a0\u00bb][et_pb_column type=\u00a0\u00bb1_2&Prime; _builder_version=\u00a0\u00bb4.27.5&Prime; _module_preset=\u00a0\u00bbdefault\u00a0\u00bb global_colors_info=\u00a0\u00bb{}\u00a0\u00bb][et_pb_text _builder_version=\u00a0\u00bb4.27.5&Prime; _module_preset=\u00a0\u00bbdefault\u00a0\u00bb header_2_text_color=\u00a0\u00bb#ffffff\u00a0\u00bb header_2_line_height=\u00a0\u00bb1.2em\u00a0\u00bb custom_margin=\u00a0\u00bb||7px|||\u00a0\u00bb locked=\u00a0\u00bboff\u00a0\u00bb global_colors_info=\u00a0\u00bb{}\u00a0\u00bb]<\/p>\n<h2>Profitez des avantages d&rsquo;\u00eatre un professionnel<\/h2>\n<p>[\/et_pb_text][\/et_pb_column][et_pb_column type=\u00a0\u00bb1_2&Prime; _builder_version=\u00a0\u00bb4.27.5&Prime; _module_preset=\u00a0\u00bbdefault\u00a0\u00bb global_colors_info=\u00a0\u00bb{}\u00a0\u00bb][et_pb_text _builder_version=\u00a0\u00bb4.27.5&Prime; _module_preset=\u00a0\u00bbdefault\u00a0\u00bb header_3_font=\u00a0\u00bbMabry Pro|300|||||||\u00a0\u00bb header_3_text_align=\u00a0\u00bbcenter\u00a0\u00bb header_3_font_size=\u00a0\u00bb32px\u00a0\u00bb header_4_text_color=\u00a0\u00bb#ffffff\u00a0\u00bb background_layout=\u00a0\u00bbdark\u00a0\u00bb custom_margin=\u00a0\u00bb||14px|||\u00a0\u00bb locked=\u00a0\u00bboff\u00a0\u00bb global_colors_info=\u00a0\u00bb{}\u00a0\u00bb]<\/p>\n<p>Inscrivez-vous dans notre boutique en ligne ou demandez \u00e0 \u00eatre enregistr\u00e9 en tant que professionnel via notre formulaire de contact pour acc\u00e9der \u00e0 des remises exclusives.<\/p>\n<p>[\/et_pb_text][et_pb_button button_url=\u00a0\u00bbhttps:\/\/sie7e24.es\/valquer\/fr\/contactez-nous\/\u00a0\u00bb button_text=\u00a0\u00bbDemander des Informations\u00a0\u00bb button_alignment=\u00a0\u00bbcenter\u00a0\u00bb _builder_version=\u00a0\u00bb4.27.5&Prime; _module_preset=\u00a0\u00bbdefault\u00a0\u00bb custom_button=\u00a0\u00bbon\u00a0\u00bb button_text_size=\u00a0\u00bb17px\u00a0\u00bb button_border_width=\u00a0\u00bb2px\u00a0\u00bb button_border_color=\u00a0\u00bb#ffffff\u00a0\u00bb button_use_icon=\u00a0\u00bboff\u00a0\u00bb background_layout=\u00a0\u00bbdark\u00a0\u00bb custom_margin=\u00a0\u00bb10px||10px||true|false\u00a0\u00bb custom_padding=\u00a0\u00bb10px||10px||true|false\u00a0\u00bb custom_css_main_element=\u00a0\u00bbwidth:100%;\u00a0\u00bb global_colors_info=\u00a0\u00bb{}\u00a0\u00bb button_border_width__hover_enabled=\u00a0\u00bbon|desktop\u00a0\u00bb button_border_width__hover=\u00a0\u00bb2px\u00a0\u00bb button_bg_color__hover_enabled=\u00a0\u00bbon|desktop\u00a0\u00bb button_bg_color__hover=\u00a0\u00bb#ffffff\u00a0\u00bb button_bg_enable_color__hover=\u00a0\u00bbon\u00a0\u00bb button_text_color__hover_enabled=\u00a0\u00bbon|hover\u00a0\u00bb button_text_color__hover=\u00a0\u00bb#051B34&Prime;][\/et_pb_button][et_pb_button button_url=\u00a0\u00bbhttps:\/\/www.valquer.com\/account\/register\u00a0\u00bb button_text=\u00a0\u00bbCr\u00e9er un Compte\u00a0\u00bb button_alignment=\u00a0\u00bbcenter\u00a0\u00bb _builder_version=\u00a0\u00bb4.27.5&Prime; _module_preset=\u00a0\u00bbdefault\u00a0\u00bb custom_button=\u00a0\u00bbon\u00a0\u00bb button_text_size=\u00a0\u00bb17px\u00a0\u00bb button_border_width=\u00a0\u00bb2px\u00a0\u00bb button_border_color=\u00a0\u00bb#ffffff\u00a0\u00bb button_use_icon=\u00a0\u00bboff\u00a0\u00bb background_layout=\u00a0\u00bbdark\u00a0\u00bb custom_margin=\u00a0\u00bb10px||10px||true|false\u00a0\u00bb custom_padding=\u00a0\u00bb10px||10px||true|false\u00a0\u00bb custom_css_main_element=\u00a0\u00bbwidth:100%;\u00a0\u00bb global_colors_info=\u00a0\u00bb{}\u00a0\u00bb button_border_width__hover_enabled=\u00a0\u00bbon|desktop\u00a0\u00bb button_border_width__hover=\u00a0\u00bb2px\u00a0\u00bb button_bg_color__hover_enabled=\u00a0\u00bbon|desktop\u00a0\u00bb button_bg_color__hover=\u00a0\u00bb#ffffff\u00a0\u00bb button_bg_enable_color__hover=\u00a0\u00bbon\u00a0\u00bb button_text_color__hover_enabled=\u00a0\u00bbon|hover\u00a0\u00bb button_text_color__hover=\u00a0\u00bb#051B34&Prime;][\/et_pb_button][\/et_pb_column][\/et_pb_row][\/et_pb_section][et_pb_section fb_built=\u00a0\u00bb1&Prime; _builder_version=\u00a0\u00bb4.27.5&Prime; _module_preset=\u00a0\u00bbdefault\u00a0\u00bb locked=\u00a0\u00bboff\u00a0\u00bb global_colors_info=\u00a0\u00bb{}\u00a0\u00bb][et_pb_row _builder_version=\u00a0\u00bb4.27.5&Prime; _module_preset=\u00a0\u00bba45db282-3f53-4204-b5e4-3acc2dbdc60a\u00a0\u00bb global_colors_info=\u00a0\u00bb{}\u00a0\u00bb][et_pb_column type=\u00a0\u00bb4_4&Prime; _builder_version=\u00a0\u00bb4.27.5&Prime; _module_preset=\u00a0\u00bbdefault\u00a0\u00bb global_colors_info=\u00a0\u00bb{}\u00a0\u00bb][et_pb_text _builder_version=\u00a0\u00bb4.27.5&Prime; _module_preset=\u00a0\u00bbdefault\u00a0\u00bb header_3_font=\u00a0\u00bbMabry Pro|300|||||||\u00a0\u00bb header_3_text_align=\u00a0\u00bbcenter\u00a0\u00bb header_3_font_size=\u00a0\u00bb32px\u00a0\u00bb locked=\u00a0\u00bboff\u00a0\u00bb global_colors_info=\u00a0\u00bb{}\u00a0\u00bb]<\/p>\n<h3>FAQ sur la Protection Solaire<\/h3>\n<p>[\/et_pb_text][et_pb_accordion open_toggle_background_color=\u00a0\u00bb#ffffff\u00a0\u00bb closed_toggle_background_color=\u00a0\u00bb#ffffff\u00a0\u00bb toggle_icon=\u00a0\u00bb&#x33;||divi||400&Prime; icon_color=\u00a0\u00bb#051B34&Prime; use_icon_font_size=\u00a0\u00bbon\u00a0\u00bb icon_font_size=\u00a0\u00bb30px\u00a0\u00bb _builder_version=\u00a0\u00bb4.27.5&Prime; _module_preset=\u00a0\u00bbdefault\u00a0\u00bb global_colors_info=\u00a0\u00bb{}\u00a0\u00bb][et_pb_accordion_item title=\u00a0\u00bbLa lumi\u00e8re solaire est-elle importante?\u00a0\u00bb open=\u00a0\u00bbon\u00a0\u00bb _builder_version=\u00a0\u00bb4.27.5&Prime; _module_preset=\u00a0\u00bbdefault\u00a0\u00bb custom_margin=\u00a0\u00bb0px||0px||true|false\u00a0\u00bb custom_padding=\u00a0\u00bb||||true|false\u00a0\u00bb global_colors_info=\u00a0\u00bb{}\u00a0\u00bb toggle_text_color=\u00a0\u00bb#051B34&Prime; toggle_font=\u00a0\u00bb|600|||||||\u00a0\u00bb toggle_font_size=\u00a0\u00bb20px\u00a0\u00bb]<\/p>\n<p>\u00a0Le soleil est tr\u00e8s b\u00e9n\u00e9fique pour la sant\u00e9 car il nous aide \u00e0 synth\u00e9tiser la vitamine D dont nous avons besoin pour renforcer nos os, am\u00e9liore notre humeur et nous aide \u00e0 retrouver de la vitalit\u00e9. Cependant, sans une protection ad\u00e9quate, ses effets peuvent \u00eatre tr\u00e8s dangereux.<\/p>\n<p>[\/et_pb_accordion_item][et_pb_accordion_item title=\u00a0\u00bbPourquoi est-il important de se prot\u00e9ger du soleil?\u00a0\u00bb _builder_version=\u00a0\u00bb4.27.5&Prime; _module_preset=\u00a0\u00bbdefault\u00a0\u00bb custom_margin=\u00a0\u00bb0px||0px||true|false\u00a0\u00bb custom_padding=\u00a0\u00bb||||true|false\u00a0\u00bb global_colors_info=\u00a0\u00bb{}\u00a0\u00bb toggle_text_color=\u00a0\u00bb#051B34&Prime; toggle_font=\u00a0\u00bb|600|||||||\u00a0\u00bb toggle_font_size=\u00a0\u00bb20px\u00a0\u00bb open=\u00a0\u00bboff\u00a0\u00bb]<\/p>\n<p>Les effets n\u00e9fastes de l\u2019exposition solaire proviennent principalement des rayons ultraviolets (UV): UVA et UVB, ainsi que des infrarouges (IR). La peau dispose de m\u00e9canismes naturels pour nous prot\u00e9ger d\u2019eux, comme la formation de m\u00e9lanine, la substance responsable du bronzage que nous obtenons lorsque nous prenons le soleil, mais cela ne suffit pas. \u00c0 court terme et superficiellement, ces radiations peuvent provoquer des br\u00fblures. \u00c0 long terme, elles peuvent atteindre la couche la plus profonde de la peau et causer des dommages graves, tels que le photo-vieillissement et l\u2019alt\u00e9ration des d\u00e9fenses de la peau, pouvant entra\u00eener diff\u00e9rents types de cancer.<\/p>\n<p>[\/et_pb_accordion_item][et_pb_accordion_item title=\u00a0\u00bbQue signifie SPF?\u00a0\u00bb _builder_version=\u00a0\u00bb4.27.5&Prime; _module_preset=\u00a0\u00bbdefault\u00a0\u00bb custom_margin=\u00a0\u00bb0px||0px||true|false\u00a0\u00bb custom_padding=\u00a0\u00bb||||true|false\u00a0\u00bb global_colors_info=\u00a0\u00bb{}\u00a0\u00bb toggle_text_color=\u00a0\u00bb#051B34&Prime; toggle_font=\u00a0\u00bb|600|||||||\u00a0\u00bb toggle_font_size=\u00a0\u00bb20px\u00a0\u00bb open=\u00a0\u00bboff\u00a0\u00bb]<\/p>\n<p>Lorsque nous parlons du SPF d\u2019une cr\u00e8me solaire, nous faisons r\u00e9f\u00e9rence au temps de protection contre les rayons ultraviolets. Autrement dit, le nombre qui accompagne ces initiales nous indique pendant combien de temps notre r\u00e9sistance naturelle au soleil est multipli\u00e9e. Par exemple, si nous avons l\u2019habitude de nous br\u00fbler au bout de 20 minutes d\u2019exposition aux rayons du soleil, avec un SPF 15, ce temps est multipli\u00e9 par 15. De m\u00eame, avec un SPF 20, ce temps est multipli\u00e9 par 20, et ainsi de suite avec tous les facteurs.<\/p>\n<p>[\/et_pb_accordion_item][et_pb_accordion_item title=\u00a0\u00bbQuand dois-je utiliser une protection solaire?\u00a0\u00bb _builder_version=\u00a0\u00bb4.27.5&Prime; _module_preset=\u00a0\u00bbdefault\u00a0\u00bb custom_margin=\u00a0\u00bb0px||0px||true|false\u00a0\u00bb custom_padding=\u00a0\u00bb||||true|false\u00a0\u00bb global_colors_info=\u00a0\u00bb{}\u00a0\u00bb toggle_text_color=\u00a0\u00bb#051B34&Prime; toggle_font=\u00a0\u00bb|600|||||||\u00a0\u00bb toggle_font_size=\u00a0\u00bb20px\u00a0\u00bb open=\u00a0\u00bboff\u00a0\u00bb]<\/p>\n<p>Il est id\u00e9al de l\u2019appliquer au moins une fois par jour, aussi bien en \u00e9t\u00e9 qu\u2019en hiver, et m\u00eame les jours nuageux. Il est important de se prot\u00e9ger contre les radiations UV tout au long de l\u2019ann\u00e9e. Cependant, s\u2019il y a une exposition plus importante au soleil, il convient de l\u2019appliquer plus fr\u00e9quemment.<\/p>\n<p>[\/et_pb_accordion_item][\/et_pb_accordion][\/et_pb_column][\/et_pb_row][\/et_pb_section]<\/p>\n","protected":false},"excerpt":{"rendered":"<p>Solaire pour le visage\u00a0D\u00e9couvrez l\u2019excellence des soins solaires avec notre gamme exclusive de Solaire pour le visage, sp\u00e9cialement con\u00e7ue pour embellir et prot\u00e9ger votre peau contre l\u2019exposition au soleil. Avec des produits nouveaux comme notre Invisible Protection et le nourrissant Hydra Sunscreen, chaque application devient un acte d\u2019amour-propre et de d\u00e9fense intelligente contre le vieillissement [&hellip;]<\/p>\n","protected":false},"author":2,"featured_media":3986,"parent":3681,"menu_order":0,"comment_status":"closed","ping_status":"closed","template":"","meta":{"_et_pb_use_builder":"on","_et_pb_old_content":"","_et_gb_content_width":"","footnotes":""},"dipi_cpt_category":[],"class_list":["post-4037","page","type-page","status-publish","has-post-thumbnail","hentry"],"yoast_head":"<!-- This site is optimized with the Yoast SEO Premium plugin v26.8 (Yoast SEO v26.8) - https:\/\/yoast.com\/product\/yoast-seo-premium-wordpress\/ -->\n<title>solaire visage |\u00a0Valquer\u00ae Laboratorios<\/title>\n<meta name=\"description\" content=\"D\u00e9couvrez la protection solaire pour le visage et prot\u00e9gez votre peau chaque jour. Des formules l\u00e9g\u00e8res pour pr\u00e9venir le vieillissement tout en maintenant la peau hydrat\u00e9e et soign\u00e9e.\" \/>\n<meta name=\"robots\" content=\"index, follow, max-snippet:-1, max-image-preview:large, max-video-preview:-1\" \/>\n<link rel=\"canonical\" href=\"https:\/\/info.valquer.com\/fr\/professionnels\/catalogue\/soin-peau\/creme-solaire-visage\/\" \/>\n<meta property=\"og:locale\" content=\"fr_FR\" \/>\n<meta property=\"og:type\" content=\"article\" \/>\n<meta property=\"og:title\" content=\"solaire visage\" \/>\n<meta property=\"og:description\" content=\"D\u00e9couvrez la protection solaire pour le visage et prot\u00e9gez votre peau chaque jour. Des formules l\u00e9g\u00e8res pour pr\u00e9venir le vieillissement tout en maintenant la peau hydrat\u00e9e et soign\u00e9e.\" \/>\n<meta property=\"og:url\" content=\"https:\/\/info.valquer.com\/fr\/professionnels\/catalogue\/soin-peau\/creme-solaire-visage\/\" \/>\n<meta property=\"og:site_name\" content=\"Valquer\u00ae Laboratorios\" \/>\n<meta property=\"article:publisher\" content=\"https:\/\/www.facebook.com\/valquerlaboratorios\/\" \/>\n<meta property=\"article:modified_time\" content=\"2026-04-15T07:10:24+00:00\" \/>\n<meta property=\"og:image\" content=\"https:\/\/info.valquer.com\/wp-content\/uploads\/2026\/01\/Banner_fotoproteccion_piel-1024x768.png\" \/>\n\t<meta property=\"og:image:width\" content=\"1024\" \/>\n\t<meta property=\"og:image:height\" content=\"768\" \/>\n\t<meta property=\"og:image:type\" content=\"image\/png\" \/>\n<meta name=\"twitter:card\" content=\"summary_large_image\" \/>\n<meta name=\"twitter:label1\" content=\"Dur\u00e9e de lecture estim\u00e9e\" \/>\n\t<meta name=\"twitter:data1\" content=\"33 minutes\" \/>\n<script type=\"application\/ld+json\" class=\"yoast-schema-graph\">{\"@context\":\"https:\/\/schema.org\",\"@graph\":[{\"@type\":\"WebPage\",\"@id\":\"https:\/\/info.valquer.com\/fr\/professionnels\/catalogue\/soin-peau\/creme-solaire-visage\/\",\"url\":\"https:\/\/info.valquer.com\/fr\/professionnels\/catalogue\/soin-peau\/creme-solaire-visage\/\",\"name\":\"solaire visage |\u00a0Valquer\u00ae Laboratorios\",\"isPartOf\":{\"@id\":\"https:\/\/info.valquer.com\/fr\/#website\"},\"primaryImageOfPage\":{\"@id\":\"https:\/\/info.valquer.com\/fr\/professionnels\/catalogue\/soin-peau\/creme-solaire-visage\/#primaryimage\"},\"image\":{\"@id\":\"https:\/\/info.valquer.com\/fr\/professionnels\/catalogue\/soin-peau\/creme-solaire-visage\/#primaryimage\"},\"thumbnailUrl\":\"https:\/\/info.valquer.com\/wp-content\/uploads\/2026\/01\/Banner_fotoproteccion_piel.png\",\"datePublished\":\"2026-01-06T17:24:38+00:00\",\"dateModified\":\"2026-04-15T07:10:24+00:00\",\"description\":\"D\u00e9couvrez la protection solaire pour le visage et prot\u00e9gez votre peau chaque jour. Des formules l\u00e9g\u00e8res pour pr\u00e9venir le vieillissement tout en maintenant la peau hydrat\u00e9e et soign\u00e9e.\",\"breadcrumb\":{\"@id\":\"https:\/\/info.valquer.com\/fr\/professionnels\/catalogue\/soin-peau\/creme-solaire-visage\/#breadcrumb\"},\"inLanguage\":\"fr-FR\",\"potentialAction\":[{\"@type\":\"ReadAction\",\"target\":[\"https:\/\/info.valquer.com\/fr\/professionnels\/catalogue\/soin-peau\/creme-solaire-visage\/\"]}]},{\"@type\":\"ImageObject\",\"inLanguage\":\"fr-FR\",\"@id\":\"https:\/\/info.valquer.com\/fr\/professionnels\/catalogue\/soin-peau\/creme-solaire-visage\/#primaryimage\",\"url\":\"https:\/\/info.valquer.com\/wp-content\/uploads\/2026\/01\/Banner_fotoproteccion_piel.png\",\"contentUrl\":\"https:\/\/info.valquer.com\/wp-content\/uploads\/2026\/01\/Banner_fotoproteccion_piel.png\",\"width\":2048,\"height\":1536,\"caption\":\"solaire visage\"},{\"@type\":\"BreadcrumbList\",\"@id\":\"https:\/\/info.valquer.com\/fr\/professionnels\/catalogue\/soin-peau\/creme-solaire-visage\/#breadcrumb\",\"itemListElement\":[{\"@type\":\"ListItem\",\"position\":1,\"name\":\"Portada\",\"item\":\"https:\/\/info.valquer.com\/fr\/\"},{\"@type\":\"ListItem\",\"position\":2,\"name\":\"Je suis un professionnel\",\"item\":\"https:\/\/info.valquer.com\/fr\/professionnels\/\"},{\"@type\":\"ListItem\",\"position\":3,\"name\":\"CATALOGUE\",\"item\":\"https:\/\/info.valquer.com\/fr\/professionnels\/catalogue\/\"},{\"@type\":\"ListItem\",\"position\":4,\"name\":\"Soin Peau\",\"item\":\"https:\/\/info.valquer.com\/fr\/professionnels\/catalogue\/soin-peau\/\"},{\"@type\":\"ListItem\",\"position\":5,\"name\":\"solaire visage\"}]},{\"@type\":\"WebSite\",\"@id\":\"https:\/\/info.valquer.com\/fr\/#website\",\"url\":\"https:\/\/info.valquer.com\/fr\/\",\"name\":\"Valquer\u00ae Laboratorios\",\"description\":\"Dermocosm\u00e9tica Natural y Sostenible\",\"publisher\":{\"@id\":\"https:\/\/info.valquer.com\/fr\/#organization\"},\"alternateName\":\"Valquer Labs\",\"potentialAction\":[{\"@type\":\"SearchAction\",\"target\":{\"@type\":\"EntryPoint\",\"urlTemplate\":\"https:\/\/info.valquer.com\/fr\/?s={search_term_string}\"},\"query-input\":{\"@type\":\"PropertyValueSpecification\",\"valueRequired\":true,\"valueName\":\"search_term_string\"}}],\"inLanguage\":\"fr-FR\"},{\"@type\":\"Organization\",\"@id\":\"https:\/\/info.valquer.com\/fr\/#organization\",\"name\":\"Valquer\u00ae Laboratorios\",\"alternateName\":\"Valquer Labs\",\"url\":\"https:\/\/info.valquer.com\/fr\/\",\"logo\":{\"@type\":\"ImageObject\",\"inLanguage\":\"fr-FR\",\"@id\":\"https:\/\/info.valquer.com\/fr\/#\/schema\/logo\/image\/\",\"url\":\"https:\/\/info.valquer.com\/wp-content\/uploads\/2026\/01\/Logo-Valquer.jpg\",\"contentUrl\":\"https:\/\/info.valquer.com\/wp-content\/uploads\/2026\/01\/Logo-Valquer.jpg\",\"width\":1200,\"height\":675,\"caption\":\"Valquer\u00ae Laboratorios\"},\"image\":{\"@id\":\"https:\/\/info.valquer.com\/fr\/#\/schema\/logo\/image\/\"},\"sameAs\":[\"https:\/\/www.facebook.com\/valquerlaboratorios\/\",\"https:\/\/www.instagram.com\/valquer_laboratorios\/\",\"https:\/\/www.tiktok.com\/@valquer_laboratorios\",\"https:\/\/www.youtube.com\/user\/laboratoriosvalquer\",\"https:\/\/www.linkedin.com\/company\/laboratorios-valquer\/?originalSubdomain=es\"],\"description\":\"Cosm\u00e9ticos biotecnol\u00f3gicos, naturales y sostenibles. Laboratorio y fabricante de cosm\u00e9ticos desde 1975. Con presencia en m\u00e1s de 65 pa\u00edses y sedes en Espa\u00f1a, Reino Unido y M\u00e9xico. Valquer Laboratorios, investiga, desarrolla y fabrica productos cosm\u00e9ticos biotecnol\u00f3gicos, veganos, naturales, sostenibles y testados dermatol\u00f3gicamente, para terceros.\",\"email\":\"info@valquer.com\",\"telephone\":\"+34 925 91 00 99\",\"legalName\":\"VALQUER LABORATORIOS S.L.U.\",\"foundingDate\":\"1975-07-10\",\"vatID\":\"B78094489\",\"taxID\":\"B78094489\",\"numberOfEmployees\":{\"@type\":\"QuantitativeValue\",\"minValue\":\"51\",\"maxValue\":\"200\"},\"publishingPrinciples\":\"https:\/\/info.valquer.com\/home\/\"}]}<\/script>\n<!-- \/ Yoast SEO Premium plugin. -->","yoast_head_json":{"title":"solaire visage |\u00a0Valquer\u00ae Laboratorios","description":"D\u00e9couvrez la protection solaire pour le visage et prot\u00e9gez votre peau chaque jour. Des formules l\u00e9g\u00e8res pour pr\u00e9venir le vieillissement tout en maintenant la peau hydrat\u00e9e et soign\u00e9e.","robots":{"index":"index","follow":"follow","max-snippet":"max-snippet:-1","max-image-preview":"max-image-preview:large","max-video-preview":"max-video-preview:-1"},"canonical":"https:\/\/info.valquer.com\/fr\/professionnels\/catalogue\/soin-peau\/creme-solaire-visage\/","og_locale":"fr_FR","og_type":"article","og_title":"solaire visage","og_description":"D\u00e9couvrez la protection solaire pour le visage et prot\u00e9gez votre peau chaque jour. Des formules l\u00e9g\u00e8res pour pr\u00e9venir le vieillissement tout en maintenant la peau hydrat\u00e9e et soign\u00e9e.","og_url":"https:\/\/info.valquer.com\/fr\/professionnels\/catalogue\/soin-peau\/creme-solaire-visage\/","og_site_name":"Valquer\u00ae Laboratorios","article_publisher":"https:\/\/www.facebook.com\/valquerlaboratorios\/","article_modified_time":"2026-04-15T07:10:24+00:00","og_image":[{"width":1024,"height":768,"url":"https:\/\/info.valquer.com\/wp-content\/uploads\/2026\/01\/Banner_fotoproteccion_piel-1024x768.png","type":"image\/png"}],"twitter_card":"summary_large_image","twitter_misc":{"Dur\u00e9e de lecture estim\u00e9e":"33 minutes"},"schema":{"@context":"https:\/\/schema.org","@graph":[{"@type":"WebPage","@id":"https:\/\/info.valquer.com\/fr\/professionnels\/catalogue\/soin-peau\/creme-solaire-visage\/","url":"https:\/\/info.valquer.com\/fr\/professionnels\/catalogue\/soin-peau\/creme-solaire-visage\/","name":"solaire visage |\u00a0Valquer\u00ae Laboratorios","isPartOf":{"@id":"https:\/\/info.valquer.com\/fr\/#website"},"primaryImageOfPage":{"@id":"https:\/\/info.valquer.com\/fr\/professionnels\/catalogue\/soin-peau\/creme-solaire-visage\/#primaryimage"},"image":{"@id":"https:\/\/info.valquer.com\/fr\/professionnels\/catalogue\/soin-peau\/creme-solaire-visage\/#primaryimage"},"thumbnailUrl":"https:\/\/info.valquer.com\/wp-content\/uploads\/2026\/01\/Banner_fotoproteccion_piel.png","datePublished":"2026-01-06T17:24:38+00:00","dateModified":"2026-04-15T07:10:24+00:00","description":"D\u00e9couvrez la protection solaire pour le visage et prot\u00e9gez votre peau chaque jour. Des formules l\u00e9g\u00e8res pour pr\u00e9venir le vieillissement tout en maintenant la peau hydrat\u00e9e et soign\u00e9e.","breadcrumb":{"@id":"https:\/\/info.valquer.com\/fr\/professionnels\/catalogue\/soin-peau\/creme-solaire-visage\/#breadcrumb"},"inLanguage":"fr-FR","potentialAction":[{"@type":"ReadAction","target":["https:\/\/info.valquer.com\/fr\/professionnels\/catalogue\/soin-peau\/creme-solaire-visage\/"]}]},{"@type":"ImageObject","inLanguage":"fr-FR","@id":"https:\/\/info.valquer.com\/fr\/professionnels\/catalogue\/soin-peau\/creme-solaire-visage\/#primaryimage","url":"https:\/\/info.valquer.com\/wp-content\/uploads\/2026\/01\/Banner_fotoproteccion_piel.png","contentUrl":"https:\/\/info.valquer.com\/wp-content\/uploads\/2026\/01\/Banner_fotoproteccion_piel.png","width":2048,"height":1536,"caption":"solaire visage"},{"@type":"BreadcrumbList","@id":"https:\/\/info.valquer.com\/fr\/professionnels\/catalogue\/soin-peau\/creme-solaire-visage\/#breadcrumb","itemListElement":[{"@type":"ListItem","position":1,"name":"Portada","item":"https:\/\/info.valquer.com\/fr\/"},{"@type":"ListItem","position":2,"name":"Je suis un professionnel","item":"https:\/\/info.valquer.com\/fr\/professionnels\/"},{"@type":"ListItem","position":3,"name":"CATALOGUE","item":"https:\/\/info.valquer.com\/fr\/professionnels\/catalogue\/"},{"@type":"ListItem","position":4,"name":"Soin Peau","item":"https:\/\/info.valquer.com\/fr\/professionnels\/catalogue\/soin-peau\/"},{"@type":"ListItem","position":5,"name":"solaire visage"}]},{"@type":"WebSite","@id":"https:\/\/info.valquer.com\/fr\/#website","url":"https:\/\/info.valquer.com\/fr\/","name":"Valquer\u00ae Laboratorios","description":"Dermocosm\u00e9tica Natural y Sostenible","publisher":{"@id":"https:\/\/info.valquer.com\/fr\/#organization"},"alternateName":"Valquer Labs","potentialAction":[{"@type":"SearchAction","target":{"@type":"EntryPoint","urlTemplate":"https:\/\/info.valquer.com\/fr\/?s={search_term_string}"},"query-input":{"@type":"PropertyValueSpecification","valueRequired":true,"valueName":"search_term_string"}}],"inLanguage":"fr-FR"},{"@type":"Organization","@id":"https:\/\/info.valquer.com\/fr\/#organization","name":"Valquer\u00ae Laboratorios","alternateName":"Valquer Labs","url":"https:\/\/info.valquer.com\/fr\/","logo":{"@type":"ImageObject","inLanguage":"fr-FR","@id":"https:\/\/info.valquer.com\/fr\/#\/schema\/logo\/image\/","url":"https:\/\/info.valquer.com\/wp-content\/uploads\/2026\/01\/Logo-Valquer.jpg","contentUrl":"https:\/\/info.valquer.com\/wp-content\/uploads\/2026\/01\/Logo-Valquer.jpg","width":1200,"height":675,"caption":"Valquer\u00ae Laboratorios"},"image":{"@id":"https:\/\/info.valquer.com\/fr\/#\/schema\/logo\/image\/"},"sameAs":["https:\/\/www.facebook.com\/valquerlaboratorios\/","https:\/\/www.instagram.com\/valquer_laboratorios\/","https:\/\/www.tiktok.com\/@valquer_laboratorios","https:\/\/www.youtube.com\/user\/laboratoriosvalquer","https:\/\/www.linkedin.com\/company\/laboratorios-valquer\/?originalSubdomain=es"],"description":"Cosm\u00e9ticos biotecnol\u00f3gicos, naturales y sostenibles. Laboratorio y fabricante de cosm\u00e9ticos desde 1975. Con presencia en m\u00e1s de 65 pa\u00edses y sedes en Espa\u00f1a, Reino Unido y M\u00e9xico. Valquer Laboratorios, investiga, desarrolla y fabrica productos cosm\u00e9ticos biotecnol\u00f3gicos, veganos, naturales, sostenibles y testados dermatol\u00f3gicamente, para terceros.","email":"info@valquer.com","telephone":"+34 925 91 00 99","legalName":"VALQUER LABORATORIOS S.L.U.","foundingDate":"1975-07-10","vatID":"B78094489","taxID":"B78094489","numberOfEmployees":{"@type":"QuantitativeValue","minValue":"51","maxValue":"200"},"publishingPrinciples":"https:\/\/info.valquer.com\/home\/"}]}},"_links":{"self":[{"href":"https:\/\/info.valquer.com\/fr\/wp-json\/wp\/v2\/pages\/4037","targetHints":{"allow":["GET"]}}],"collection":[{"href":"https:\/\/info.valquer.com\/fr\/wp-json\/wp\/v2\/pages"}],"about":[{"href":"https:\/\/info.valquer.com\/fr\/wp-json\/wp\/v2\/types\/page"}],"author":[{"embeddable":true,"href":"https:\/\/info.valquer.com\/fr\/wp-json\/wp\/v2\/users\/2"}],"replies":[{"embeddable":true,"href":"https:\/\/info.valquer.com\/fr\/wp-json\/wp\/v2\/comments?post=4037"}],"version-history":[{"count":6,"href":"https:\/\/info.valquer.com\/fr\/wp-json\/wp\/v2\/pages\/4037\/revisions"}],"predecessor-version":[{"id":10773,"href":"https:\/\/info.valquer.com\/fr\/wp-json\/wp\/v2\/pages\/4037\/revisions\/10773"}],"up":[{"embeddable":true,"href":"https:\/\/info.valquer.com\/fr\/wp-json\/wp\/v2\/pages\/3681"}],"wp:featuredmedia":[{"embeddable":true,"href":"https:\/\/info.valquer.com\/fr\/wp-json\/wp\/v2\/media\/3986"}],"wp:attachment":[{"href":"https:\/\/info.valquer.com\/fr\/wp-json\/wp\/v2\/media?parent=4037"}],"wp:term":[{"taxonomy":"dipi_cpt_category","embeddable":true,"href":"https:\/\/info.valquer.com\/fr\/wp-json\/wp\/v2\/dipi_cpt_category?post=4037"}],"curies":[{"name":"wp","href":"https:\/\/api.w.org\/{rel}","templated":true}]}}