{"id":6664,"date":"2025-12-28T18:04:05","date_gmt":"2025-12-28T18:04:05","guid":{"rendered":"https:\/\/sie7e24.es\/valquer\/professional\/"},"modified":"2026-03-25T11:15:54","modified_gmt":"2026-03-25T11:15:54","slug":"professional","status":"publish","type":"page","link":"https:\/\/info.valquer.com\/en\/professional\/","title":{"rendered":"I am a professional"},"content":{"rendered":"<p>[et_pb_section fb_built=&#8221;1&#8243; module_class=&#8221;HeaderAzulValquer&#8221; _builder_version=&#8221;4.27.5&#8243; _module_preset=&#8221;default&#8221; background_color=&#8221;#051B34&#8243; background_image=&#8221;https:\/\/info.valquer.com\/wp-content\/uploads\/2026\/01\/cosmetica-para-profesionales-peluqueria-1.jpg&#8221; custom_padding=&#8221;0px||0px||true|false&#8221; global_colors_info=&#8221;{}&#8221;][et_pb_row custom_padding_last_edited=&#8221;on|phone&#8221; _builder_version=&#8221;4.27.5&#8243; _module_preset=&#8221;default&#8221; width=&#8221;100%&#8221; max_width=&#8221;90%&#8221; custom_padding=&#8221;196px||196px||true|false&#8221; custom_padding_tablet=&#8221;196px||196px||true|false&#8221; custom_padding_phone=&#8221;80px||80px||true|false&#8221; global_colors_info=&#8221;{}&#8221;][et_pb_column type=&#8221;4_4&#8243; _builder_version=&#8221;4.27.5&#8243; _module_preset=&#8221;default&#8221; global_colors_info=&#8221;{}&#8221;][et_pb_text _builder_version=&#8221;4.27.5&#8243; _module_preset=&#8221;default&#8221; header_font=&#8221;|300|||||||&#8221; header_text_align=&#8221;center&#8221; header_font_size=&#8221;48px&#8221; header_2_text_align=&#8221;center&#8221; header_2_font_size=&#8221;18px&#8221; background_layout=&#8221;dark&#8221; custom_margin=&#8221;||20px||false|false&#8221; custom_padding=&#8221;||||false|false&#8221; header_font_size_tablet=&#8221;48px&#8221; header_font_size_phone=&#8221;27px&#8221; header_font_size_last_edited=&#8221;on|phone&#8221; header_2_text_align_tablet=&#8221;center&#8221; header_2_font_size_tablet=&#8221;18px&#8221; header_2_font_size_phone=&#8221;16px&#8221; header_2_font_size_last_edited=&#8221;on|tablet&#8221; global_colors_info=&#8221;{}&#8221;]<\/p>\n<h2>PROFESSIONAL HAIRDRESSING PRODUCTS<\/h2>\n<p><\/p>\n<h1>Benefits of being a professional<\/h1>\n<p><\/p>\n<p style=\"text-align: center;\">Register as a hairdressing professional and get professional hairdressing products in our online store at exclusive prices.<\/p>\n<p>[\/et_pb_text][et_pb_button button_url=&#8221;https:\/\/www.valquer.com\/pages\/cuenta-profesional&#8221; url_new_window=&#8221;on&#8221; button_text=&#8221;REGISTER&#8221; button_alignment=&#8221;center&#8221; _builder_version=&#8221;4.27.5&#8243; _module_preset=&#8221;default&#8221; custom_button=&#8221;on&#8221; button_text_size=&#8221;14px&#8221; button_text_color=&#8221;#FFFFFF&#8221; button_border_width=&#8221;1px&#8221; button_border_color=&#8221;#FFFFFF&#8221; button_border_radius=&#8221;1px&#8221; button_letter_spacing=&#8221;2px&#8221; button_font=&#8221;Mabry Pro|300||on|||||&#8221; button_use_icon=&#8221;off&#8221; custom_margin=&#8221;||||false|false&#8221; custom_padding=&#8221;20px|30px|20px|30px|true|true&#8221; custom_css_main_element=&#8221;display:inline-block;&#8221; global_colors_info=&#8221;{}&#8221;][\/et_pb_button][\/et_pb_column][\/et_pb_row][\/et_pb_section][et_pb_section fb_built=&#8221;1&#8243; _builder_version=&#8221;4.27.5&#8243; _module_preset=&#8221;default&#8221; background_color=&#8221;#fffbf6&#8243; custom_padding=&#8221;0px||40px||false|false&#8221; global_colors_info=&#8221;{}&#8221;][et_pb_row column_structure=&#8221;1_2,1_2&#8243; use_custom_gutter=&#8221;on&#8221; gutter_width=&#8221;4&#8243; _builder_version=&#8221;4.27.5&#8243; _module_preset=&#8221;default&#8221; custom_padding=&#8221;0px||0px||true|false&#8221; global_colors_info=&#8221;{}&#8221;][et_pb_column type=&#8221;1_2&#8243; _builder_version=&#8221;4.27.5&#8243; _module_preset=&#8221;default&#8221; custom_padding=&#8221;80px||||false|false&#8221; global_colors_info=&#8221;{}&#8221;][et_pb_text _builder_version=&#8221;4.27.5&#8243; _module_preset=&#8221;default&#8221; custom_margin=&#8221;||7px|||&#8221; global_colors_info=&#8221;{}&#8221;]<\/p>\n<h3>Make your hairdresser more profitable, thanks to our conditions for professionals<\/h3>\n<p>[\/et_pb_text][et_pb_text _builder_version=&#8221;4.27.5&#8243; _module_preset=&#8221;default&#8221; text_font=&#8221;Mabry Pro||||||||&#8221; text_text_color=&#8221;#051B34&#8243; text_font_size=&#8221;20px&#8221; text_line_height=&#8221;1.2em&#8221; custom_margin=&#8221;||0px||false|false&#8221; custom_padding=&#8221;||0px||false|false&#8221; global_colors_info=&#8221;{}&#8221;]<\/p>\n<p class=\"p1\">Register as a hairdressing professional and get professional hairdressing products in our online store at exclusive prices.<\/p>\n<p><\/p>\n<p class=\"p1\">Make your salon more profitable thanks to our professional terms.<\/p>\n<p><\/p>\n<p class=\"p1\">Valquer, a laboratory and manufacturer of p<strong>rofessional hair and cosmetic products since 1975, researches and develops top-quality products for the hairdressing and professional aesthetics sectors.<\/strong><\/p>\n<p><\/p>\n<ul>\n<li>\n<p class=\"p1\">Exclusive prices on professional hairdressing products in our online store.<\/p>\n<\/li>\n<li>\n<p class=\"p1\">Access to a personalized advisor who will help you make the best decisions.<\/p>\n<\/li>\n<li>\n<p class=\"p1\">Boost your professional career through our training content (Valquer Academy).<\/p>\n<\/li>\n<li>\n<p class=\"p1\">Stay up to date with information, updates and news from our company and the industry.<\/p>\n<\/li>\n<li>\n<p class=\"p1\">Become a true influencer among your clientele through our affiliate program.<\/p>\n<\/li>\n<\/ul>\n<p><\/p>\n<p>&nbsp;<\/p>\n<p>[\/et_pb_text][et_pb_divider divider_position=&#8221;center&#8221; _builder_version=&#8221;4.27.5&#8243; _module_preset=&#8221;default&#8221; custom_margin=&#8221;0px||0px||true|false&#8221; custom_padding=&#8221;0px||0px||true|false&#8221; global_colors_info=&#8221;{}&#8221;][\/et_pb_divider][et_pb_text _builder_version=&#8221;4.27.5&#8243; _module_preset=&#8221;default&#8221; text_font=&#8221;Mabry Pro||||||||&#8221; text_text_color=&#8221;#051B34&#8243; text_font_size=&#8221;20px&#8221; text_line_height=&#8221;1.2em&#8221; custom_margin=&#8221;||0px||false|false&#8221; custom_padding=&#8221;||0px||false|false&#8221; locked=&#8221;off&#8221; global_colors_info=&#8221;{}&#8221;]<\/p>\n<p style=\"text-align: right;\">\u201c\u201cLearn the rules like a professional so you can break them like an artist\u201d<\/p>\n<p><\/p>\n<p style=\"text-align: right;\"><em>Coco Chanel<\/em><\/p>\n<p>[\/et_pb_text][\/et_pb_column][et_pb_column type=&#8221;1_2&#8243; _builder_version=&#8221;4.27.5&#8243; _module_preset=&#8221;default&#8221; global_colors_info=&#8221;{}&#8221;]<\/p>\n<p>[et_pb_video src=&#8221;https:\/\/youtu.be\/w3QF1niTglk&#8221; image_src=&#8221;https:\/\/info.valquer.com\/wp-content\/uploads\/2026\/01\/productos-de-peluqueria-profesional.jpg&#8221; _builder_version=&#8221;4.27.5&#8243; _module_preset=&#8221;default&#8221; module_alignment=&#8221;center&#8221; min_height=&#8221;700px&#8221; height=&#8221;500px&#8221; hover_enabled=&#8221;0&#8243; global_colors_info=&#8221;{}&#8221; locked=&#8221;off&#8221; theme_builder_area=&#8221;post_content&#8221; title_text=&#8221;productos-de-peluqueria-profesional&#8221; sticky_enabled=&#8221;0&#8243;][\/et_pb_video]<\/p>\n<p>[\/et_pb_column][\/et_pb_row][\/et_pb_section][et_pb_section fb_built=&#8221;1&#8243; _builder_version=&#8221;4.27.5&#8243; _module_preset=&#8221;default&#8221; background_color=&#8221;#051B34&#8243; locked=&#8221;off&#8221; global_colors_info=&#8221;{}&#8221;][et_pb_row column_structure=&#8221;1_2,1_2&#8243; _builder_version=&#8221;4.27.5&#8243; _module_preset=&#8221;a45db282-3f53-4204-b5e4-3acc2dbdc60a&#8221; global_colors_info=&#8221;{}&#8221;][et_pb_column type=&#8221;1_2&#8243; _builder_version=&#8221;4.27.5&#8243; _module_preset=&#8221;default&#8221; global_colors_info=&#8221;{}&#8221;][et_pb_text _builder_version=&#8221;4.27.5&#8243; _module_preset=&#8221;default&#8221; background_layout=&#8221;dark&#8221; custom_margin=&#8221;||7px|||&#8221; locked=&#8221;off&#8221; global_colors_info=&#8221;{}&#8221;]<\/p>\n<h3>Online professional cosmetics shopping<\/h3>\n<p><\/p>\n<p class=\"p1\">Valquer meets the most demanding needs in cosmetic products for hairdressing professionals.<\/p>\n<p><\/p>\n<p class=\"p1\">We offer more than 150 different references. This line covers all the areas you can find in a hair salon: backwash, coloring, reshaping, styling and treatments.<\/p>\n<p><\/p>\n<ul>\n<li>\n<p class=\"p1\"><span class=\"s1\"><b>Backwash:<\/b><\/span> shampoos, conditioners<\/p>\n<p><\/li>\n<p><\/p>\n<li>\n<p class=\"p1\"><span class=\"s1\"><b>Coloring:<\/b><\/span> color cream, developers, bleaching<\/p>\n<p><\/li>\n<p><\/p>\n<li>\n<p class=\"p1\"><span class=\"s1\"><b>Reshaping:<\/b><\/span> perms, neutralizers<\/p>\n<p><\/li>\n<p><\/p>\n<li>\n<p class=\"p1\"><span class=\"s1\"><b>Hold\/Finishing:<\/b><\/span> hairsprays, mousses, gels, waxes, setting lotions<\/p>\n<p><\/li>\n<p><\/p>\n<li>\n<p class=\"p1\"><span class=\"s1\"><b>Specific treatments:<\/b><\/span> for colored hair, dry hair, damaged hair, white\/grey hair, oily hair, anti-hair loss, anti-dandruff, maintenance\u2026<\/p>\n<p><\/li>\n<p><\/ul>\n<p>[\/et_pb_text][\/et_pb_column][et_pb_column type=&#8221;1_2&#8243; _builder_version=&#8221;4.27.5&#8243; _module_preset=&#8221;default&#8221; global_colors_info=&#8221;{}&#8221;][et_pb_text _builder_version=&#8221;4.27.5&#8243; _module_preset=&#8221;default&#8221; header_2_text_align=&#8221;center&#8221; background_layout=&#8221;dark&#8221; custom_margin=&#8221;||7px|||&#8221; hover_enabled=&#8221;0&#8243; locked=&#8221;off&#8221; global_colors_info=&#8221;{}&#8221; sticky_enabled=&#8221;0&#8243;]<\/p>\n<h2><strong>2025<\/strong><\/h2>\n<p><\/p>\n<h2>CATALOG<\/h2>\n<p>[\/et_pb_text][et_pb_button button_url=&#8221;https:\/\/info.valquer.com\/wp-content\/uploads\/2026\/03\/Catalogo-Valquer-Laboratorios-2026.pdf&#8221; url_new_window=&#8221;on&#8221; button_text=&#8221;CATALOG&#8221; button_alignment=&#8221;center&#8221; _builder_version=&#8221;4.27.5&#8243; _module_preset=&#8221;default&#8221; custom_button=&#8221;on&#8221; button_text_size=&#8221;14px&#8221; button_text_color=&#8221;#FFFFFF&#8221; button_border_width=&#8221;1px&#8221; button_border_color=&#8221;#FFFFFF&#8221; button_border_radius=&#8221;1px&#8221; button_letter_spacing=&#8221;2px&#8221; button_font=&#8221;Mabry Pro|300||on|||||&#8221; button_use_icon=&#8221;off&#8221; custom_margin=&#8221;||||false|false&#8221; custom_padding=&#8221;20px|30px|20px|30px|true|true&#8221; hover_enabled=&#8221;0&#8243; global_colors_info=&#8221;{}&#8221; button_text_color__hover_enabled=&#8221;on|hover&#8221; button_text_color__hover=&#8221;#012E47&#8243; button_bg_color__hover_enabled=&#8221;on|hover&#8221; button_bg_color__hover=&#8221;#FFFFFF&#8221; button_bg_enable_color__hover=&#8221;on&#8221; button_border_width__hover_enabled=&#8221;on|hover&#8221; button_border_width__hover=&#8221;1px&#8221; sticky_enabled=&#8221;0&#8243;][\/et_pb_button][\/et_pb_column][\/et_pb_row][\/et_pb_section][et_pb_section fb_built=&#8221;1&#8243; _builder_version=&#8221;4.27.5&#8243; _module_preset=&#8221;default&#8221; custom_margin=&#8221;0px||0px||true|false&#8221; custom_padding=&#8221;0px||0px||true|false&#8221; global_colors_info=&#8221;{}&#8221;][et_pb_row column_structure=&#8221;1_2,1_2&#8243; use_custom_gutter=&#8221;on&#8221; gutter_width=&#8221;2&#8243; _builder_version=&#8221;4.27.5&#8243; _module_preset=&#8221;default&#8221; width=&#8221;100%&#8221; max_width=&#8221;100%&#8221; module_alignment=&#8221;center&#8221; custom_padding=&#8221;0px||0px||true|false&#8221; global_colors_info=&#8221;{}&#8221;][et_pb_column type=&#8221;1_2&#8243; _builder_version=&#8221;4.27.5&#8243; _module_preset=&#8221;default&#8221; global_colors_info=&#8221;{}&#8221;][et_pb_image src=&#8221;https:\/\/info.valquer.com\/wp-content\/uploads\/2026\/01\/peluqueria-profesional.jpg&#8221; alt=&#8221;Professional hairdressing&#8221; title_text=&#8221;Professional-hairdressing&#8221; align=&#8221;center&#8221; _builder_version=&#8221;4.27.5&#8243; _module_preset=&#8221;default&#8221; global_colors_info=&#8221;{}&#8221;][\/et_pb_image][\/et_pb_column][et_pb_column type=&#8221;1_2&#8243; _builder_version=&#8221;4.27.5&#8243; _module_preset=&#8221;default&#8221; custom_padding=&#8221;50px|50px|||false|false&#8221; custom_padding_tablet=&#8221;|||30px|false|false&#8221; custom_padding_phone=&#8221;||50px|40px|false|false&#8221; custom_padding_last_edited=&#8221;on|phone&#8221; global_colors_info=&#8221;{}&#8221;][et_pb_text _builder_version=&#8221;4.27.5&#8243; _module_preset=&#8221;default&#8221; header_3_font_size=&#8221;35px&#8221; custom_margin=&#8221;||7px|||&#8221; header_3_text_align_tablet=&#8221;&#8221; header_3_text_align_phone=&#8221;center&#8221; header_3_text_align_last_edited=&#8221;on|phone&#8221; locked=&#8221;off&#8221; global_colors_info=&#8221;{}&#8221;]<\/p>\n<h3>Training for Professionals<\/h3>\n<p>[\/et_pb_text][et_pb_text _builder_version=&#8221;4.27.5&#8243; _module_preset=&#8221;default&#8221; text_font=&#8221;Mabry Pro||||||||&#8221; text_text_color=&#8221;#051B34&#8243; text_font_size=&#8221;20px&#8221; text_line_height=&#8221;1.2em&#8221; custom_margin=&#8221;||0px||false|false&#8221; custom_padding=&#8221;||0px||false|false&#8221; text_orientation_tablet=&#8221;&#8221; text_orientation_phone=&#8221;justified&#8221; text_orientation_last_edited=&#8221;on|phone&#8221; locked=&#8221;off&#8221; global_colors_info=&#8221;{}&#8221;]<\/p>\n<p class=\"p1\">At Valquer Laboratorios, we are committed to training because we believe it is essential for the growth and evolution of both companies and the people who are part of them. Our goal is to promote training for our clients and partners, and to present\u2014exclusively\u2014the latest innovations and most advanced techniques in the hairdressing industry.<\/p>\n<p><\/p>\n<p class=\"p1\">The growth and development of hair professionals is part of our philosophy.<\/p>\n<p><\/p>\n<p class=\"p1\">That\u2019s why we invest in high-quality training to achieve excellence.<\/p>\n<p>[\/et_pb_text][et_pb_button button_url=&#8221;https:\/\/info.valquer.com\/soy-profesional\/academy\/&#8221; url_new_window=&#8221;on&#8221; button_text=&#8221;ACADEMY&#8221; button_alignment=&#8221;center&#8221; _builder_version=&#8221;4.27.5&#8243; _module_preset=&#8221;default&#8221; custom_button=&#8221;on&#8221; button_text_size=&#8221;14px&#8221; button_border_width=&#8221;1px&#8221; button_border_color=&#8221;#051B34&#8243; button_border_radius=&#8221;1px&#8221; button_letter_spacing=&#8221;2px&#8221; button_font=&#8221;Mabry Pro|300||on|||||&#8221; button_use_icon=&#8221;off&#8221; custom_margin=&#8221;||||false|false&#8221; custom_padding=&#8221;20px|30px|20px|30px|true|true&#8221; global_colors_info=&#8221;{}&#8221;][\/et_pb_button][\/et_pb_column][\/et_pb_row][\/et_pb_section][et_pb_section fb_built=&#8221;1&#8243; _builder_version=&#8221;4.27.5&#8243; _module_preset=&#8221;default&#8221; background_color=&#8221;#051B34&#8243; locked=&#8221;off&#8221; global_colors_info=&#8221;{}&#8221;][et_pb_row column_structure=&#8221;1_2,1_2&#8243; _builder_version=&#8221;4.27.5&#8243; _module_preset=&#8221;a45db282-3f53-4204-b5e4-3acc2dbdc60a&#8221; global_colors_info=&#8221;{}&#8221;][et_pb_column type=&#8221;1_2&#8243; _builder_version=&#8221;4.27.5&#8243; _module_preset=&#8221;default&#8221; global_colors_info=&#8221;{}&#8221;][et_pb_text _builder_version=&#8221;4.27.5&#8243; _module_preset=&#8221;default&#8221; header_2_text_color=&#8221;#ffffff&#8221; header_2_line_height=&#8221;1.2em&#8221; custom_margin=&#8221;||7px|||&#8221; locked=&#8221;off&#8221; global_colors_info=&#8221;{}&#8221;]<\/p>\n<h2>Enjoy the benefits of being a professional<\/h2>\n<p>[\/et_pb_text][\/et_pb_column][et_pb_column type=&#8221;1_2&#8243; _builder_version=&#8221;4.27.5&#8243; _module_preset=&#8221;default&#8221; global_colors_info=&#8221;{}&#8221;][et_pb_text _builder_version=&#8221;4.27.5&#8243; _module_preset=&#8221;default&#8221; header_3_font=&#8221;Mabry Pro|300|||||||&#8221; header_3_text_align=&#8221;center&#8221; header_3_font_size=&#8221;32px&#8221; header_4_text_color=&#8221;#ffffff&#8221; background_layout=&#8221;dark&#8221; custom_margin=&#8221;||14px|||&#8221; locked=&#8221;off&#8221; global_colors_info=&#8221;{}&#8221;]<\/p>\n<p>Register in our online store or request to be registered as a professional through our contact form to access exclusive discounts.<\/p>\n<p>[\/et_pb_text][et_pb_button button_url=&#8221;https:\/\/sie7e24.es\/valquer\/en\/contact\/&#8221; button_text=&#8221;ASK FOR INFORMATION&#8221; button_alignment=&#8221;center&#8221; _builder_version=&#8221;4.27.5&#8243; _module_preset=&#8221;default&#8221; custom_button=&#8221;on&#8221; button_text_size=&#8221;17px&#8221; button_border_width=&#8221;2px&#8221; button_border_color=&#8221;#ffffff&#8221; button_use_icon=&#8221;off&#8221; background_layout=&#8221;dark&#8221; custom_margin=&#8221;10px||10px||true|false&#8221; custom_padding=&#8221;10px||10px||true|false&#8221; custom_css_main_element=&#8221;width:100%;&#8221; global_colors_info=&#8221;{}&#8221; button_border_width__hover_enabled=&#8221;on|desktop&#8221; button_border_width__hover=&#8221;2px&#8221; button_bg_color__hover_enabled=&#8221;on|desktop&#8221; button_bg_color__hover=&#8221;#ffffff&#8221; button_bg_enable_color__hover=&#8221;on&#8221; button_text_color__hover_enabled=&#8221;on|hover&#8221; button_text_color__hover=&#8221;#051B34&#8243;][\/et_pb_button][et_pb_button button_url=&#8221;https:\/\/www.valquer.com\/account\/register&#8221; button_text=&#8221;Store Registration&#8221; button_alignment=&#8221;center&#8221; _builder_version=&#8221;4.27.5&#8243; _module_preset=&#8221;default&#8221; custom_button=&#8221;on&#8221; button_text_size=&#8221;17px&#8221; button_border_width=&#8221;2px&#8221; button_border_color=&#8221;#ffffff&#8221; button_use_icon=&#8221;off&#8221; background_layout=&#8221;dark&#8221; custom_margin=&#8221;10px||10px||true|false&#8221; custom_padding=&#8221;10px||10px||true|false&#8221; custom_css_main_element=&#8221;width:100%;&#8221; global_colors_info=&#8221;{}&#8221; button_border_width__hover_enabled=&#8221;on|desktop&#8221; button_border_width__hover=&#8221;2px&#8221; button_bg_color__hover_enabled=&#8221;on|desktop&#8221; button_bg_color__hover=&#8221;#ffffff&#8221; button_bg_enable_color__hover=&#8221;on&#8221; button_text_color__hover_enabled=&#8221;on|hover&#8221; button_text_color__hover=&#8221;#051B34&#8243;][\/et_pb_button][\/et_pb_column][\/et_pb_row][\/et_pb_section]<\/p>\n","protected":false},"excerpt":{"rendered":"<p>PROFESSIONAL HAIRDRESSING PRODUCTSBenefits of being a professionalRegister as a hairdressing professional and get professional hairdressing products in our online store at exclusive prices.Make your hairdresser more profitable, thanks to our conditions for professionalsRegister as a hairdressing professional and get professional hairdressing products in our online store at exclusive prices.Make your salon more profitable thanks to [&hellip;]<\/p>\n","protected":false},"author":1,"featured_media":0,"parent":0,"menu_order":0,"comment_status":"closed","ping_status":"closed","template":"","meta":{"_et_pb_use_builder":"on","_et_pb_old_content":"","_et_gb_content_width":"","footnotes":""},"dipi_cpt_category":[],"class_list":["post-6664","page","type-page","status-publish","hentry"],"yoast_head":"<!-- This site is optimized with the Yoast SEO Premium plugin v26.8 (Yoast SEO v26.8) - https:\/\/yoast.com\/product\/yoast-seo-premium-wordpress\/ -->\n<title>I am a professional |Valquer\u00ae Laboratorios<\/title>\n<meta name=\"description\" content=\"I am a professional looking for high-quality hair solutions, innovation, and effective results to offer the best service in my salon.\" \/>\n<meta name=\"robots\" content=\"index, follow, max-snippet:-1, max-image-preview:large, max-video-preview:-1\" \/>\n<link rel=\"canonical\" href=\"https:\/\/info.valquer.com\/en\/professional\/\" \/>\n<meta property=\"og:locale\" content=\"en_US\" \/>\n<meta property=\"og:type\" content=\"article\" \/>\n<meta property=\"og:title\" content=\"I am a professional\" \/>\n<meta property=\"og:description\" content=\"I am a professional looking for high-quality hair solutions, innovation, and effective results to offer the best service in my salon.\" \/>\n<meta property=\"og:url\" content=\"https:\/\/info.valquer.com\/en\/professional\/\" \/>\n<meta property=\"og:site_name\" content=\"Valquer\u00ae Laboratorios\" \/>\n<meta property=\"article:publisher\" content=\"https:\/\/www.facebook.com\/valquerlaboratorios\/\" \/>\n<meta property=\"article:modified_time\" content=\"2026-03-25T11:15:54+00:00\" \/>\n<meta property=\"og:image\" content=\"https:\/\/info.valquer.com\/wp-content\/uploads\/2026\/01\/Logo-Valquer.jpg\" \/>\n\t<meta property=\"og:image:width\" content=\"1200\" \/>\n\t<meta property=\"og:image:height\" content=\"675\" \/>\n\t<meta property=\"og:image:type\" content=\"image\/jpeg\" \/>\n<meta name=\"twitter:card\" content=\"summary_large_image\" \/>\n<meta name=\"twitter:label1\" content=\"Est. reading time\" \/>\n\t<meta name=\"twitter:data1\" content=\"9 minutes\" \/>\n<script type=\"application\/ld+json\" class=\"yoast-schema-graph\">{\"@context\":\"https:\/\/schema.org\",\"@graph\":[{\"@type\":\"WebPage\",\"@id\":\"https:\/\/info.valquer.com\/en\/professional\/\",\"url\":\"https:\/\/info.valquer.com\/en\/professional\/\",\"name\":\"I am a professional |Valquer\u00ae Laboratorios\",\"isPartOf\":{\"@id\":\"https:\/\/info.valquer.com\/en\/#website\"},\"datePublished\":\"2025-12-28T18:04:05+00:00\",\"dateModified\":\"2026-03-25T11:15:54+00:00\",\"description\":\"I am a professional looking for high-quality hair solutions, innovation, and effective results to offer the best service in my salon.\",\"breadcrumb\":{\"@id\":\"https:\/\/info.valquer.com\/en\/professional\/#breadcrumb\"},\"inLanguage\":\"en-US\",\"potentialAction\":[{\"@type\":\"ReadAction\",\"target\":[\"https:\/\/info.valquer.com\/en\/professional\/\"]}]},{\"@type\":\"BreadcrumbList\",\"@id\":\"https:\/\/info.valquer.com\/en\/professional\/#breadcrumb\",\"itemListElement\":[{\"@type\":\"ListItem\",\"position\":1,\"name\":\"Portada\",\"item\":\"https:\/\/info.valquer.com\/en\/\"},{\"@type\":\"ListItem\",\"position\":2,\"name\":\"I am a professional\"}]},{\"@type\":\"WebSite\",\"@id\":\"https:\/\/info.valquer.com\/en\/#website\",\"url\":\"https:\/\/info.valquer.com\/en\/\",\"name\":\"Valquer\u00ae Laboratorios\",\"description\":\"Dermocosm\u00e9tica Natural y Sostenible\",\"publisher\":{\"@id\":\"https:\/\/info.valquer.com\/en\/#organization\"},\"alternateName\":\"Valquer Labs\",\"potentialAction\":[{\"@type\":\"SearchAction\",\"target\":{\"@type\":\"EntryPoint\",\"urlTemplate\":\"https:\/\/info.valquer.com\/en\/?s={search_term_string}\"},\"query-input\":{\"@type\":\"PropertyValueSpecification\",\"valueRequired\":true,\"valueName\":\"search_term_string\"}}],\"inLanguage\":\"en-US\"},{\"@type\":\"Organization\",\"@id\":\"https:\/\/info.valquer.com\/en\/#organization\",\"name\":\"Valquer\u00ae Laboratorios\",\"alternateName\":\"Valquer Labs\",\"url\":\"https:\/\/info.valquer.com\/en\/\",\"logo\":{\"@type\":\"ImageObject\",\"inLanguage\":\"en-US\",\"@id\":\"https:\/\/info.valquer.com\/en\/#\/schema\/logo\/image\/\",\"url\":\"https:\/\/info.valquer.com\/wp-content\/uploads\/2026\/01\/Logo-Valquer.jpg\",\"contentUrl\":\"https:\/\/info.valquer.com\/wp-content\/uploads\/2026\/01\/Logo-Valquer.jpg\",\"width\":1200,\"height\":675,\"caption\":\"Valquer\u00ae Laboratorios\"},\"image\":{\"@id\":\"https:\/\/info.valquer.com\/en\/#\/schema\/logo\/image\/\"},\"sameAs\":[\"https:\/\/www.facebook.com\/valquerlaboratorios\/\",\"https:\/\/www.instagram.com\/valquer_laboratorios\/\",\"https:\/\/www.tiktok.com\/@valquer_laboratorios\",\"https:\/\/www.youtube.com\/user\/laboratoriosvalquer\",\"https:\/\/www.linkedin.com\/company\/laboratorios-valquer\/?originalSubdomain=es\"],\"description\":\"Cosm\u00e9ticos biotecnol\u00f3gicos, naturales y sostenibles. Laboratorio y fabricante de cosm\u00e9ticos desde 1975. Con presencia en m\u00e1s de 65 pa\u00edses y sedes en Espa\u00f1a, Reino Unido y M\u00e9xico. Valquer Laboratorios, investiga, desarrolla y fabrica productos cosm\u00e9ticos biotecnol\u00f3gicos, veganos, naturales, sostenibles y testados dermatol\u00f3gicamente, para terceros.\",\"email\":\"info@valquer.com\",\"telephone\":\"+34 925 91 00 99\",\"legalName\":\"VALQUER LABORATORIOS S.L.U.\",\"foundingDate\":\"1975-07-10\",\"vatID\":\"B78094489\",\"taxID\":\"B78094489\",\"numberOfEmployees\":{\"@type\":\"QuantitativeValue\",\"minValue\":\"51\",\"maxValue\":\"200\"},\"publishingPrinciples\":\"https:\/\/info.valquer.com\/home\/\"}]}<\/script>\n<!-- \/ Yoast SEO Premium plugin. -->","yoast_head_json":{"title":"I am a professional |Valquer\u00ae Laboratorios","description":"I am a professional looking for high-quality hair solutions, innovation, and effective results to offer the best service in my salon.","robots":{"index":"index","follow":"follow","max-snippet":"max-snippet:-1","max-image-preview":"max-image-preview:large","max-video-preview":"max-video-preview:-1"},"canonical":"https:\/\/info.valquer.com\/en\/professional\/","og_locale":"en_US","og_type":"article","og_title":"I am a professional","og_description":"I am a professional looking for high-quality hair solutions, innovation, and effective results to offer the best service in my salon.","og_url":"https:\/\/info.valquer.com\/en\/professional\/","og_site_name":"Valquer\u00ae Laboratorios","article_publisher":"https:\/\/www.facebook.com\/valquerlaboratorios\/","article_modified_time":"2026-03-25T11:15:54+00:00","og_image":[{"width":1200,"height":675,"url":"https:\/\/info.valquer.com\/wp-content\/uploads\/2026\/01\/Logo-Valquer.jpg","type":"image\/jpeg"}],"twitter_card":"summary_large_image","twitter_misc":{"Est. reading time":"9 minutes"},"schema":{"@context":"https:\/\/schema.org","@graph":[{"@type":"WebPage","@id":"https:\/\/info.valquer.com\/en\/professional\/","url":"https:\/\/info.valquer.com\/en\/professional\/","name":"I am a professional |Valquer\u00ae Laboratorios","isPartOf":{"@id":"https:\/\/info.valquer.com\/en\/#website"},"datePublished":"2025-12-28T18:04:05+00:00","dateModified":"2026-03-25T11:15:54+00:00","description":"I am a professional looking for high-quality hair solutions, innovation, and effective results to offer the best service in my salon.","breadcrumb":{"@id":"https:\/\/info.valquer.com\/en\/professional\/#breadcrumb"},"inLanguage":"en-US","potentialAction":[{"@type":"ReadAction","target":["https:\/\/info.valquer.com\/en\/professional\/"]}]},{"@type":"BreadcrumbList","@id":"https:\/\/info.valquer.com\/en\/professional\/#breadcrumb","itemListElement":[{"@type":"ListItem","position":1,"name":"Portada","item":"https:\/\/info.valquer.com\/en\/"},{"@type":"ListItem","position":2,"name":"I am a professional"}]},{"@type":"WebSite","@id":"https:\/\/info.valquer.com\/en\/#website","url":"https:\/\/info.valquer.com\/en\/","name":"Valquer\u00ae Laboratorios","description":"Dermocosm\u00e9tica Natural y Sostenible","publisher":{"@id":"https:\/\/info.valquer.com\/en\/#organization"},"alternateName":"Valquer Labs","potentialAction":[{"@type":"SearchAction","target":{"@type":"EntryPoint","urlTemplate":"https:\/\/info.valquer.com\/en\/?s={search_term_string}"},"query-input":{"@type":"PropertyValueSpecification","valueRequired":true,"valueName":"search_term_string"}}],"inLanguage":"en-US"},{"@type":"Organization","@id":"https:\/\/info.valquer.com\/en\/#organization","name":"Valquer\u00ae Laboratorios","alternateName":"Valquer Labs","url":"https:\/\/info.valquer.com\/en\/","logo":{"@type":"ImageObject","inLanguage":"en-US","@id":"https:\/\/info.valquer.com\/en\/#\/schema\/logo\/image\/","url":"https:\/\/info.valquer.com\/wp-content\/uploads\/2026\/01\/Logo-Valquer.jpg","contentUrl":"https:\/\/info.valquer.com\/wp-content\/uploads\/2026\/01\/Logo-Valquer.jpg","width":1200,"height":675,"caption":"Valquer\u00ae Laboratorios"},"image":{"@id":"https:\/\/info.valquer.com\/en\/#\/schema\/logo\/image\/"},"sameAs":["https:\/\/www.facebook.com\/valquerlaboratorios\/","https:\/\/www.instagram.com\/valquer_laboratorios\/","https:\/\/www.tiktok.com\/@valquer_laboratorios","https:\/\/www.youtube.com\/user\/laboratoriosvalquer","https:\/\/www.linkedin.com\/company\/laboratorios-valquer\/?originalSubdomain=es"],"description":"Cosm\u00e9ticos biotecnol\u00f3gicos, naturales y sostenibles. Laboratorio y fabricante de cosm\u00e9ticos desde 1975. Con presencia en m\u00e1s de 65 pa\u00edses y sedes en Espa\u00f1a, Reino Unido y M\u00e9xico. Valquer Laboratorios, investiga, desarrolla y fabrica productos cosm\u00e9ticos biotecnol\u00f3gicos, veganos, naturales, sostenibles y testados dermatol\u00f3gicamente, para terceros.","email":"info@valquer.com","telephone":"+34 925 91 00 99","legalName":"VALQUER LABORATORIOS S.L.U.","foundingDate":"1975-07-10","vatID":"B78094489","taxID":"B78094489","numberOfEmployees":{"@type":"QuantitativeValue","minValue":"51","maxValue":"200"},"publishingPrinciples":"https:\/\/info.valquer.com\/home\/"}]}},"_links":{"self":[{"href":"https:\/\/info.valquer.com\/en\/wp-json\/wp\/v2\/pages\/6664","targetHints":{"allow":["GET"]}}],"collection":[{"href":"https:\/\/info.valquer.com\/en\/wp-json\/wp\/v2\/pages"}],"about":[{"href":"https:\/\/info.valquer.com\/en\/wp-json\/wp\/v2\/types\/page"}],"author":[{"embeddable":true,"href":"https:\/\/info.valquer.com\/en\/wp-json\/wp\/v2\/users\/1"}],"replies":[{"embeddable":true,"href":"https:\/\/info.valquer.com\/en\/wp-json\/wp\/v2\/comments?post=6664"}],"version-history":[{"count":8,"href":"https:\/\/info.valquer.com\/en\/wp-json\/wp\/v2\/pages\/6664\/revisions"}],"predecessor-version":[{"id":9787,"href":"https:\/\/info.valquer.com\/en\/wp-json\/wp\/v2\/pages\/6664\/revisions\/9787"}],"wp:attachment":[{"href":"https:\/\/info.valquer.com\/en\/wp-json\/wp\/v2\/media?parent=6664"}],"wp:term":[{"taxonomy":"dipi_cpt_category","embeddable":true,"href":"https:\/\/info.valquer.com\/en\/wp-json\/wp\/v2\/dipi_cpt_category?post=6664"}],"curies":[{"name":"wp","href":"https:\/\/api.w.org\/{rel}","templated":true}]}}