{"id":4272,"date":"2026-01-06T19:57:03","date_gmt":"2026-01-06T19:57:03","guid":{"rendered":"https:\/\/sie7e24.es\/valquer\/catalogue\/skin-care\/esthetic\/"},"modified":"2026-04-13T08:26:53","modified_gmt":"2026-04-13T08:26:53","slug":"esthetic","status":"publish","type":"page","link":"https:\/\/info.valquer.com\/en\/professional\/catalogue\/skin-care\/esthetic\/","title":{"rendered":"Aesthetic"},"content":{"rendered":"<p>[et_pb_section fb_built=&#8221;1&#8243; module_class=&#8221;HeaderAzulValquer&#8221; _builder_version=&#8221;4.27.5&#8243; _module_preset=&#8221;default&#8221; background_color=&#8221;#051B34&#8243; background_image=&#8221;https:\/\/info.valquer.com\/wp-content\/uploads\/2026\/01\/Banner_estetica.webp&#8221; custom_padding=&#8221;0px||0px||true|false&#8221; global_colors_info=&#8221;{}&#8221;][et_pb_row custom_padding_last_edited=&#8221;on|phone&#8221; _builder_version=&#8221;4.27.5&#8243; _module_preset=&#8221;default&#8221; background_enable_image=&#8221;off&#8221; width=&#8221;100%&#8221; max_width=&#8221;90%&#8221; custom_padding=&#8221;196px||196px||true|false&#8221; custom_padding_tablet=&#8221;196px||196px||true|false&#8221; custom_padding_phone=&#8221;80px||80px||true|false&#8221; global_colors_info=&#8221;{}&#8221;][et_pb_column type=&#8221;4_4&#8243; _builder_version=&#8221;4.27.5&#8243; _module_preset=&#8221;default&#8221; global_colors_info=&#8221;{}&#8221;][et_pb_heading title=&#8221;Aesthetics&#8221; _builder_version=&#8221;4.27.5&#8243; _module_preset=&#8221;default&#8221; title_font=&#8221;Mabry Pro|300|||||||&#8221; global_colors_info=&#8221;{}&#8221;][\/et_pb_heading][\/et_pb_column][\/et_pb_row][\/et_pb_section][et_pb_section fb_built=&#8221;1&#8243; _builder_version=&#8221;4.27.5&#8243; _module_preset=&#8221;default&#8221; background_color=&#8221;#fffbf6&#8243; custom_padding=&#8221;0px||40px||false|false&#8221; global_colors_info=&#8221;{}&#8221;][et_pb_row column_structure=&#8221;1_2,1_2&#8243; use_custom_gutter=&#8221;on&#8221; gutter_width=&#8221;4&#8243; _builder_version=&#8221;4.27.5&#8243; _module_preset=&#8221;default&#8221; custom_padding=&#8221;0px||0px||true|false&#8221; global_colors_info=&#8221;{}&#8221;][et_pb_column type=&#8221;1_2&#8243; _builder_version=&#8221;4.27.5&#8243; _module_preset=&#8221;default&#8221; custom_padding=&#8221;80px||||false|false&#8221; global_colors_info=&#8221;{}&#8221;][et_pb_text _builder_version=&#8221;4.27.5&#8243; _module_preset=&#8221;default&#8221; custom_margin=&#8221;||7px|||&#8221; global_colors_info=&#8221;{}&#8221;]<\/p>\n<h2>Professional aesthetics<\/h2>\n<p>[\/et_pb_text][et_pb_text _builder_version=&#8221;4.27.5&#8243; _module_preset=&#8221;default&#8221; text_font=&#8221;Mabry Pro||||||||&#8221; text_text_color=&#8221;#051B34&#8243; text_font_size=&#8221;20px&#8221; text_line_height=&#8221;1.2em&#8221; global_colors_info=&#8221;{}&#8221;]<\/p>\n<p>\u00a0<strong>Professional cosmetics for the aesthetic sector. <\/strong><\/p>\n<p><\/p>\n<p>Drawing on our tradition and extensive experience, we have developed a line of professional cosmetics that upholds the highest quality standards and meets the rigorous demands of the international market.<\/p>\n<p>[\/et_pb_text][\/et_pb_column][et_pb_column type=&#8221;1_2&#8243; _builder_version=&#8221;4.27.5&#8243; _module_preset=&#8221;default&#8221; global_colors_info=&#8221;{}&#8221;][et_pb_image src=&#8221;https:\/\/info.valquer.com\/wp-content\/uploads\/2026\/03\/12037_AT-1-scaled-e1773753064660.jpg&#8221; alt=&#8221;aesthetics products&#8221; title_text=&#8221;aesthetics products&#8221; _builder_version=&#8221;4.27.5&#8243; _module_preset=&#8221;default&#8221; global_colors_info=&#8221;{}&#8221;][\/et_pb_image][\/et_pb_column][\/et_pb_row][\/et_pb_section][et_pb_section fb_built=&#8221;1&#8243; _builder_version=&#8221;4.27.5&#8243; _module_preset=&#8221;default&#8221; custom_padding=&#8221;30px||||false|false&#8221; global_colors_info=&#8221;{}&#8221;][et_pb_row _builder_version=&#8221;4.27.5&#8243; _module_preset=&#8221;default&#8221; width=&#8221;90%&#8221; max_width=&#8221;90%&#8221; global_colors_info=&#8221;{}&#8221;][et_pb_column type=&#8221;4_4&#8243; _builder_version=&#8221;4.27.5&#8243; _module_preset=&#8221;default&#8221; global_colors_info=&#8221;{}&#8221;][et_pb_text _builder_version=&#8221;4.27.5&#8243; _module_preset=&#8221;default&#8221; header_3_font=&#8221;Mabry Pro|300|||||||&#8221; header_3_text_align=&#8221;center&#8221; header_3_font_size=&#8221;32px&#8221; global_colors_info=&#8221;{}&#8221;]<\/p>\n<h3>Professional aesthetics products<\/h3>\n<p>[\/et_pb_text][\/et_pb_column][\/et_pb_row][et_pb_row column_structure=&#8221;1_2,1_2&#8243; use_custom_gutter=&#8221;on&#8221; gutter_width=&#8221;4&#8243; _builder_version=&#8221;4.27.5&#8243; _module_preset=&#8221;default&#8221; custom_margin=&#8221;||||false|false&#8221; custom_padding=&#8221;||||false|false&#8221; locked=&#8221;off&#8221; global_colors_info=&#8221;{}&#8221;][et_pb_column type=&#8221;1_2&#8243; _builder_version=&#8221;4.27.5&#8243; _module_preset=&#8221;default&#8221; global_colors_info=&#8221;{}&#8221;][et_pb_blurb title=&#8221;High efficiency conductive gel&#8221; image=&#8221;https:\/\/info.valquer.com\/wp-content\/uploads\/2026\/03\/12037.png&#8221; alt=&#8221;conductive gel&#8221; module_class=&#8221;productCard&#8221; _builder_version=&#8221;4.27.5&#8243; _module_preset=&#8221;default&#8221; header_text_align=&#8221;center&#8221; body_text_align=&#8221;center&#8221; module_alignment=&#8221;center&#8221; link_option_url=&#8221;https:\/\/www.valquer.com\/en\/products\/gel-conductor-alta-eficacia-valquer?variant=42957361184938&#8243; link_option_url_new_window=&#8221;on&#8221; locked=&#8221;off&#8221; global_colors_info=&#8221;{}&#8221;]<\/p>\n<p>View in Store<\/p>\n<p>[\/et_pb_blurb][\/et_pb_column][et_pb_column type=&#8221;1_2&#8243; _builder_version=&#8221;4.27.5&#8243; _module_preset=&#8221;default&#8221; global_colors_info=&#8221;{}&#8221;][et_pb_blurb title=&#8221;Post depilation gel with Aloe Vera&#8221; image=&#8221;https:\/\/info.valquer.com\/wp-content\/uploads\/2026\/01\/Producto_estetica_gel-post-depilacion-aloe-vera.webp&#8221; alt=&#8221;Aesthetics product post-depilation aloe vera gel&#8221; module_class=&#8221;productCard&#8221; _builder_version=&#8221;4.27.5&#8243; _module_preset=&#8221;default&#8221; header_text_align=&#8221;center&#8221; body_text_align=&#8221;center&#8221; module_alignment=&#8221;center&#8221; link_option_url=&#8221;https:\/\/www.valquer.com\/en\/products\/gel-postdepilacion-con-aloe-vera?variant=53616757965148&#8243; link_option_url_new_window=&#8221;on&#8221; locked=&#8221;off&#8221; global_colors_info=&#8221;{}&#8221;]<\/p>\n<p>View in Store<\/p>\n<p>[\/et_pb_blurb][\/et_pb_column][\/et_pb_row][et_pb_row column_structure=&#8221;1_3,1_3,1_3&#8243; use_custom_gutter=&#8221;on&#8221; gutter_width=&#8221;4&#8243; _builder_version=&#8221;4.27.5&#8243; _module_preset=&#8221;default&#8221; custom_margin=&#8221;||||false|false&#8221; custom_padding=&#8221;||||false|false&#8221; locked=&#8221;off&#8221; global_colors_info=&#8221;{}&#8221;][et_pb_column type=&#8221;1_3&#8243; _builder_version=&#8221;4.27.5&#8243; _module_preset=&#8221;default&#8221; global_colors_info=&#8221;{}&#8221;][et_pb_blurb title=&#8221;Neutral vaseline&#8221; image=&#8221;https:\/\/info.valquer.com\/wp-content\/uploads\/2026\/01\/Producto_estetica_vaselina_neutra.webp&#8221; alt=&#8221;Aesthetics product neutral vaseline&#8221; module_class=&#8221;productCard&#8221; _builder_version=&#8221;4.27.5&#8243; _module_preset=&#8221;default&#8221; header_text_align=&#8221;center&#8221; body_text_align=&#8221;center&#8221; module_alignment=&#8221;center&#8221; link_option_url=&#8221;https:\/\/www.valquer.com\/en\/products\/vaselina-neutra-200-ml-bullon?variant=53615649587548&#8243; link_option_url_new_window=&#8221;on&#8221; locked=&#8221;off&#8221; global_colors_info=&#8221;{}&#8221;]<\/p>\n<p>View in Store<\/p>\n<p>[\/et_pb_blurb][\/et_pb_column][et_pb_column type=&#8221;1_3&#8243; _builder_version=&#8221;4.27.5&#8243; _module_preset=&#8221;default&#8221; global_colors_info=&#8221;{}&#8221;][et_pb_blurb title=&#8221;Body oil for massage&#8221; image=&#8221;https:\/\/info.valquer.com\/wp-content\/uploads\/2026\/01\/Producto_estetica_aceite_corporal_masajes.webp&#8221; alt=&#8221;Aesthetics product body massage oil&#8221; module_class=&#8221;productCard&#8221; _builder_version=&#8221;4.27.5&#8243; _module_preset=&#8221;default&#8221; header_text_align=&#8221;center&#8221; body_text_align=&#8221;center&#8221; module_alignment=&#8221;center&#8221; link_option_url=&#8221;https:\/\/www.valquer.com\/en\/products\/aceite-corporal-especial-para-masaje-1000-ml-bullon?variant=53615343731036&#8243; link_option_url_new_window=&#8221;on&#8221; locked=&#8221;off&#8221; global_colors_info=&#8221;{}&#8221;]<\/p>\n<p>View in Store<\/p>\n<p>[\/et_pb_blurb][\/et_pb_column][et_pb_column type=&#8221;1_3&#8243; _builder_version=&#8221;4.27.5&#8243; _module_preset=&#8221;default&#8221; global_colors_info=&#8221;{}&#8221;][et_pb_blurb title=&#8221;Body massage cream&#8221; image=&#8221;https:\/\/info.valquer.com\/wp-content\/uploads\/2026\/02\/11537.png&#8221; alt=&#8221;body massage cream&#8221; module_class=&#8221;productCard&#8221; _builder_version=&#8221;4.27.5&#8243; _module_preset=&#8221;default&#8221; header_text_align=&#8221;center&#8221; body_text_align=&#8221;center&#8221; module_alignment=&#8221;center&#8221; link_option_url=&#8221;https:\/\/www.valquer.com\/en\/products\/crema-masaje-corporal-1000-ml-bullon?variant=53616361439580&#8243; link_option_url_new_window=&#8221;on&#8221; locked=&#8221;off&#8221; global_colors_info=&#8221;{}&#8221;]<\/p>\n<p>View in Store<\/p>\n<p>[\/et_pb_blurb][\/et_pb_column][\/et_pb_row][et_pb_row _builder_version=&#8221;4.27.5&#8243; _module_preset=&#8221;default&#8221; locked=&#8221;off&#8221; global_colors_info=&#8221;{}&#8221;][et_pb_column type=&#8221;4_4&#8243; _builder_version=&#8221;4.27.5&#8243; _module_preset=&#8221;default&#8221; global_colors_info=&#8221;{}&#8221;][et_pb_divider color=&#8221;#051B34&#8243; divider_position=&#8221;center&#8221; divider_weight=&#8221;1px&#8221; _builder_version=&#8221;4.27.5&#8243; _module_preset=&#8221;default&#8221; width=&#8221;70%&#8221; max_width=&#8221;70%&#8221; module_alignment=&#8221;center&#8221; global_colors_info=&#8221;{}&#8221;][\/et_pb_divider][et_pb_button button_url=&#8221;https:\/\/www.valquer.com\/en\/collections\/estetica-profesional&#8221; url_new_window=&#8221;on&#8221; button_text=&#8221;Professional Aesthetic Category in Store&#8221; button_alignment=&#8221;center&#8221; _builder_version=&#8221;4.27.5&#8243; _module_preset=&#8221;default&#8221; global_colors_info=&#8221;{}&#8221;][\/et_pb_button][\/et_pb_column][\/et_pb_row][\/et_pb_section][et_pb_section fb_built=&#8221;1&#8243; _builder_version=&#8221;4.27.5&#8243; _module_preset=&#8221;default&#8221; background_color=&#8221;#FFFBF5&#8243; global_colors_info=&#8221;{}&#8221;][et_pb_row column_structure=&#8221;2_5,3_5&#8243; use_custom_gutter=&#8221;on&#8221; gutter_width=&#8221;2&#8243; _builder_version=&#8221;4.27.5&#8243; _module_preset=&#8221;a45db282-3f53-4204-b5e4-3acc2dbdc60a&#8221; width=&#8221;95%&#8221; max_width=&#8221;95%&#8221; global_colors_info=&#8221;{}&#8221;][et_pb_column type=&#8221;2_5&#8243; _builder_version=&#8221;4.27.5&#8243; _module_preset=&#8221;default&#8221; global_colors_info=&#8221;{}&#8221;][et_pb_text _builder_version=&#8221;4.27.5&#8243; _module_preset=&#8221;default&#8221; custom_margin=&#8221;||7px|||&#8221; locked=&#8221;off&#8221; global_colors_info=&#8221;{}&#8221;]<\/p>\n<h2>Conductive gel<\/h2>\n<p>[\/et_pb_text][et_pb_text _builder_version=&#8221;4.27.5&#8243; _module_preset=&#8221;default&#8221; text_font=&#8221;Mabry Pro||||||||&#8221; text_text_color=&#8221;#051B34&#8243; text_font_size=&#8221;20px&#8221; text_line_height=&#8221;1.2em&#8221; custom_margin=&#8221;|||30px|false|false&#8221; locked=&#8221;off&#8221; global_colors_info=&#8221;{}&#8221;]<\/p>\n<p>The conductive gel is a liquid with high viscosity and conductivity.<\/p>\n<p><\/p>\n<p>Indicated for the application of esthetic treatments in beauty salons or clinics that use techniques such as ultrasound, electrotherapy, photo epilation and passive gymnastics.<\/p>\n<p><\/p>\n<p><strong>HOW TO USE: <\/strong><\/p>\n<p><\/p>\n<ol>\n<li>Apply the necessary amount to the skin area to be treated, forming an even layer.<\/li>\n<li>Carry out the treatment.<\/li>\n<li>At the end of the treatment, remove using a towel<\/li>\n<\/ol>\n<p>[\/et_pb_text][\/et_pb_column][et_pb_column type=&#8221;3_5&#8243; _builder_version=&#8221;4.27.5&#8243; _module_preset=&#8221;default&#8221; global_colors_info=&#8221;{}&#8221;][et_pb_accordion open_toggle_background_color=&#8221;#FFFBF5&#8243; closed_toggle_background_color=&#8221;#FFFBF5&#8243; toggle_icon=&#8221;&#x33;||divi||400&#8243; icon_color=&#8221;#051B34&#8243; use_icon_font_size=&#8221;on&#8221; icon_font_size=&#8221;30px&#8221; _builder_version=&#8221;4.27.5&#8243; _module_preset=&#8221;default&#8221; background_color=&#8221;RGBA(255,255,255,0)&#8221; hover_enabled=&#8221;0&#8243; global_colors_info=&#8221;{}&#8221; sticky_enabled=&#8221;0&#8243;][et_pb_accordion_item open=&#8221;on&#8221; open_toggle_text_color=&#8221;#051B34&#8243; _builder_version=&#8221;4.27.5&#8243; _module_preset=&#8221;default&#8221; custom_margin=&#8221;0px||0px||true|false&#8221; custom_padding=&#8221;||||true|false&#8221; hover_enabled=&#8221;0&#8243; global_colors_info=&#8221;{}&#8221; toggle_font=&#8221;|600|||||||&#8221; sticky_enabled=&#8221;0&#8243;]<\/p>\n<p><iframe loading=\"lazy\" title=\"Gel Conductor Facial y Corporal Valquer | Alta eficacia para aparatolog\u00eda est\u00e9tica\" width=\"1080\" height=\"608\" src=\"https:\/\/www.youtube.com\/embed\/dFVibF_4LAk?feature=oembed\"  allow=\"accelerometer; autoplay; clipboard-write; encrypted-media; gyroscope; picture-in-picture; web-share\" referrerpolicy=\"strict-origin-when-cross-origin\" allowfullscreen><\/iframe><\/p>\n<p>[\/et_pb_accordion_item][\/et_pb_accordion][\/et_pb_column][\/et_pb_row][\/et_pb_section][et_pb_section fb_built=&#8221;1&#8243; _builder_version=&#8221;4.27.5&#8243; _module_preset=&#8221;default&#8221; background_color=&#8221;#051B34&#8243; global_colors_info=&#8221;{}&#8221;][et_pb_row column_structure=&#8221;1_2,1_2&#8243; _builder_version=&#8221;4.27.5&#8243; _module_preset=&#8221;a45db282-3f53-4204-b5e4-3acc2dbdc60a&#8221; global_colors_info=&#8221;{}&#8221;][et_pb_column type=&#8221;1_2&#8243; _builder_version=&#8221;4.27.5&#8243; _module_preset=&#8221;default&#8221; global_colors_info=&#8221;{}&#8221;][et_pb_text _builder_version=&#8221;4.27.5&#8243; _module_preset=&#8221;default&#8221; header_3_font=&#8221;Mabry Pro|300|||||||&#8221; header_3_text_align=&#8221;center&#8221; header_3_font_size=&#8221;32px&#8221; header_4_text_color=&#8221;#ffffff&#8221; custom_margin=&#8221;||14px|||&#8221; locked=&#8221;off&#8221; global_colors_info=&#8221;{}&#8221;]<\/p>\n<h4>Material to download:<\/h4>\n<p>[\/et_pb_text][et_pb_button button_url=&#8221;https:\/\/drive.google.com\/drive\/folders\/1WeeswVEbA3PDlwBEqGRh4_IjUkYwkTGU&#8221; url_new_window=&#8221;on&#8221; button_text=&#8221;Download Images&#8221; button_alignment=&#8221;center&#8221; _builder_version=&#8221;4.27.5&#8243; _module_preset=&#8221;default&#8221; custom_button=&#8221;on&#8221; button_text_size=&#8221;17px&#8221; button_border_width=&#8221;2px&#8221; button_border_color=&#8221;#ffffff&#8221; button_use_icon=&#8221;off&#8221; background_layout=&#8221;dark&#8221; custom_margin=&#8221;10px||10px||true|false&#8221; custom_padding=&#8221;10px||10px||true|false&#8221; custom_css_main_element=&#8221;width:100%;&#8221; global_colors_info=&#8221;{}&#8221; button_border_width__hover_enabled=&#8221;on|desktop&#8221; button_border_width__hover=&#8221;2px&#8221; button_bg_color__hover_enabled=&#8221;on|desktop&#8221; button_bg_color__hover=&#8221;#ffffff&#8221; button_bg_enable_color__hover=&#8221;on&#8221; button_text_color__hover_enabled=&#8221;on|hover&#8221; button_text_color__hover=&#8221;#051B34&#8243;][\/et_pb_button][\/et_pb_column][et_pb_column type=&#8221;1_2&#8243; _builder_version=&#8221;4.27.5&#8243; _module_preset=&#8221;default&#8221; global_colors_info=&#8221;{}&#8221;][et_pb_text _builder_version=&#8221;4.27.5&#8243; _module_preset=&#8221;default&#8221; header_3_font=&#8221;Mabry Pro|300|||||||&#8221; header_3_text_align=&#8221;center&#8221; header_3_font_size=&#8221;32px&#8221; header_4_text_color=&#8221;#ffffff&#8221; custom_margin=&#8221;||14px|||&#8221; locked=&#8221;off&#8221; global_colors_info=&#8221;{}&#8221;]<\/p>\n<h4>More information on our blog:<\/h4>\n<p>[\/et_pb_text][et_pb_button button_url=&#8221;https:\/\/blog.valquer.com\/fr-cosmeticos-profesionales-para-el-sector-de-estetica&#8221; url_new_window=&#8221;on&#8221; button_text=&#8221;Professional cosmetics for the beauty industry&#8221; button_alignment=&#8221;center&#8221; _builder_version=&#8221;4.27.5&#8243; _module_preset=&#8221;default&#8221; custom_button=&#8221;on&#8221; button_text_size=&#8221;17px&#8221; button_border_width=&#8221;2px&#8221; button_border_color=&#8221;#ffffff&#8221; button_use_icon=&#8221;off&#8221; background_layout=&#8221;dark&#8221; custom_margin=&#8221;10px||10px||true|false&#8221; custom_padding=&#8221;10px||10px||true|false&#8221; custom_css_main_element=&#8221;width:100%;&#8221; global_colors_info=&#8221;{}&#8221; button_border_width__hover_enabled=&#8221;on|desktop&#8221; button_border_width__hover=&#8221;2px&#8221; button_bg_color__hover_enabled=&#8221;on|desktop&#8221; button_bg_color__hover=&#8221;#ffffff&#8221; button_bg_enable_color__hover=&#8221;on&#8221; button_text_color__hover_enabled=&#8221;on|hover&#8221; button_text_color__hover=&#8221;#051B34&#8243;][\/et_pb_button][et_pb_button button_url=&#8221;https:\/\/blog.valquer.com\/estetica-profesional&#8221; url_new_window=&#8221;on&#8221; button_text=&#8221;D&apos;Bull\u00f3n\u00ae &#8211; Professional Cosmetics Range&#8221; button_alignment=&#8221;center&#8221; _builder_version=&#8221;4.27.5&#8243; _module_preset=&#8221;default&#8221; custom_button=&#8221;on&#8221; button_text_size=&#8221;17px&#8221; button_border_width=&#8221;2px&#8221; button_border_color=&#8221;#ffffff&#8221; button_use_icon=&#8221;off&#8221; background_layout=&#8221;dark&#8221; custom_margin=&#8221;10px||10px||true|false&#8221; custom_padding=&#8221;10px||10px||true|false&#8221; custom_css_main_element=&#8221;width:100%;&#8221; global_colors_info=&#8221;{}&#8221; button_border_width__hover_enabled=&#8221;on|desktop&#8221; button_border_width__hover=&#8221;2px&#8221; button_bg_color__hover_enabled=&#8221;on|desktop&#8221; button_bg_color__hover=&#8221;#ffffff&#8221; button_bg_enable_color__hover=&#8221;on&#8221; button_text_color__hover_enabled=&#8221;on|hover&#8221; button_text_color__hover=&#8221;#051B34&#8243;][\/et_pb_button][\/et_pb_column][\/et_pb_row][\/et_pb_section][et_pb_section fb_built=&#8221;1&#8243; _builder_version=&#8221;4.27.5&#8243; _module_preset=&#8221;default&#8221; global_colors_info=&#8221;{}&#8221;][et_pb_row _builder_version=&#8221;4.27.5&#8243; _module_preset=&#8221;a45db282-3f53-4204-b5e4-3acc2dbdc60a&#8221; global_colors_info=&#8221;{}&#8221;][et_pb_column type=&#8221;4_4&#8243; _builder_version=&#8221;4.27.5&#8243; _module_preset=&#8221;default&#8221; global_colors_info=&#8221;{}&#8221;][et_pb_text _builder_version=&#8221;4.27.5&#8243; _module_preset=&#8221;default&#8221; header_3_font=&#8221;Mabry Pro|300|||||||&#8221; header_3_text_align=&#8221;center&#8221; header_3_font_size=&#8221;32px&#8221; locked=&#8221;off&#8221; global_colors_info=&#8221;{}&#8221;]<\/p>\n<h3>FAQS<\/h3>\n<p>[\/et_pb_text][et_pb_accordion open_toggle_background_color=&#8221;#ffffff&#8221; closed_toggle_background_color=&#8221;#ffffff&#8221; toggle_icon=&#8221;&#x33;||divi||400&#8243; icon_color=&#8221;#051B34&#8243; use_icon_font_size=&#8221;on&#8221; icon_font_size=&#8221;30px&#8221; _builder_version=&#8221;4.27.5&#8243; _module_preset=&#8221;default&#8221; global_colors_info=&#8221;{}&#8221;][et_pb_accordion_item title=&#8221;What devices can the conductive gel be used on?&#8221; open=&#8221;on&#8221; _builder_version=&#8221;4.27.5&#8243; _module_preset=&#8221;default&#8221; custom_margin=&#8221;0px||0px||true|false&#8221; custom_padding=&#8221;||||true|false&#8221; global_colors_info=&#8221;{}&#8221; toggle_text_color=&#8221;#051B34&#8243; toggle_font=&#8221;|600|||||||&#8221; toggle_font_size=&#8221;20px&#8221;]<\/p>\n<p>Ideal for ultrasound techniques, electrotherapy, photoepilation and passive gymnastics.<\/p>\n<p>[\/et_pb_accordion_item][et_pb_accordion_item title=&#8221;Can the conductive gel be used in the facial area?&#8221; _builder_version=&#8221;4.27.5&#8243; _module_preset=&#8221;default&#8221; custom_margin=&#8221;0px||0px||true|false&#8221; custom_padding=&#8221;||||true|false&#8221; global_colors_info=&#8221;{}&#8221; toggle_text_color=&#8221;#051B34&#8243; toggle_font=&#8221;|600|||||||&#8221; toggle_font_size=&#8221;20px&#8221; open=&#8221;off&#8221;]<\/p>\n<p>Yes, but with special care.<\/p>\n<p>[\/et_pb_accordion_item][\/et_pb_accordion][\/et_pb_column][\/et_pb_row][\/et_pb_section][et_pb_section fb_built=&#8221;1&#8243; _builder_version=&#8221;4.27.5&#8243; _module_preset=&#8221;default&#8221; background_color=&#8221;#051B34&#8243; locked=&#8221;off&#8221; global_colors_info=&#8221;{}&#8221;][et_pb_row column_structure=&#8221;1_2,1_2&#8243; _builder_version=&#8221;4.27.5&#8243; _module_preset=&#8221;a45db282-3f53-4204-b5e4-3acc2dbdc60a&#8221; global_colors_info=&#8221;{}&#8221;][et_pb_column type=&#8221;1_2&#8243; _builder_version=&#8221;4.27.5&#8243; _module_preset=&#8221;default&#8221; global_colors_info=&#8221;{}&#8221;][et_pb_text _builder_version=&#8221;4.27.5&#8243; _module_preset=&#8221;default&#8221; header_2_text_color=&#8221;#ffffff&#8221; header_2_line_height=&#8221;1.2em&#8221; custom_margin=&#8221;||7px|||&#8221; locked=&#8221;off&#8221; global_colors_info=&#8221;{}&#8221;]<\/p>\n<h2>Enjoy the benefits of being a professional<\/h2>\n<p>[\/et_pb_text][\/et_pb_column][et_pb_column type=&#8221;1_2&#8243; _builder_version=&#8221;4.27.5&#8243; _module_preset=&#8221;default&#8221; global_colors_info=&#8221;{}&#8221;][et_pb_text _builder_version=&#8221;4.27.5&#8243; _module_preset=&#8221;default&#8221; header_3_font=&#8221;Mabry Pro|300|||||||&#8221; header_3_text_align=&#8221;center&#8221; header_3_font_size=&#8221;32px&#8221; header_4_text_color=&#8221;#ffffff&#8221; background_layout=&#8221;dark&#8221; custom_margin=&#8221;||14px|||&#8221; locked=&#8221;off&#8221; global_colors_info=&#8221;{}&#8221;]<\/p>\n<p>Register in our online store or request to be registered as a professional through our contact form to access exclusive discounts..<\/p>\n<p>[\/et_pb_text][et_pb_button button_url=&#8221;https:\/\/sie7e24.es\/valquer\/en\/contact\/&#8221; button_text=&#8221;ASK FOR INFORMATION&#8221; button_alignment=&#8221;center&#8221; _builder_version=&#8221;4.27.5&#8243; _module_preset=&#8221;default&#8221; custom_button=&#8221;on&#8221; button_text_size=&#8221;17px&#8221; button_border_width=&#8221;2px&#8221; button_border_color=&#8221;#ffffff&#8221; button_use_icon=&#8221;off&#8221; background_layout=&#8221;dark&#8221; custom_margin=&#8221;10px||10px||true|false&#8221; custom_padding=&#8221;10px||10px||true|false&#8221; custom_css_main_element=&#8221;width:100%;&#8221; global_colors_info=&#8221;{}&#8221; button_border_width__hover_enabled=&#8221;on|desktop&#8221; button_border_width__hover=&#8221;2px&#8221; button_bg_color__hover_enabled=&#8221;on|desktop&#8221; button_bg_color__hover=&#8221;#ffffff&#8221; button_bg_enable_color__hover=&#8221;on&#8221; button_text_color__hover_enabled=&#8221;on|hover&#8221; button_text_color__hover=&#8221;#051B34&#8243;][\/et_pb_button][et_pb_button button_url=&#8221;https:\/\/www.valquer.com\/account\/register&#8221; button_text=&#8221;Store Registration&#8221; button_alignment=&#8221;center&#8221; _builder_version=&#8221;4.27.5&#8243; _module_preset=&#8221;default&#8221; custom_button=&#8221;on&#8221; button_text_size=&#8221;17px&#8221; button_border_width=&#8221;2px&#8221; button_border_color=&#8221;#ffffff&#8221; button_use_icon=&#8221;off&#8221; background_layout=&#8221;dark&#8221; custom_margin=&#8221;10px||10px||true|false&#8221; custom_padding=&#8221;10px||10px||true|false&#8221; custom_css_main_element=&#8221;width:100%;&#8221; global_colors_info=&#8221;{}&#8221; button_border_width__hover_enabled=&#8221;on|desktop&#8221; button_border_width__hover=&#8221;2px&#8221; button_bg_color__hover_enabled=&#8221;on|desktop&#8221; button_bg_color__hover=&#8221;#ffffff&#8221; button_bg_enable_color__hover=&#8221;on&#8221; button_text_color__hover_enabled=&#8221;on|hover&#8221; button_text_color__hover=&#8221;#051B34&#8243;][\/et_pb_button][\/et_pb_column][\/et_pb_row][\/et_pb_section]<\/p>\n","protected":false},"excerpt":{"rendered":"<p>Professional aesthetics\u00a0Professional cosmetics for the aesthetic sector. Drawing on our tradition and extensive experience, we have developed a line of professional cosmetics that upholds the highest quality standards and meets the rigorous demands of the international market.Professional aesthetics productsView in StoreView in StoreView in StoreView in StoreView in StoreConductive gelThe conductive gel is a liquid [&hellip;]<\/p>\n","protected":false},"author":2,"featured_media":4271,"parent":3630,"menu_order":0,"comment_status":"closed","ping_status":"closed","template":"","meta":{"_et_pb_use_builder":"on","_et_pb_old_content":"","_et_gb_content_width":"","footnotes":""},"dipi_cpt_category":[],"class_list":["post-4272","page","type-page","status-publish","has-post-thumbnail","hentry"],"yoast_head":"<!-- This site is optimized with the Yoast SEO Premium plugin v26.8 (Yoast SEO v26.8) - https:\/\/yoast.com\/product\/yoast-seo-premium-wordpress\/ -->\n<title>Professional Aesthetic | Valquer\u00ae Laboratorios<\/title>\n<meta name=\"description\" content=\"Discover Valquer\u2019s professional aesthetics range, featuring conductive gel, post-waxing products, and cosmetics for massage and treatments.\" \/>\n<meta name=\"robots\" content=\"index, follow, max-snippet:-1, max-image-preview:large, max-video-preview:-1\" \/>\n<link rel=\"canonical\" href=\"https:\/\/info.valquer.com\/en\/professional\/catalogue\/skin-care\/esthetic\/\" \/>\n<meta property=\"og:locale\" content=\"en_US\" \/>\n<meta property=\"og:type\" content=\"article\" \/>\n<meta property=\"og:title\" content=\"Aesthetic\" \/>\n<meta property=\"og:description\" content=\"Discover Valquer\u2019s professional aesthetics range, featuring conductive gel, post-waxing products, and cosmetics for massage and treatments.\" \/>\n<meta property=\"og:url\" content=\"https:\/\/info.valquer.com\/en\/professional\/catalogue\/skin-care\/esthetic\/\" \/>\n<meta property=\"og:site_name\" content=\"Valquer\u00ae Laboratorios\" \/>\n<meta property=\"article:publisher\" content=\"https:\/\/www.facebook.com\/valquerlaboratorios\/\" \/>\n<meta property=\"article:modified_time\" content=\"2026-04-13T08:26:53+00:00\" \/>\n<meta property=\"og:image\" content=\"https:\/\/info.valquer.com\/wp-content\/uploads\/2026\/01\/Banner_estetica.webp\" \/>\n\t<meta property=\"og:image:width\" content=\"1049\" \/>\n\t<meta property=\"og:image:height\" content=\"700\" \/>\n\t<meta property=\"og:image:type\" content=\"image\/webp\" \/>\n<meta name=\"twitter:card\" content=\"summary_large_image\" \/>\n<meta name=\"twitter:label1\" content=\"Est. reading time\" \/>\n\t<meta name=\"twitter:data1\" content=\"12 minutes\" \/>\n<script type=\"application\/ld+json\" class=\"yoast-schema-graph\">{\"@context\":\"https:\/\/schema.org\",\"@graph\":[{\"@type\":\"WebPage\",\"@id\":\"https:\/\/info.valquer.com\/en\/professional\/catalogue\/skin-care\/esthetic\/\",\"url\":\"https:\/\/info.valquer.com\/en\/professional\/catalogue\/skin-care\/esthetic\/\",\"name\":\"Professional Aesthetic | Valquer\u00ae Laboratorios\",\"isPartOf\":{\"@id\":\"https:\/\/info.valquer.com\/en\/#website\"},\"primaryImageOfPage\":{\"@id\":\"https:\/\/info.valquer.com\/en\/professional\/catalogue\/skin-care\/esthetic\/#primaryimage\"},\"image\":{\"@id\":\"https:\/\/info.valquer.com\/en\/professional\/catalogue\/skin-care\/esthetic\/#primaryimage\"},\"thumbnailUrl\":\"https:\/\/info.valquer.com\/wp-content\/uploads\/2026\/01\/Banner_estetica.webp\",\"datePublished\":\"2026-01-06T19:57:03+00:00\",\"dateModified\":\"2026-04-13T08:26:53+00:00\",\"description\":\"Discover Valquer\u2019s professional aesthetics range, featuring conductive gel, post-waxing products, and cosmetics for massage and treatments.\",\"breadcrumb\":{\"@id\":\"https:\/\/info.valquer.com\/en\/professional\/catalogue\/skin-care\/esthetic\/#breadcrumb\"},\"inLanguage\":\"en-US\",\"potentialAction\":[{\"@type\":\"ReadAction\",\"target\":[\"https:\/\/info.valquer.com\/en\/professional\/catalogue\/skin-care\/esthetic\/\"]}]},{\"@type\":\"ImageObject\",\"inLanguage\":\"en-US\",\"@id\":\"https:\/\/info.valquer.com\/en\/professional\/catalogue\/skin-care\/esthetic\/#primaryimage\",\"url\":\"https:\/\/info.valquer.com\/wp-content\/uploads\/2026\/01\/Banner_estetica.webp\",\"contentUrl\":\"https:\/\/info.valquer.com\/wp-content\/uploads\/2026\/01\/Banner_estetica.webp\",\"width\":1049,\"height\":700,\"caption\":\"aesthetics\"},{\"@type\":\"BreadcrumbList\",\"@id\":\"https:\/\/info.valquer.com\/en\/professional\/catalogue\/skin-care\/esthetic\/#breadcrumb\",\"itemListElement\":[{\"@type\":\"ListItem\",\"position\":1,\"name\":\"Portada\",\"item\":\"https:\/\/info.valquer.com\/en\/\"},{\"@type\":\"ListItem\",\"position\":2,\"name\":\"I am a professional\",\"item\":\"https:\/\/info.valquer.com\/en\/professional\/\"},{\"@type\":\"ListItem\",\"position\":3,\"name\":\"Catalogue\",\"item\":\"https:\/\/info.valquer.com\/en\/professional\/catalogue\/\"},{\"@type\":\"ListItem\",\"position\":4,\"name\":\"Skin Care\",\"item\":\"https:\/\/info.valquer.com\/en\/professional\/catalogue\/skin-care\/\"},{\"@type\":\"ListItem\",\"position\":5,\"name\":\"Aesthetic\"}]},{\"@type\":\"WebSite\",\"@id\":\"https:\/\/info.valquer.com\/en\/#website\",\"url\":\"https:\/\/info.valquer.com\/en\/\",\"name\":\"Valquer\u00ae Laboratorios\",\"description\":\"Dermocosm\u00e9tica Natural y Sostenible\",\"publisher\":{\"@id\":\"https:\/\/info.valquer.com\/en\/#organization\"},\"alternateName\":\"Valquer Labs\",\"potentialAction\":[{\"@type\":\"SearchAction\",\"target\":{\"@type\":\"EntryPoint\",\"urlTemplate\":\"https:\/\/info.valquer.com\/en\/?s={search_term_string}\"},\"query-input\":{\"@type\":\"PropertyValueSpecification\",\"valueRequired\":true,\"valueName\":\"search_term_string\"}}],\"inLanguage\":\"en-US\"},{\"@type\":\"Organization\",\"@id\":\"https:\/\/info.valquer.com\/en\/#organization\",\"name\":\"Valquer\u00ae Laboratorios\",\"alternateName\":\"Valquer Labs\",\"url\":\"https:\/\/info.valquer.com\/en\/\",\"logo\":{\"@type\":\"ImageObject\",\"inLanguage\":\"en-US\",\"@id\":\"https:\/\/info.valquer.com\/en\/#\/schema\/logo\/image\/\",\"url\":\"https:\/\/info.valquer.com\/wp-content\/uploads\/2026\/01\/Logo-Valquer.jpg\",\"contentUrl\":\"https:\/\/info.valquer.com\/wp-content\/uploads\/2026\/01\/Logo-Valquer.jpg\",\"width\":1200,\"height\":675,\"caption\":\"Valquer\u00ae Laboratorios\"},\"image\":{\"@id\":\"https:\/\/info.valquer.com\/en\/#\/schema\/logo\/image\/\"},\"sameAs\":[\"https:\/\/www.facebook.com\/valquerlaboratorios\/\",\"https:\/\/www.instagram.com\/valquer_laboratorios\/\",\"https:\/\/www.tiktok.com\/@valquer_laboratorios\",\"https:\/\/www.youtube.com\/user\/laboratoriosvalquer\",\"https:\/\/www.linkedin.com\/company\/laboratorios-valquer\/?originalSubdomain=es\"],\"description\":\"Cosm\u00e9ticos biotecnol\u00f3gicos, naturales y sostenibles. Laboratorio y fabricante de cosm\u00e9ticos desde 1975. Con presencia en m\u00e1s de 65 pa\u00edses y sedes en Espa\u00f1a, Reino Unido y M\u00e9xico. Valquer Laboratorios, investiga, desarrolla y fabrica productos cosm\u00e9ticos biotecnol\u00f3gicos, veganos, naturales, sostenibles y testados dermatol\u00f3gicamente, para terceros.\",\"email\":\"info@valquer.com\",\"telephone\":\"+34 925 91 00 99\",\"legalName\":\"VALQUER LABORATORIOS S.L.U.\",\"foundingDate\":\"1975-07-10\",\"vatID\":\"B78094489\",\"taxID\":\"B78094489\",\"numberOfEmployees\":{\"@type\":\"QuantitativeValue\",\"minValue\":\"51\",\"maxValue\":\"200\"},\"publishingPrinciples\":\"https:\/\/info.valquer.com\/home\/\"}]}<\/script>\n<!-- \/ Yoast SEO Premium plugin. -->","yoast_head_json":{"title":"Professional Aesthetic | Valquer\u00ae Laboratorios","description":"Discover Valquer\u2019s professional aesthetics range, featuring conductive gel, post-waxing products, and cosmetics for massage and treatments.","robots":{"index":"index","follow":"follow","max-snippet":"max-snippet:-1","max-image-preview":"max-image-preview:large","max-video-preview":"max-video-preview:-1"},"canonical":"https:\/\/info.valquer.com\/en\/professional\/catalogue\/skin-care\/esthetic\/","og_locale":"en_US","og_type":"article","og_title":"Aesthetic","og_description":"Discover Valquer\u2019s professional aesthetics range, featuring conductive gel, post-waxing products, and cosmetics for massage and treatments.","og_url":"https:\/\/info.valquer.com\/en\/professional\/catalogue\/skin-care\/esthetic\/","og_site_name":"Valquer\u00ae Laboratorios","article_publisher":"https:\/\/www.facebook.com\/valquerlaboratorios\/","article_modified_time":"2026-04-13T08:26:53+00:00","og_image":[{"width":1049,"height":700,"url":"https:\/\/info.valquer.com\/wp-content\/uploads\/2026\/01\/Banner_estetica.webp","type":"image\/webp"}],"twitter_card":"summary_large_image","twitter_misc":{"Est. reading time":"12 minutes"},"schema":{"@context":"https:\/\/schema.org","@graph":[{"@type":"WebPage","@id":"https:\/\/info.valquer.com\/en\/professional\/catalogue\/skin-care\/esthetic\/","url":"https:\/\/info.valquer.com\/en\/professional\/catalogue\/skin-care\/esthetic\/","name":"Professional Aesthetic | Valquer\u00ae Laboratorios","isPartOf":{"@id":"https:\/\/info.valquer.com\/en\/#website"},"primaryImageOfPage":{"@id":"https:\/\/info.valquer.com\/en\/professional\/catalogue\/skin-care\/esthetic\/#primaryimage"},"image":{"@id":"https:\/\/info.valquer.com\/en\/professional\/catalogue\/skin-care\/esthetic\/#primaryimage"},"thumbnailUrl":"https:\/\/info.valquer.com\/wp-content\/uploads\/2026\/01\/Banner_estetica.webp","datePublished":"2026-01-06T19:57:03+00:00","dateModified":"2026-04-13T08:26:53+00:00","description":"Discover Valquer\u2019s professional aesthetics range, featuring conductive gel, post-waxing products, and cosmetics for massage and treatments.","breadcrumb":{"@id":"https:\/\/info.valquer.com\/en\/professional\/catalogue\/skin-care\/esthetic\/#breadcrumb"},"inLanguage":"en-US","potentialAction":[{"@type":"ReadAction","target":["https:\/\/info.valquer.com\/en\/professional\/catalogue\/skin-care\/esthetic\/"]}]},{"@type":"ImageObject","inLanguage":"en-US","@id":"https:\/\/info.valquer.com\/en\/professional\/catalogue\/skin-care\/esthetic\/#primaryimage","url":"https:\/\/info.valquer.com\/wp-content\/uploads\/2026\/01\/Banner_estetica.webp","contentUrl":"https:\/\/info.valquer.com\/wp-content\/uploads\/2026\/01\/Banner_estetica.webp","width":1049,"height":700,"caption":"aesthetics"},{"@type":"BreadcrumbList","@id":"https:\/\/info.valquer.com\/en\/professional\/catalogue\/skin-care\/esthetic\/#breadcrumb","itemListElement":[{"@type":"ListItem","position":1,"name":"Portada","item":"https:\/\/info.valquer.com\/en\/"},{"@type":"ListItem","position":2,"name":"I am a professional","item":"https:\/\/info.valquer.com\/en\/professional\/"},{"@type":"ListItem","position":3,"name":"Catalogue","item":"https:\/\/info.valquer.com\/en\/professional\/catalogue\/"},{"@type":"ListItem","position":4,"name":"Skin Care","item":"https:\/\/info.valquer.com\/en\/professional\/catalogue\/skin-care\/"},{"@type":"ListItem","position":5,"name":"Aesthetic"}]},{"@type":"WebSite","@id":"https:\/\/info.valquer.com\/en\/#website","url":"https:\/\/info.valquer.com\/en\/","name":"Valquer\u00ae Laboratorios","description":"Dermocosm\u00e9tica Natural y Sostenible","publisher":{"@id":"https:\/\/info.valquer.com\/en\/#organization"},"alternateName":"Valquer Labs","potentialAction":[{"@type":"SearchAction","target":{"@type":"EntryPoint","urlTemplate":"https:\/\/info.valquer.com\/en\/?s={search_term_string}"},"query-input":{"@type":"PropertyValueSpecification","valueRequired":true,"valueName":"search_term_string"}}],"inLanguage":"en-US"},{"@type":"Organization","@id":"https:\/\/info.valquer.com\/en\/#organization","name":"Valquer\u00ae Laboratorios","alternateName":"Valquer Labs","url":"https:\/\/info.valquer.com\/en\/","logo":{"@type":"ImageObject","inLanguage":"en-US","@id":"https:\/\/info.valquer.com\/en\/#\/schema\/logo\/image\/","url":"https:\/\/info.valquer.com\/wp-content\/uploads\/2026\/01\/Logo-Valquer.jpg","contentUrl":"https:\/\/info.valquer.com\/wp-content\/uploads\/2026\/01\/Logo-Valquer.jpg","width":1200,"height":675,"caption":"Valquer\u00ae Laboratorios"},"image":{"@id":"https:\/\/info.valquer.com\/en\/#\/schema\/logo\/image\/"},"sameAs":["https:\/\/www.facebook.com\/valquerlaboratorios\/","https:\/\/www.instagram.com\/valquer_laboratorios\/","https:\/\/www.tiktok.com\/@valquer_laboratorios","https:\/\/www.youtube.com\/user\/laboratoriosvalquer","https:\/\/www.linkedin.com\/company\/laboratorios-valquer\/?originalSubdomain=es"],"description":"Cosm\u00e9ticos biotecnol\u00f3gicos, naturales y sostenibles. Laboratorio y fabricante de cosm\u00e9ticos desde 1975. Con presencia en m\u00e1s de 65 pa\u00edses y sedes en Espa\u00f1a, Reino Unido y M\u00e9xico. Valquer Laboratorios, investiga, desarrolla y fabrica productos cosm\u00e9ticos biotecnol\u00f3gicos, veganos, naturales, sostenibles y testados dermatol\u00f3gicamente, para terceros.","email":"info@valquer.com","telephone":"+34 925 91 00 99","legalName":"VALQUER LABORATORIOS S.L.U.","foundingDate":"1975-07-10","vatID":"B78094489","taxID":"B78094489","numberOfEmployees":{"@type":"QuantitativeValue","minValue":"51","maxValue":"200"},"publishingPrinciples":"https:\/\/info.valquer.com\/home\/"}]}},"_links":{"self":[{"href":"https:\/\/info.valquer.com\/en\/wp-json\/wp\/v2\/pages\/4272","targetHints":{"allow":["GET"]}}],"collection":[{"href":"https:\/\/info.valquer.com\/en\/wp-json\/wp\/v2\/pages"}],"about":[{"href":"https:\/\/info.valquer.com\/en\/wp-json\/wp\/v2\/types\/page"}],"author":[{"embeddable":true,"href":"https:\/\/info.valquer.com\/en\/wp-json\/wp\/v2\/users\/2"}],"replies":[{"embeddable":true,"href":"https:\/\/info.valquer.com\/en\/wp-json\/wp\/v2\/comments?post=4272"}],"version-history":[{"count":3,"href":"https:\/\/info.valquer.com\/en\/wp-json\/wp\/v2\/pages\/4272\/revisions"}],"predecessor-version":[{"id":10658,"href":"https:\/\/info.valquer.com\/en\/wp-json\/wp\/v2\/pages\/4272\/revisions\/10658"}],"up":[{"embeddable":true,"href":"https:\/\/info.valquer.com\/en\/wp-json\/wp\/v2\/pages\/3630"}],"wp:featuredmedia":[{"embeddable":true,"href":"https:\/\/info.valquer.com\/en\/wp-json\/wp\/v2\/media\/4271"}],"wp:attachment":[{"href":"https:\/\/info.valquer.com\/en\/wp-json\/wp\/v2\/media?parent=4272"}],"wp:term":[{"taxonomy":"dipi_cpt_category","embeddable":true,"href":"https:\/\/info.valquer.com\/en\/wp-json\/wp\/v2\/dipi_cpt_category?post=4272"}],"curies":[{"name":"wp","href":"https:\/\/api.w.org\/{rel}","templated":true}]}}